{"id":1632,"date":"2023-08-30T13:16:50","date_gmt":"2023-08-30T11:16:50","guid":{"rendered":"https:\/\/www.maselcarrer.com\/?page_id=1632"},"modified":"2025-06-05T18:43:27","modified_gmt":"2025-06-05T16:43:27","slug":"termes-et-conditions-du-contrat","status":"publish","type":"page","link":"https:\/\/www.maselcarrer.com\/fr\/accueil\/termes-et-conditions-du-contrat\/","title":{"rendered":"Termes et conditions du contrat"},"content":{"rendered":"<div class=\"wpb-content-wrapper\"><p>[vc_row css_animation=\u00a0\u00bb\u00a0\u00bb row_type=\u00a0\u00bbrow\u00a0\u00bb use_row_as_full_screen_section=\u00a0\u00bbno\u00a0\u00bb type=\u00a0\u00bbfull_width\u00a0\u00bb angled_section=\u00a0\u00bbno\u00a0\u00bb text_align=\u00a0\u00bbleft\u00a0\u00bb background_image_as_pattern=\u00a0\u00bbwithout_pattern\u00a0\u00bb z_index=\u00a0\u00bb\u00a0\u00bb][vc_column][vc_single_image image=\u00a0\u00bb1341&Prime; img_size=\u00a0\u00bbfull\u00a0\u00bb alignment=\u00a0\u00bbcenter\u00a0\u00bb qode_css_animation=\u00a0\u00bb\u00a0\u00bb][\/vc_column][\/vc_row][vc_row css_animation=\u00a0\u00bb\u00a0\u00bb row_type=\u00a0\u00bbrow\u00a0\u00bb use_row_as_full_screen_section=\u00a0\u00bbno\u00a0\u00bb type=\u00a0\u00bbgrid\u00a0\u00bb angled_section=\u00a0\u00bbno\u00a0\u00bb text_align=\u00a0\u00bbleft\u00a0\u00bb background_image_as_pattern=\u00a0\u00bbwithout_pattern\u00a0\u00bb z_index=\u00a0\u00bb\u00a0\u00bb padding_top=\u00a0\u00bb30&Prime;][vc_column][vc_column_text]<\/p>\r\n<p style=\"text-align: right;\"><a href=\"\/fr\">Accueil<\/a> &gt; Termes et conditions du contrat<\/p>\r\n<p>[\/vc_column_text][\/vc_column][\/vc_row][vc_row css_animation=\u00a0\u00bb\u00a0\u00bb row_type=\u00a0\u00bbrow\u00a0\u00bb use_row_as_full_screen_section=\u00a0\u00bbno\u00a0\u00bb type=\u00a0\u00bbgrid\u00a0\u00bb angled_section=\u00a0\u00bbno\u00a0\u00bb text_align=\u00a0\u00bbleft\u00a0\u00bb background_image_as_pattern=\u00a0\u00bbwithout_pattern\u00a0\u00bb z_index=\u00a0\u00bb\u00a0\u00bb padding_top=\u00a0\u00bb50&Prime; padding_bottom=\u00a0\u00bb75&Prime; anchor=\u00a0\u00bbinici\u00a0\u00bb][vc_column][vc_column_text css=\u00a0\u00bb\u00a0\u00bb]<\/p>\r\n\r\n<h1 class=\"wp-block-heading\">Termes et conditions du contrat<\/h1>\r\n<p>[vc_empty_space height=\u00a0\u00bb75px\u00a0\u00bb]<\/p>\r\n<ul>\r\n<li style=\"list-style-type: none;\">\r\n<ul>\r\n<li style=\"list-style-type: none;\">\r\n<ul>\r\n<li><strong>La taxe de s\u00e9jour n&rsquo;est pas incluse et sera effective au moment de l&rsquo;entr\u00e9e.<\/strong><\/li>\r\n<li><strong>Arriv\u00e9e de 16h00 \u00e0 22h00 D\u00e9part jusqu&rsquo;\u00e0 11h00<\/strong><\/li>\r\n<li><strong>Toute annulation effectu\u00e9e jusqu&rsquo;\u00e0 10 jours avant la date d&rsquo;arriv\u00e9e entra\u00eenera des frais de 1 \u20ac major\u00e9s de 4% du montant factur\u00e9 et des \u00e9ventuels frais bancaires pouvant d\u00e9couler de l&rsquo;annulation.<\/strong><\/li>\r\n<li><strong>Toute annulation effectu\u00e9e dans les 10 jours pr\u00e9c\u00e9dant la date d&rsquo;arriv\u00e9e entra\u00eenera la perte du montant vers\u00e9 lors de la r\u00e9servation (30% du montant total du s\u00e9jour).<\/strong><\/li>\r\n<li><strong>Le d\u00e9faut de se pr\u00e9senter \u00e0 l&rsquo;\u00e9tablissement le jour pr\u00e9vu de l&rsquo;arriv\u00e9e entra\u00eenera la perte de 100% du montant du s\u00e9jour.<\/strong><\/li>\r\n<li><strong>Tout dommage caus\u00e9 \u00e0 la maison ou \u00e0 son contenu sera factur\u00e9 sur la m\u00eame carte de cr\u00e9dit avec laquelle le paiement de la r\u00e9servation a \u00e9t\u00e9 effectu\u00e9.<\/strong><\/li>\r\n<\/ul>\r\n<\/li>\r\n<\/ul>\r\n<\/li>\r\n<\/ul>\r\n<p>[vc_empty_space height=\u00a0\u00bb50px\u00a0\u00bb]<\/p>\r\n<h2>Conditions g\u00e9n\u00e9rales de r\u00e9servation<\/h2>\r\n<p>[vc_separator type=\u00a0\u00bbsmall\u00a0\u00bb position=\u00a0\u00bbleft\u00a0\u00bb up=\u00a0\u00bb15&Prime; down=\u00a0\u00bb40&Prime; color=\u00a0\u00bb#000000&Prime; transparency=\u00a0\u00bb1&Prime; thickness=\u00a0\u00bb2&Prime; width=\u00a0\u00bb100&Prime;]<\/p>\r\n<ul>\r\n<li style=\"list-style-type: none;\">\r\n<ul>\r\n<li style=\"list-style-type: none;\">\r\n<ul>\r\n<li>Les pr\u00e9sentes Conditions G\u00e9n\u00e9rales de R\u00e9servation (ci-apr\u00e8s Conditions G\u00e9n\u00e9rales) r\u00e9giront la relation commerciale qui na\u00eet entre EL CARRER TURISME RURAL SL et l&rsquo;utilisateur ou client pour le contrat conclu au moyen des formulaires que EL CARRER TURISME RURAL SL met \u00e0 disposition sur son site Internet www.maselcarrer.com.com.<\/li>\r\n<li>La r\u00e9servation via les sites Web de EL CARRER TURISME RURAL SL impliquera l&rsquo;acceptation expresse, par le client ou l&rsquo;utilisateur des pages, de ces conditions, ainsi que des conditions d&rsquo;utilisation \u00e9tablies par la navigation de l&rsquo;utilisateur \u00e0 travers les pages appartenant \u00e0 EL CARRER TURISME RURAL SL.<\/li>\r\n<li>Ces conditions s&rsquo;appliqueront sans pr\u00e9judice de l&rsquo;application des dispositions l\u00e9gales en la mati\u00e8re applicables \u00e0 chaque cas.<\/li>\r\n<li>Les conditions g\u00e9n\u00e9rales de vente r\u00e9gissent la relation de vente \u00e0 distance entre EL CARRER TURISME RURAL SL et l&rsquo;utilisateur ou client, conform\u00e9ment aux dispositions l\u00e9gales, notamment la loi 7\/1998 du 13 avril sur les conditions g\u00e9n\u00e9rales de vente, la loi 3\/2014 du 27 mars. , qui modifie le texte consolid\u00e9 de la loi g\u00e9n\u00e9rale pour la d\u00e9fense des consommateurs et des utilisateurs, la r\u00e9glementation en vigueur sur la protection des donn\u00e9es personnelles, la loi 7\/1996 du 15 janvier de r\u00e9glementation du commerce de d\u00e9tail et la loi 34\/2002 du 11 juillet Services de la soci\u00e9t\u00e9 de l&rsquo;information et commerce \u00e9lectronique.<\/li>\r\n<li>EL CARRER TURISME RURAL SL se r\u00e9serve le droit d&rsquo;apporter toutes modifications qu&rsquo;elle jugera appropri\u00e9es, sans pr\u00e9avis, aux conditions g\u00e9n\u00e9rales. Ces modifications pourront \u00eatre apport\u00e9es, \u00e0 travers leurs sites Internet, de toute mani\u00e8re admissible par la loi et seront obligatoires pendant la dur\u00e9e de leur publication sur le site Internet et jusqu&rsquo;\u00e0 ce qu&rsquo;elles soient valablement modifi\u00e9es par les suivantes. Cependant, EL CARRER TURISME RURAL SL se r\u00e9serve le droit d&rsquo;appliquer, dans certains cas, des conditions contractuelles particuli\u00e8res de pr\u00e9f\u00e9rence aux pr\u00e9sentes Conditions G\u00e9n\u00e9rales lorsqu&rsquo;elle le jugera appropri\u00e9, en l&rsquo;annon\u00e7ant en temps utile.<\/li>\r\n<\/ul>\r\n<\/li>\r\n<\/ul>\r\n<\/li>\r\n<\/ul>\r\n<p>[vc_empty_space height=\u00a0\u00bb50px\u00a0\u00bb]<\/p>\r\n<h3>Informations pr\u00e9alables \u00e0 la r\u00e9servation:<\/h3>\r\n<p>[vc_separator type=\u00a0\u00bbsmall\u00a0\u00bb position=\u00a0\u00bbleft\u00a0\u00bb up=\u00a0\u00bb15&Prime; down=\u00a0\u00bb40&Prime; color=\u00a0\u00bb#000000&Prime; transparency=\u00a0\u00bb1&Prime; thickness=\u00a0\u00bb2&Prime; width=\u00a0\u00bb25&Prime;]<\/p>\r\n<ul>\r\n<li style=\"list-style-type: none;\">\r\n<ul>\r\n<li style=\"list-style-type: none;\">\r\n<ul>\r\n<li>EL CARRER TURISME RURAL SL vous informe que la proc\u00e9dure de r\u00e9servation \u00e0 travers ses pages Web est d\u00e9taill\u00e9e dans la section correspondante pour formaliser la r\u00e9servation.<\/li>\r\n<li>De m\u00eame, EL CARRER TURISME RURAL SL informe que l&rsquo;utilisateur peut avoir acc\u00e8s aux conditions d&rsquo;utilisation disponibles sur le m\u00eame site Internet.<\/li>\r\n<li>En r\u00e9servant aupr\u00e8s de EL CARRER TURISME RURAL SL via son site Internet, l&rsquo;utilisateur ou le client d\u00e9clare express\u00e9ment conna\u00eetre, comprendre et accepter les pr\u00e9sentes conditions d&rsquo;utilisation et les conditions g\u00e9n\u00e9rales. De m\u00eame, l&rsquo;utilisateur d\u00e9clare qu&rsquo;il est majeur et qu&rsquo;il dispose de la capacit\u00e9 juridique et juridique n\u00e9cessaire pour acc\u00e9der aux sites Internet de EL CARRER TURISME RURAL SL et contracter par leur interm\u00e9diaire. L&rsquo;utilisateur est responsable de traiter de mani\u00e8re confidentielle et responsable l&rsquo;identit\u00e9 et le mot de passe obtenus lors de son inscription en tant que client, et ne peut pas les c\u00e9der \u00e0 un autre.<\/li>\r\n<li>Une fois la r\u00e9servation effectu\u00e9e, l&rsquo;utilisateur verra la confirmation de r\u00e9servation \u00e0 l&rsquo;\u00e9cran et pourra l&rsquo;imprimer comme preuve de la r\u00e9servation effectu\u00e9e.<\/li>\r\n<li>La confirmation de r\u00e9servation et le re\u00e7u de r\u00e9servation (imprim\u00e9 par l&rsquo;utilisateur) ne feront pas office de facture.<\/li>\r\n<\/ul>\r\n<\/li>\r\n<\/ul>\r\n<\/li>\r\n<\/ul>\r\n<p>[vc_empty_space height=\u00a0\u00bb50px\u00a0\u00bb]<\/p>\r\n<h2>Op\u00e9ration de r\u00e9serve<\/h2>\r\n<p>[vc_separator type=\u00a0\u00bbsmall\u00a0\u00bb position=\u00a0\u00bbleft\u00a0\u00bb up=\u00a0\u00bb15&Prime; down=\u00a0\u00bb40&Prime; color=\u00a0\u00bb#000000&Prime; transparency=\u00a0\u00bb1&Prime; thickness=\u00a0\u00bb2&Prime; width=\u00a0\u00bb100&Prime;]<\/p>\r\n<p>[vc_empty_space height=\u00a0\u00bb50px\u00a0\u00bb]<\/p>\r\n<h3>R\u00e9servations ouvertes et r\u00e9f\u00e9rence de prix:<\/h3>\r\n<p>[vc_separator type=\u00a0\u00bbsmall\u00a0\u00bb position=\u00a0\u00bbleft\u00a0\u00bb up=\u00a0\u00bb15&Prime; down=\u00a0\u00bb40&Prime; color=\u00a0\u00bb#000000&Prime; transparency=\u00a0\u00bb1&Prime; thickness=\u00a0\u00bb2&Prime; width=\u00a0\u00bb25&Prime;]<\/p>\r\n<p>Conform\u00e9ment \u00e0 la r\u00e9glementation en vigueur et notamment \u00e0 la loi 34\/2002 sur les services de la soci\u00e9t\u00e9 de l&rsquo;information et du commerce \u00e9lectronique, EL CARRER TURISME RURAL SL propose dans la section correspondante pour formaliser la r\u00e9servation des informations sur toutes les r\u00e9servations possibles, leurs caract\u00e9ristiques et leurs prix. Cependant, EL CARRER TURISME RURAL SL se r\u00e9serve le droit de retirer, remplacer ou modifier les offres propos\u00e9es \u00e0 ses clients via son site Internet, en modifiant simplement leur contenu. De cette mani\u00e8re, les produits et\/ou services propos\u00e9s \u00e0 tout moment par le site Internet de EL CARRER TURISME RURAL SL seront r\u00e9gis par les conditions g\u00e9n\u00e9rales en vigueur dans chaque cas. De m\u00eame, la soci\u00e9t\u00e9 aura le droit de cesser d&rsquo;offrir, sans pr\u00e9avis et \u00e0 tout moment, l&rsquo;acc\u00e8s auxdits produits et\/ou services.<\/p>\r\n<p>[vc_empty_space height=\u00a0\u00bb50px\u00a0\u00bb]<\/p>\r\n<h3>Indication du prix:<\/h3>\r\n<p>[vc_separator type=\u00a0\u00bbsmall\u00a0\u00bb position=\u00a0\u00bbleft\u00a0\u00bb up=\u00a0\u00bb15&Prime; down=\u00a0\u00bb40&Prime; color=\u00a0\u00bb#000000&Prime; transparency=\u00a0\u00bb1&Prime; thickness=\u00a0\u00bb2&Prime; width=\u00a0\u00bb25&Prime;]<\/p>\r\n<ul>\r\n<li style=\"list-style-type: none;\">\r\n<ul>\r\n<li style=\"list-style-type: none;\">\r\n<ul>\r\n<li>Chaque r\u00e9servation possible propos\u00e9e aura son prix indiqu\u00e9 et si elle inclut la TVA ou toute autre taxe qui, le cas \u00e9ch\u00e9ant, est applicable. Les prix indiqu\u00e9s \u00e0 l&rsquo;\u00e9cran sont ceux en vigueur \u00e0 tout moment sauf erreurs typographiques. Lorsque le prix est diff\u00e9rent pour la raison indiqu\u00e9e ci-dessus, EL CARRER TURISME RURAL SL informera le client, par e-mail, avant de proc\u00e9der au retrait de la r\u00e9servation.<\/li>\r\n<li>La taxe de s\u00e9jour n&rsquo;est pas incluse dans le prix de la r\u00e9servation et sera effective au moment de l&rsquo;entr\u00e9e.<\/li>\r\n<li>Il sera n\u00e9cessaire, si vous n&rsquo;avez pas effectu\u00e9 la r\u00e9servation par carte de cr\u00e9dit, de laisser un num\u00e9ro de carte de cr\u00e9dit pour couvrir d&rsquo;\u00e9ventuels dommages \u00e0 la maison et \u00e0 son contenu ou tout type de vol.<\/li>\r\n<li>Pour que la r\u00e9servation soit confirm\u00e9e, elle doit \u00eatre garantie par une carte de cr\u00e9dit valide \u00e9mise par une entit\u00e9 bancaire connue (les cartes de cr\u00e9dit Visa, Mastercard et American Express sont accept\u00e9es).<\/li>\r\n<\/ul>\r\n<\/li>\r\n<\/ul>\r\n<\/li>\r\n<\/ul>\r\n<p>[vc_empty_space height=\u00a0\u00bb50px\u00a0\u00bb]<\/p>\r\n<h3>Disponibilit\u00e9:<\/h3>\r\n<p>[vc_separator type=\u00a0\u00bbsmall\u00a0\u00bb position=\u00a0\u00bbleft\u00a0\u00bb up=\u00a0\u00bb15&Prime; down=\u00a0\u00bb40&Prime; color=\u00a0\u00bb#000000&Prime; transparency=\u00a0\u00bb1&Prime; thickness=\u00a0\u00bb2&Prime; width=\u00a0\u00bb25&Prime;]<\/p>\r\n<p>La disponibilit\u00e9 des offres pour EL CARRER TURISME RURAL SL sur son site Web peut varier en fonction de la demande des clients. Bien que EL CARRER TURISME RURAL SL mette \u00e0 jour p\u00e9riodiquement la base de donn\u00e9es, la r\u00e9servation demand\u00e9e par le client pourrait \u00eatre compl\u00e9t\u00e9e \u00e0 ce moment-l\u00e0. Dans ce cas, EL CARRER TURISME RURAL SL enverra un e-mail au client l&rsquo;informant de l&rsquo;impossibilit\u00e9 de disponibilit\u00e9 de l&rsquo;offre.<\/p>\r\n<p>[vc_empty_space height=\u00a0\u00bb50px\u00a0\u00bb]<\/p>\r\n<h3>Modes de paiement:<\/h3>\r\n<p>[vc_separator type=\u00a0\u00bbsmall\u00a0\u00bb position=\u00a0\u00bbleft\u00a0\u00bb up=\u00a0\u00bb15&Prime; down=\u00a0\u00bb40&Prime; color=\u00a0\u00bb#000000&Prime; transparency=\u00a0\u00bb1&Prime; thickness=\u00a0\u00bb2&Prime; width=\u00a0\u00bb25&Prime;]<\/p>\r\n<p>EL CARRER TURISME RURAL SL demande, lors des r\u00e9servations via son site Internet, les coordonn\u00e9es d&rsquo;une carte de cr\u00e9dit, titulaire de la r\u00e9servation, pour garantir son efficacit\u00e9. L&rsquo;\u00e9tablissement facturera 30 % du montant de la r\u00e9servation sur la carte de cr\u00e9dit lors de la r\u00e9servation. La facture correspondant \u00e0 la r\u00e9servation sera r\u00e9gl\u00e9e directement \u00e0 l&rsquo;\u00e9tablissement, soit en esp\u00e8ces, par carte bancaire ou de toute autre mani\u00e8re accept\u00e9e par l&rsquo;\u00e9tablissement.<\/p>\r\n<p>[vc_empty_space height=\u00a0\u00bb50px\u00a0\u00bb]<\/p>\r\n<h3>Annulation de r\u00e9servation:<\/h3>\r\n<p>[vc_separator type=\u00a0\u00bbsmall\u00a0\u00bb position=\u00a0\u00bbleft\u00a0\u00bb up=\u00a0\u00bb15&Prime; down=\u00a0\u00bb40&Prime; color=\u00a0\u00bb#000000&Prime; transparency=\u00a0\u00bb1&Prime; thickness=\u00a0\u00bb2&Prime; width=\u00a0\u00bb25&Prime;]<\/p>\r\n<ul>\r\n<li style=\"list-style-type: none;\">\r\n<ul>\r\n<li style=\"list-style-type: none;\">\r\n<ul>\r\n<li>Toute annulation effectu\u00e9e jusqu&rsquo;\u00e0 10 jours avant la date d&rsquo;arriv\u00e9e entra\u00eenera des frais de 1 \u20ac major\u00e9s de 4% du montant factur\u00e9 et des \u00e9ventuels frais bancaires pouvant d\u00e9couler de l&rsquo;annulation.<\/li>\r\n<li>Toute annulation effectu\u00e9e dans les 10 jours pr\u00e9c\u00e9dant la date d&rsquo;arriv\u00e9e entra\u00eenera la perte du montant vers\u00e9 lors de la r\u00e9servation (30% du montant total du s\u00e9jour).<\/li>\r\n<li>Le d\u00e9faut de se pr\u00e9senter \u00e0 l&rsquo;\u00e9tablissement le jour pr\u00e9vu de l&rsquo;arriv\u00e9e entra\u00eenera la perte de 100% du montant du s\u00e9jour.<\/li>\r\n<li>Si l&rsquo;utilisateur quitte le s\u00e9jour avant la date jusqu&rsquo;\u00e0 laquelle il a \u00e9t\u00e9 r\u00e9serv\u00e9, l&rsquo;\u00e9tablissement pourra facturer l&rsquo;int\u00e9gralit\u00e9 du prix des prestations restant \u00e0 utiliser.<\/li>\r\n<\/ul>\r\n<\/li>\r\n<\/ul>\r\n<\/li>\r\n<\/ul>\r\n<p>[vc_empty_space height=\u00a0\u00bb50px\u00a0\u00bb]<\/p>\r\n<h3>Dates de changement:<\/h3>\r\n<p>[vc_separator type=\u00a0\u00bbsmall\u00a0\u00bb position=\u00a0\u00bbleft\u00a0\u00bb up=\u00a0\u00bb15&Prime; down=\u00a0\u00bb40&Prime; color=\u00a0\u00bb#000000&Prime; transparency=\u00a0\u00bb1&Prime; thickness=\u00a0\u00bb2&Prime; width=\u00a0\u00bb25&Prime;]<\/p>\r\n<p>Il n&rsquo;y aura aucune p\u00e9nalit\u00e9 \u00e0 condition que le pr\u00e9avis soit donn\u00e9 10 jours avant la date d&rsquo;arriv\u00e9e. Dans le cas contraire, ce qui a \u00e9t\u00e9 convenu dans les conditions d&rsquo;annulation s&rsquo;appliquera.<\/p>\r\n<p>[vc_empty_space height=\u00a0\u00bb50px\u00a0\u00bb]<\/p>\r\n<h3>Retrait:<\/h3>\r\n<p>[vc_separator type=\u00a0\u00bbsmall\u00a0\u00bb position=\u00a0\u00bbleft\u00a0\u00bb up=\u00a0\u00bb15&Prime; down=\u00a0\u00bb40&Prime; color=\u00a0\u00bb#000000&Prime; transparency=\u00a0\u00bb1&Prime; thickness=\u00a0\u00bb2&Prime; width=\u00a0\u00bb25&Prime;]<\/p>\r\n<p>Conform\u00e9ment \u00e0 ce qui est \u00e9tabli dans l&rsquo;article 103 de la loi 3\/2014 du 27 mars, qui modifie le texte consolid\u00e9 de la loi g\u00e9n\u00e9rale pour la d\u00e9fense des consommateurs et des utilisateurs, les fournitures de services ou de biens effectu\u00e9es conform\u00e9ment aux sp\u00e9cifications du consommateur ou clairement personnalis\u00e9s, ou qui, de par leur nature, ne peuvent \u00eatre retourn\u00e9s ou risquent de se d\u00e9t\u00e9riorer ou de se p\u00e9rimer rapidement, sont dispens\u00e9s de r\u00e9tractation.<\/p>\r\n<p>[vc_empty_space height=\u00a0\u00bb50px\u00a0\u00bb]<\/p>\r\n<h3>Nombre et identit\u00e9 des clients:<\/h3>\r\n<p>[vc_separator type=\u00a0\u00bbsmall\u00a0\u00bb position=\u00a0\u00bbleft\u00a0\u00bb up=\u00a0\u00bb15&Prime; down=\u00a0\u00bb40&Prime; color=\u00a0\u00bb#000000&Prime; transparency=\u00a0\u00bb1&Prime; thickness=\u00a0\u00bb2&Prime; width=\u00a0\u00bb25&Prime;]<\/p>\r\n<p>Les clients doivent indiquer le nombre et l\u2019identit\u00e9 des personnes qui occuperont l\u2019appartement.<\/p>\r\n<p>Le nombre de personnes ne peut en aucun cas d\u00e9passer celui communiqu\u00e9 lors de la r\u00e9servation. Aucune modification ult\u00e9rieure de ce nombre ne sera accept\u00e9e. Le nombre de personnes ne peut en aucun cas d\u00e9passer la capacit\u00e9 maximale de l\u2019appartement. Les visites en journ\u00e9e doivent \u00eatre communiqu\u00e9es et autoris\u00e9es \u00e0 l\u2019avance et ne peuvent en aucun cas d\u00e9passer la capacit\u00e9 totale.<\/p>\r\n<p>Les clients sont inform\u00e9s que les informations fournies via le formulaire de contact seront utilis\u00e9es pour r\u00e9pondre \u00e0 leurs demandes d\u2019informations et de services.<\/p>\r\n<p>&nbsp;<\/p>\r\n<p>[vc_empty_space height=\u00a0\u00bb50px\u00a0\u00bb]<\/p>\r\n<h3>Arriv\u00e9es et d\u00e9parts:<\/h3>\r\n<p>[vc_separator type=\u00a0\u00bbsmall\u00a0\u00bb position=\u00a0\u00bbleft\u00a0\u00bb up=\u00a0\u00bb15&Prime; down=\u00a0\u00bb40&Prime; color=\u00a0\u00bb#000000&Prime; transparency=\u00a0\u00bb1&Prime; thickness=\u00a0\u00bb2&Prime; width=\u00a0\u00bb25&Prime;]<\/p>\r\n<ul>\r\n<li style=\"list-style-type: none;\">\r\n<ul>\r\n<li style=\"list-style-type: none;\">\r\n<ul>\r\n<li>L&rsquo;heure d&rsquo;enregistrement s&rsquo;effectue du lundi au dimanche, de 16h \u00e0 22h. En dehors de ces horaires, l&rsquo;\u00e9tablissement doit \u00eatre pr\u00e9venu en temps utile pour une bonne organisation.<\/li>\r\n<li>L&rsquo;heure de d\u00e9part des appartements doit \u00eatre effectu\u00e9e avant 11h00. Vous devez \u00eatre inform\u00e9 \u00e0 l&rsquo;avance de l&rsquo;heure de d\u00e9part pr\u00e9vue pour inspecter l&rsquo;appartement et, le cas \u00e9ch\u00e9ant, la caution vous sera restitu\u00e9e.<\/li>\r\n<\/ul>\r\n<\/li>\r\n<\/ul>\r\n<\/li>\r\n<\/ul>\r\n<p>[vc_empty_space height=\u00a0\u00bb50px\u00a0\u00bb]<\/p>\r\n<h3>Fournitures et \u00e9quipements:<\/h3>\r\n<p>[vc_separator type=\u00a0\u00bbsmall\u00a0\u00bb position=\u00a0\u00bbleft\u00a0\u00bb up=\u00a0\u00bb15&Prime; down=\u00a0\u00bb40&Prime; color=\u00a0\u00bb#000000&Prime; transparency=\u00a0\u00bb1&Prime; thickness=\u00a0\u00bb2&Prime; width=\u00a0\u00bb25&Prime;]<\/p>\r\n<ul>\r\n<li style=\"list-style-type: none;\">\r\n<ul>\r\n<li style=\"list-style-type: none;\">\r\n<ul>\r\n<li>Les draps et serviettes correspondant au nombre d&rsquo;occupants de l&rsquo;appartement sont compris dans l&rsquo;\u00e9tat des lieux initial.<\/li>\r\n<li>La cuisine est \u00e9quip\u00e9e d&rsquo;ustensiles de cuisine standards.<\/li>\r\n<li>La fourniture d&rsquo;eau et d&rsquo;\u00e9lectricit\u00e9 est incluse dans le prix.<\/li>\r\n<li>WI-FI gratuit <strong>(IMPORTANT\u00a0: le wifi nous parvient par satellite et est distribu\u00e9 \u00e0 tous les clients de l&rsquo;appartement. Nous ne pouvons pas toujours garantir une connexion stable)<\/strong>.<\/li>\r\n<\/ul>\r\n<\/li>\r\n<\/ul>\r\n<\/li>\r\n<\/ul>\r\n<p>[vc_empty_space height=\u00a0\u00bb50px\u00a0\u00bb]<\/p>\r\n<h3>Service de blanchisserie:<\/h3>\r\n<p>[vc_separator type=\u00a0\u00bbsmall\u00a0\u00bb position=\u00a0\u00bbleft\u00a0\u00bb up=\u00a0\u00bb15&Prime; down=\u00a0\u00bb40&Prime; color=\u00a0\u00bb#000000&Prime; transparency=\u00a0\u00bb1&Prime; thickness=\u00a0\u00bb2&Prime; width=\u00a0\u00bb25&Prime;]<\/p>\r\n<p>Les appartements disposent d&rsquo;un service de blanchisserie commun (lave-linge et s\u00e8che-linge).<\/p>\r\n<p>[vc_empty_space height=\u00a0\u00bb50px\u00a0\u00bb]<\/p>\r\n<h3>Nettoyage:<\/h3>\r\n<p>[vc_separator type=\u00a0\u00bbsmall\u00a0\u00bb position=\u00a0\u00bbleft\u00a0\u00bb up=\u00a0\u00bb15&Prime; down=\u00a0\u00bb40&Prime; color=\u00a0\u00bb#000000&Prime; transparency=\u00a0\u00bb1&Prime; thickness=\u00a0\u00bb2&Prime; width=\u00a0\u00bb25&Prime;]<\/p>\r\n<ul>\r\n<li style=\"list-style-type: none;\">\r\n<ul>\r\n<li style=\"list-style-type: none;\">\r\n<ul>\r\n<li>Les appartements sont livr\u00e9s propres.<\/li>\r\n<li>Le m\u00e9nage d&rsquo;entretien quotidien est \u00e0 la charge du locataire.<\/li>\r\n<li>Si le jour du d\u00e9part l&rsquo;appartement n&rsquo;est pas en bon \u00e9tat, en termes de m\u00e9nage, le montant du m\u00e9nage sera d\u00e9duit de la caution.<\/li>\r\n<\/ul>\r\n<\/li>\r\n<\/ul>\r\n<\/li>\r\n<\/ul>\r\n<p>[vc_empty_space height=\u00a0\u00bb50px\u00a0\u00bb]<\/p>\r\n<h3>Responsabilit\u00e9s:<\/h3>\r\n<p>[vc_separator type=\u00a0\u00bbsmall\u00a0\u00bb position=\u00a0\u00bbleft\u00a0\u00bb up=\u00a0\u00bb15&Prime; down=\u00a0\u00bb40&Prime; color=\u00a0\u00bb#000000&Prime; transparency=\u00a0\u00bb1&Prime; thickness=\u00a0\u00bb2&Prime; width=\u00a0\u00bb25&Prime;]<\/p>\r\n<ul>\r\n<li style=\"list-style-type: none;\">\r\n<ul>\r\n<li style=\"list-style-type: none;\">\r\n<ul>\r\n<li>L&rsquo;\u00e9tablissement n&rsquo;est pas responsable des dommages pouvant survenir du fait de votre s\u00e9jour dans l&rsquo;appartement, notamment le vol ou l&rsquo;incendie.<\/li>\r\n<li>L&rsquo;\u00e9tablissement n&rsquo;est \u00e9galement pas responsable des objets personnels et de valeur que les clients gardent dans les appartements, ni des dommages ou vols caus\u00e9s aux v\u00e9hicules trouv\u00e9s dans le stationnement, le cas \u00e9ch\u00e9ant.<\/li>\r\n<li>L&rsquo;\u00e9tablissement n&rsquo;est pas responsable des objets perdus ou oubli\u00e9s une fois le client effectu\u00e9 son d\u00e9part, mais s&rsquo;efforcera de faciliter leur r\u00e9cup\u00e9ration et leur localisation.<\/li>\r\n<\/ul>\r\n<\/li>\r\n<\/ul>\r\n<\/li>\r\n<\/ul>\r\n<p>[vc_empty_space height=\u00a0\u00bb50px\u00a0\u00bb]<\/p>\r\n<h3>Comportement:<\/h3>\r\n<p>[vc_separator type=\u00a0\u00bbsmall\u00a0\u00bb position=\u00a0\u00bbleft\u00a0\u00bb up=\u00a0\u00bb15&Prime; down=\u00a0\u00bb40&Prime; color=\u00a0\u00bb#000000&Prime; transparency=\u00a0\u00bb1&Prime; thickness=\u00a0\u00bb2&Prime; width=\u00a0\u00bb25&Prime;]<\/p>\r\n<ul>\r\n<li style=\"list-style-type: none;\">\r\n<ul>\r\n<li style=\"list-style-type: none;\">\r\n<ul>\r\n<li>Le client sera responsable de son propre comportement et de celui des personnes qui l&rsquo;accompagnent.<\/li>\r\n<li>Si votre comportement n&rsquo;est pas conforme aux normes minimales de coexistence, l&rsquo;\u00e9tablissement pourra exiger que vous quittiez l&rsquo;appartement sans droit \u00e0 un remboursement total ou partiel des jours restants, ni \u00e0 une quelconque indemnisation.<\/li>\r\n<\/ul>\r\n<\/li>\r\n<\/ul>\r\n<\/li>\r\n<\/ul>\r\n<p>[vc_empty_space height=\u00a0\u00bb50px\u00a0\u00bb]<\/p>\r\n<h3>Suppl\u00e9ment par personne:<\/h3>\r\n<p>[vc_separator type=\u00a0\u00bbsmall\u00a0\u00bb position=\u00a0\u00bbleft\u00a0\u00bb up=\u00a0\u00bb15&Prime; down=\u00a0\u00bb40&Prime; color=\u00a0\u00bb#000000&Prime; transparency=\u00a0\u00bb1&Prime; thickness=\u00a0\u00bb2&Prime; width=\u00a0\u00bb25&Prime;]<\/p>\r\n<ul>\r\n<li style=\"list-style-type: none;\">\r\n<ul>\r\n<li style=\"list-style-type: none;\">\r\n<ul>\r\n<li>Aucune occupation sup\u00e9rieure ne sera autoris\u00e9e aux places attribu\u00e9es \u00e0 chaque appartement, \u00e0 savoir : appartement de 2 chambres (1 suppl\u00e9mentaire en chambre double) et appartement de 3 chambres (1 suppl\u00e9mentaire en chambre double).<\/li>\r\n<li>Chaque personne suppl\u00e9mentaire entra\u00eene un co\u00fbt suppl\u00e9mentaire de 23 euros par personne et par nuit. Un seul enfant de moins de 3 ans est exon\u00e9r\u00e9 du suppl\u00e9ment.<\/li>\r\n<\/ul>\r\n<\/li>\r\n<\/ul>\r\n<\/li>\r\n<\/ul>\r\n<p>[vc_empty_space height=\u00a0\u00bb50px\u00a0\u00bb]<\/p>\r\n<h3>Animaux de compagnie:<\/h3>\r\n<p>[vc_separator type=\u00a0\u00bbsmall\u00a0\u00bb position=\u00a0\u00bbleft\u00a0\u00bb up=\u00a0\u00bb15&Prime; down=\u00a0\u00bb40&Prime; color=\u00a0\u00bb#000000&Prime; transparency=\u00a0\u00bb1&Prime; thickness=\u00a0\u00bb2&Prime; width=\u00a0\u00bb25&Prime;]<\/p>\r\n<p>Les animaux de compagnie sont admis. Dans ce cas, un suppl\u00e9ment de 10 \u20ac\/animal\/nuit sera factur\u00e9 pour le premier animal et de 5 \u20ac\/animal\/nuit pour le second.\u00a0<strong>Pas plus de 2 animaux par appartement sont autoris\u00e9s.<\/strong><\/p>\r\n<p>&nbsp;<\/p>\r\n<p>[vc_empty_space height=\u00a0\u00bb50px\u00a0\u00bb]<\/p>\r\n<h3>Bruit et musique:<\/h3>\r\n<p>[vc_separator type=\u00a0\u00bbsmall\u00a0\u00bb position=\u00a0\u00bbleft\u00a0\u00bb up=\u00a0\u00bb15&Prime; down=\u00a0\u00bb40&Prime; color=\u00a0\u00bb#000000&Prime; transparency=\u00a0\u00bb1&Prime; thickness=\u00a0\u00bb2&Prime; width=\u00a0\u00bb25&Prime;]<\/p>\r\n<p>La maison \u00e9tant situ\u00e9e au c\u0153ur du parc naturel de la zone volcanique de la Garrotxa, le bruit doit \u00eatre r\u00e9duit au minimum. La musique est autoris\u00e9e uniquement dans la salle commune et \u00e0 un volume mod\u00e9r\u00e9. De 22 h \u00e0 9 h, le silence est de mise pour le repos de tous.<\/p>\r\n<p>&nbsp;<\/p>\r\n<p>[vc_empty_space height=\u00a0\u00bb50px\u00a0\u00bb]<\/p>\r\n<h3>Repos:<\/h3>\r\n<p>[vc_separator type=\u00a0\u00bbsmall\u00a0\u00bb position=\u00a0\u00bbleft\u00a0\u00bb up=\u00a0\u00bb15&Prime; down=\u00a0\u00bb40&Prime; color=\u00a0\u00bb#000000&Prime; transparency=\u00a0\u00bb1&Prime; thickness=\u00a0\u00bb2&Prime; width=\u00a0\u00bb25&Prime;]<\/p>\r\n<p>Mas La Calle et Planademunt sont situ\u00e9s au c\u0153ur du parc naturel de la zone volcanique de la Garrotxa. Des maisons voisines sont \u00e9galement situ\u00e9es \u00e0 proximit\u00e9. Veuillez noter que Mas El Carrer est une maison partag\u00e9e par six propri\u00e9t\u00e9s. Par cons\u00e9quent, les f\u00eates priv\u00e9es et la musique forte (\u00e0 l&rsquo;int\u00e9rieur comme \u00e0 l&rsquo;ext\u00e9rieur) sont interdites. De 22 h \u00e0 9 h, les h\u00f4tes sont tenus de respecter le silence et le repos des autres h\u00f4tes.<\/p>\r\n<p>&nbsp;<\/p>\r\n<p>[vc_empty_space height=\u00a0\u00bb50px\u00a0\u00bb]<\/p>\r\n<h3>P\u00e9tards et felux d&rsquo;artifice:<\/h3>\r\n<p>[vc_separator type=\u00a0\u00bbsmall\u00a0\u00bb position=\u00a0\u00bbleft\u00a0\u00bb up=\u00a0\u00bb15&Prime; down=\u00a0\u00bb40&Prime; color=\u00a0\u00bb#000000&Prime; transparency=\u00a0\u00bb1&Prime; thickness=\u00a0\u00bb2&Prime; width=\u00a0\u00bb25&Prime;]<\/p>\r\n<p>Les p\u00e9tards et tout type de feux d&rsquo;artifice sont strictement interdits toute l&rsquo;ann\u00e9e. La maison est situ\u00e9e dans une zone bois\u00e9e au c\u0153ur du Parc Naturel de la Zone Volcanique de la Garrotxa. Aucune exception ne sera faite.<\/p>\r\n<p>&nbsp;<\/p>\r\n<p>[vc_empty_space height=\u00a0\u00bb50px\u00a0\u00bb]<\/p>\r\n<h3>\u00c9v\u00e9nements et f\u00eates:<\/h3>\r\n<p>[vc_separator type=\u00a0\u00bbsmall\u00a0\u00bb position=\u00a0\u00bbleft\u00a0\u00bb up=\u00a0\u00bb15&Prime; down=\u00a0\u00bb40&Prime; color=\u00a0\u00bb#000000&Prime; transparency=\u00a0\u00bb1&Prime; thickness=\u00a0\u00bb2&Prime; width=\u00a0\u00bb25&Prime;]<\/p>\r\n<p>Les \u00e9v\u00e9nements\/f\u00eates ne doivent jamais d\u00e9passer la capacit\u00e9 maximale de la maison, et Mas El Carrer doit \u00eatre inform\u00e9 de l&rsquo;identit\u00e9 de tous les participants (enregistrement des voyageurs). Le non-respect de cette clause peut entra\u00eener la r\u00e9siliation unilat\u00e9rale du contrat par Mas El Carrer \u00e0 tout moment pendant le s\u00e9jour.<\/p>\r\n<p>Si vous devez apporter du mat\u00e9riel de f\u00eate au Mas El Carrer \u00e0 l&rsquo;avance, vous devez en informer Mas El Carrer au moins 15 jours \u00e0 l&rsquo;avance. Le tarif de la location de la chambre, dans ce cas, est de 100 \u20ac\/nuit par nuit suppl\u00e9mentaire. L&rsquo;horaire sera convenu avec Mas El Carrer dans la plage horaire suivante: de 8 h \u00e0 16 h.<\/p>\r\n<p>&nbsp;<\/p>\r\n<p>[vc_empty_space height=\u00a0\u00bb50px\u00a0\u00bb]<\/p>\r\n<h3>\u00c9l\u00e9ments amovibles:<\/h3>\r\n<p>[vc_separator type=\u00a0\u00bbsmall\u00a0\u00bb position=\u00a0\u00bbleft\u00a0\u00bb up=\u00a0\u00bb15&Prime; down=\u00a0\u00bb40&Prime; color=\u00a0\u00bb#000000&Prime; transparency=\u00a0\u00bb1&Prime; thickness=\u00a0\u00bb2&Prime; width=\u00a0\u00bb25&Prime;]<\/p>\r\n<p>En aucun cas, que ce soit pour la location d&rsquo;un seul appartement ou de l&rsquo;ensemble du complexe, l&rsquo;installation d&rsquo;\u00e9l\u00e9ments amovibles tels que tentes, chapiteaux, guirlandes, lumi\u00e8res, etc. n&rsquo;est autoris\u00e9e. \u00c0 cet \u00e9gard, les c\u00e9l\u00e9brations ne sont pas autoris\u00e9es, sauf si elles sont explicitement communiqu\u00e9es et autoris\u00e9es au moment de la r\u00e9servation.<\/p>\r\n<p>&nbsp;<\/p>\r\n<p>[vc_empty_space height=\u00a0\u00bb50px\u00a0\u00bb]<\/p>\r\n<h3>Pammeaux de signalisation le long de la route:<\/h3>\r\n<p>[vc_separator type=\u00a0\u00bbsmall\u00a0\u00bb position=\u00a0\u00bbleft\u00a0\u00bb up=\u00a0\u00bb15&Prime; down=\u00a0\u00bb40&Prime; color=\u00a0\u00bb#000000&Prime; transparency=\u00a0\u00bb1&Prime; thickness=\u00a0\u00bb2&Prime; width=\u00a0\u00bb25&Prime;]<\/p>\r\n<p>La route menant au Mas La Carrer n&rsquo;\u00e9tant pas notre propri\u00e9t\u00e9, l&rsquo;installation de panneaux facilitant l&rsquo;acc\u00e8s aux maisons est strictement interdite. La maison est localis\u00e9e sur Google Maps et vous pouvez facilement vous y rendre gr\u00e2ce \u00e0 cette application.<\/p>\r\n<p>&nbsp;<\/p>\r\n<p>[vc_empty_space height=\u00a0\u00bb50px\u00a0\u00bb]<\/p>\r\n<h2>Protection de donn\u00e9es<\/h2>\r\n<p>[vc_separator type=\u00a0\u00bbsmall\u00a0\u00bb position=\u00a0\u00bbleft\u00a0\u00bb up=\u00a0\u00bb15&Prime; down=\u00a0\u00bb40&Prime; color=\u00a0\u00bb#000000&Prime; transparency=\u00a0\u00bb1&Prime; thickness=\u00a0\u00bb2&Prime; width=\u00a0\u00bb100&Prime;]<\/p>\r\n<p>Conform\u00e9ment \u00e0 la r\u00e9glementation en vigueur et applicable en mati\u00e8re de protection des donn\u00e9es personnelles, nous vous informons que vos donn\u00e9es seront incorpor\u00e9es dans le syst\u00e8me de traitement appartenant \u00e0 EL CARRER TURISME RURAL SL avec CIF B75355255 et dont le si\u00e8ge social est situ\u00e9 C\/ SANT JOSEP ORIOL,7 \u2013 LA FLORESTA \u2013 08198 SANT CUGAT DEL VALL\u00c8S (BARCELONE), et leurs objectifs respectifs, p\u00e9riodes de conservation et bases de l\u00e9gitimation sont indiqu\u00e9s ci-dessous. Pour les traitements qui le n\u00e9cessitent, vous \u00eates \u00e9galement inform\u00e9 de l&rsquo;\u00e9ventuelle cr\u00e9ation de profils et de d\u00e9cisions automatis\u00e9es, ainsi que des \u00e9ventuelles missions et transferts internationaux que EL CARRER TURISME RURAL SL envisage d&rsquo;effectuer:<\/p>\r\n<p>&nbsp;<\/p>\r\n<ul>\r\n<li style=\"list-style-type: none;\">\r\n<ul>\r\n<li style=\"list-style-type: none;\">\r\n<ul>\r\n<li><strong>Finalit\u00e9:<\/strong> R\u00e9pondre \u00e0 vos interrogations et\/ou demandes et installation de cookies.<\/li>\r\n<li><strong>Dur\u00e9e de conservation:<\/strong> Tant que le consentement donn\u00e9 est maintenu.<\/li>\r\n<li><strong>Base l\u00e9gitime:<\/strong> Le consentement de l&rsquo;int\u00e9ress\u00e9.<\/li>\r\n<\/ul>\r\n<\/li>\r\n<\/ul>\r\n<\/li>\r\n<\/ul>\r\n<p>&nbsp;<\/p>\r\n<p>Conform\u00e9ment aux droits qui vous sont conf\u00e9r\u00e9s par la r\u00e9glementation en vigueur et applicable en mati\u00e8re de protection des donn\u00e9es, vous pouvez exercer les droits d&rsquo;acc\u00e8s, de rectification, de limitation du traitement, de suppression (\u00ab droit \u00e0 l&rsquo;oubli \u00bb), de portabilit\u00e9 et d&rsquo;opposition au traitement de vos donn\u00e9es personnelles. . ainsi que la r\u00e9vocation du consentement donn\u00e9 pour leur traitement, en adressant votre demande \u00e0 l&rsquo;adresse postale C\/ SANT JOSEP ORIOL,7 \u2013 LA FLORESTA \u2013 08198 SANT CUGAT DEL VALL\u00c8S (BARCELONA) ou \u00e0 l&#8217;email INFORMACIO@MARMUNTANYA.COM . Vous pouvez contacter l&rsquo;autorit\u00e9 de contr\u00f4le comp\u00e9tente pour pr\u00e9senter la r\u00e9clamation que vous jugez appropri\u00e9e. \u00a0 Les donn\u00e9es identifi\u00e9es par une marque (*) sont consid\u00e9r\u00e9es comme des champs obligatoires et obligatoires, par cons\u00e9quent elles seront consid\u00e9r\u00e9es comme n\u00e9cessaires pour r\u00e9aliser les finalit\u00e9s mentionn\u00e9es ci-dessus. \u00a0 Vous pouvez contacter l&rsquo;autorit\u00e9 de contr\u00f4le comp\u00e9tente pour pr\u00e9senter la r\u00e9clamation que vous jugez appropri\u00e9e.<\/p>\r\n<p>[vc_empty_space height=\u00a0\u00bb50px\u00a0\u00bb]<\/p>\r\n<h2>L\u00e9gislation applicable et juridiction<\/h2>\r\n<p>[vc_separator type=\u00a0\u00bbsmall\u00a0\u00bb position=\u00a0\u00bbleft\u00a0\u00bb up=\u00a0\u00bb15&Prime; down=\u00a0\u00bb40&Prime; color=\u00a0\u00bb#000000&Prime; transparency=\u00a0\u00bb1&Prime; thickness=\u00a0\u00bb2&Prime; width=\u00a0\u00bb100&Prime;]<\/p>\r\n<p>R\u00e8gles mises \u00e0 jour au 1er janvier 2025. Tout manquement aux r\u00e8gles de cohabitation peut entra\u00eener la r\u00e9siliation unilat\u00e9rale du contrat par EL CARRER TURISME RURAL SL. De m\u00eame, toute violation grave des r\u00e8gles de cohabitation, ou la destruction de tout \u00e9l\u00e9ment des maisons ou des parties communes, peut \u00e9galement entra\u00eener la r\u00e9siliation du contrat, le versement de dommages et int\u00e9r\u00eats et, le cas \u00e9ch\u00e9ant, le d\u00e9p\u00f4t d&rsquo;une plainte aupr\u00e8s des autorit\u00e9s comp\u00e9tentes.<\/p>\r\n<p>La relation entre l&rsquo;utilisateur et le pr\u00eateur sera r\u00e9gie par la r\u00e9glementation en vigueur et applicable sur le territoire espagnol. En cas de litige, les parties pourront soumettre leur litige \u00e0 l&rsquo;arbitrage ou saisir les tribunaux ordinaires, conform\u00e9ment aux r\u00e8gles de comp\u00e9tence en vigueur. EL CARRER TURISME RURAL SL a son si\u00e8ge social \u00e0 SANT CUGAT DEL VALL\u00c8S, en Espagne.<\/p>\r\n<p>[\/vc_column_text][\/vc_column][\/vc_row]<\/p><\/div>","protected":false},"excerpt":{"rendered":"<p>[vc_row css_animation=\u00a0\u00bb\u00a0\u00bb row_type=\u00a0\u00bbrow\u00a0\u00bb use_row_as_full_screen_section=\u00a0\u00bbno\u00a0\u00bb type=\u00a0\u00bbfull_width\u00a0\u00bb angled_section=\u00a0\u00bbno\u00a0\u00bb text_align=\u00a0\u00bbleft\u00a0\u00bb background_image_as_pattern=\u00a0\u00bbwithout_pattern\u00a0\u00bb z_index=\u00a0\u00bb\u00a0\u00bb][vc_column][vc_single_image image=\u00a0\u00bb1341&Prime; img_size=\u00a0\u00bbfull\u00a0\u00bb alignment=\u00a0\u00bbcenter\u00a0\u00bb qode_css_animation=\u00a0\u00bb\u00a0\u00bb][\/vc_column][\/vc_row][vc_row css_animation=\u00a0\u00bb\u00a0\u00bb row_type=\u00a0\u00bbrow\u00a0\u00bb use_row_as_full_screen_section=\u00a0\u00bbno\u00a0\u00bb type=\u00a0\u00bbgrid\u00a0\u00bb angled_section=\u00a0\u00bbno\u00a0\u00bb text_align=\u00a0\u00bbleft\u00a0\u00bb background_image_as_pattern=\u00a0\u00bbwithout_pattern\u00a0\u00bb z_index=\u00a0\u00bb\u00a0\u00bb padding_top=\u00a0\u00bb30&Prime;][vc_column][vc_column_text] Accueil &gt; Termes et conditions du contrat [\/vc_column_text][\/vc_column][\/vc_row][vc_row css_animation=\u00a0\u00bb\u00a0\u00bb row_type=\u00a0\u00bbrow\u00a0\u00bb use_row_as_full_screen_section=\u00a0\u00bbno\u00a0\u00bb type=\u00a0\u00bbgrid\u00a0\u00bb angled_section=\u00a0\u00bbno\u00a0\u00bb text_align=\u00a0\u00bbleft\u00a0\u00bb background_image_as_pattern=\u00a0\u00bbwithout_pattern\u00a0\u00bb z_index=\u00a0\u00bb\u00a0\u00bb padding_top=\u00a0\u00bb50&Prime; padding_bottom=\u00a0\u00bb75&Prime; anchor=\u00a0\u00bbinici\u00a0\u00bb][vc_column][vc_column_text css=\u00a0\u00bb\u00a0\u00bb] Termes et conditions&hellip; <a class=\"continue\" href=\"https:\/\/www.maselcarrer.com\/fr\/accueil\/termes-et-conditions-du-contrat\/\">CONTINUAR >><span> Termes et conditions du contrat<\/span><\/a><\/p>\n","protected":false},"author":1,"featured_media":0,"parent":1585,"menu_order":0,"comment_status":"closed","ping_status":"open","template":"full_width.php","meta":{"_joinchat":[],"footnotes":""},"class_list":["post-1632","page","type-page","status-publish","hentry"],"_links":{"self":[{"href":"https:\/\/www.maselcarrer.com\/fr\/wp-json\/wp\/v2\/pages\/1632","targetHints":{"allow":["GET"]}}],"collection":[{"href":"https:\/\/www.maselcarrer.com\/fr\/wp-json\/wp\/v2\/pages"}],"about":[{"href":"https:\/\/www.maselcarrer.com\/fr\/wp-json\/wp\/v2\/types\/page"}],"author":[{"embeddable":true,"href":"https:\/\/www.maselcarrer.com\/fr\/wp-json\/wp\/v2\/users\/1"}],"replies":[{"embeddable":true,"href":"https:\/\/www.maselcarrer.com\/fr\/wp-json\/wp\/v2\/comments?post=1632"}],"version-history":[{"count":4,"href":"https:\/\/www.maselcarrer.com\/fr\/wp-json\/wp\/v2\/pages\/1632\/revisions"}],"predecessor-version":[{"id":2294,"href":"https:\/\/www.maselcarrer.com\/fr\/wp-json\/wp\/v2\/pages\/1632\/revisions\/2294"}],"up":[{"embeddable":true,"href":"https:\/\/www.maselcarrer.com\/fr\/wp-json\/wp\/v2\/pages\/1585"}],"wp:attachment":[{"href":"https:\/\/www.maselcarrer.com\/fr\/wp-json\/wp\/v2\/media?parent=1632"}],"curies":[{"name":"wp","href":"https:\/\/api.w.org\/{rel}","templated":true}]}}