{"id":1629,"date":"2023-08-30T13:09:23","date_gmt":"2023-08-30T11:09:23","guid":{"rendered":"https:\/\/www.maselcarrer.com\/?page_id=1629"},"modified":"2025-03-24T17:29:00","modified_gmt":"2025-03-24T15:29:00","slug":"politique-de-confidentialite-reseaux-sociaux","status":"publish","type":"page","link":"https:\/\/www.maselcarrer.com\/fr\/accueil\/politique-de-confidentialite-reseaux-sociaux\/","title":{"rendered":"Politique de confidentialit\u00e9 r\u00e9seaux sociaux"},"content":{"rendered":"<div class=\"wpb-content-wrapper\"><p>[vc_row css_animation=\u00a0\u00bb\u00a0\u00bb row_type=\u00a0\u00bbrow\u00a0\u00bb use_row_as_full_screen_section=\u00a0\u00bbno\u00a0\u00bb type=\u00a0\u00bbfull_width\u00a0\u00bb angled_section=\u00a0\u00bbno\u00a0\u00bb text_align=\u00a0\u00bbleft\u00a0\u00bb background_image_as_pattern=\u00a0\u00bbwithout_pattern\u00a0\u00bb z_index=\u00a0\u00bb\u00a0\u00bb][vc_column][vc_single_image image=\u00a0\u00bb1341&Prime; img_size=\u00a0\u00bbfull\u00a0\u00bb alignment=\u00a0\u00bbcenter\u00a0\u00bb qode_css_animation=\u00a0\u00bb\u00a0\u00bb][\/vc_column][\/vc_row][vc_row css_animation=\u00a0\u00bb\u00a0\u00bb row_type=\u00a0\u00bbrow\u00a0\u00bb use_row_as_full_screen_section=\u00a0\u00bbno\u00a0\u00bb type=\u00a0\u00bbgrid\u00a0\u00bb angled_section=\u00a0\u00bbno\u00a0\u00bb text_align=\u00a0\u00bbleft\u00a0\u00bb background_image_as_pattern=\u00a0\u00bbwithout_pattern\u00a0\u00bb z_index=\u00a0\u00bb\u00a0\u00bb padding_top=\u00a0\u00bb30&Prime;][vc_column][vc_column_text]<\/p>\r\n<p style=\"text-align: right;\"><a href=\"\/fr\">Accueil<\/a> &gt; Politique de confidentialit\u00e9 r\u00e9seaux sociaux<\/p>\r\n<p>[\/vc_column_text][\/vc_column][\/vc_row][vc_row css_animation=\u00a0\u00bb\u00a0\u00bb row_type=\u00a0\u00bbrow\u00a0\u00bb use_row_as_full_screen_section=\u00a0\u00bbno\u00a0\u00bb type=\u00a0\u00bbgrid\u00a0\u00bb angled_section=\u00a0\u00bbno\u00a0\u00bb text_align=\u00a0\u00bbleft\u00a0\u00bb background_image_as_pattern=\u00a0\u00bbwithout_pattern\u00a0\u00bb z_index=\u00a0\u00bb\u00a0\u00bb padding_top=\u00a0\u00bb50&Prime; padding_bottom=\u00a0\u00bb75&Prime; anchor=\u00a0\u00bbinici\u00a0\u00bb][vc_column][vc_column_text css=\u00a0\u00bb\u00a0\u00bb]<\/p>\r\n\r\n<h1 class=\"wp-block-heading\">Politique de confidentialit\u00e9 r\u00e9seaux sociaux<\/h1>\r\n<p>[vc_empty_space height=\u00a0\u00bb75px\u00a0\u00bb]<\/p>\r\n<p>Conform\u00e9ment aux dispositions de la r\u00e9glementation en vigueur sur la protection des donn\u00e9es personnelles (RGPD) et de la loi 34\/2002 du 11 juillet sur les services de la soci\u00e9t\u00e9 de l&rsquo;information et du commerce \u00e9lectronique (LSSI-CE), EL CARRER TURISME RURAL SL informe les utilisateurs qu&rsquo;elle a proc\u00e9d\u00e9 \u00e0 cr\u00e9er un profil sur le(s) r\u00e9seau(x) social(s) Facebook et Instagram, dans le but principal de faire la publicit\u00e9 de ses produits et services. \u00a0 Donn\u00e9es du EL CARRER TURISME RURAL SL:<\/p>\r\n<p>&nbsp;<\/p>\r\n<ul>\r\n<li style=\"list-style-type: none;\">\r\n<ul>\r\n<li style=\"list-style-type: none;\">\r\n<ul>\r\n<li><strong>CIF:<\/strong> B7535525<\/li>\r\n<li><strong>ADRESSE:<\/strong> C\/ SANT JOSEP ORIOL,7 \u2013 LA FLORESTA \u2013 08198 SANT CUGAT DEL VALL\u00c8S (BARCELONA)<\/li>\r\n<li><strong>COURRIEL:<\/strong> informacio@marmuntanya.com<\/li>\r\n<li><strong>DOMAINE WEB:<\/strong> www.maselcarrer.com<\/li>\r\n<\/ul>\r\n<\/li>\r\n<\/ul>\r\n<\/li>\r\n<\/ul>\r\n<p>&nbsp;<\/p>\r\n<p>L&rsquo;utilisateur dispose d&rsquo;un profil sur le m\u00eame r\u00e9seau social et a d\u00e9cid\u00e9 de rejoindre la page cr\u00e9\u00e9e par EL CARRER TURISME RURAL SL, manifestant ainsi son int\u00e9r\u00eat pour les informations publi\u00e9es sur le r\u00e9seau. En rejoignant notre page, vous nous fournissez votre consentement pour le traitement. des donn\u00e9es personnelles publi\u00e9es dans votre profil. \u00a0 L&rsquo;utilisateur peut acc\u00e9der \u00e0 tout moment aux politiques de confidentialit\u00e9 du r\u00e9seau social lui-m\u00eame, ainsi que configurer son profil pour garantir sa confidentialit\u00e9.\u00a0 EL CARRER TURISME RURAL SL a acc\u00e8s et traite les informations publiques de l&rsquo;utilisateur, notamment son nom de contact. Ces donn\u00e9es ne sont utilis\u00e9es qu&rsquo;au sein du R\u00e9seau Social lui-m\u00eame. Ils ne sont incorpor\u00e9s dans aucun fichier. \u00a0 En ce qui concerne les droits d&rsquo;acc\u00e8s, de rectification, de limitation du traitement, de suppression, de portabilit\u00e9 et d&rsquo;opposition au traitement, dont vous disposez et qui peuvent \u00eatre exerc\u00e9s aupr\u00e8s de EL CARRER TURISME RURAL SL, conform\u00e9ment au RGPD, vous devez prendre en compte les nuances suivantes:<\/p>\r\n<p>&nbsp;<\/p>\r\n<ul>\r\n<li style=\"list-style-type: none;\">\r\n<ul>\r\n<li style=\"list-style-type: none;\">\r\n<ul>\r\n<li><strong>Acc\u00e8s:<\/strong> sera d\u00e9fini par la fonctionnalit\u00e9 du r\u00e9seau social et la possibilit\u00e9 d&rsquo;acc\u00e9der aux informations des profils d&rsquo;utilisateurs.<\/li>\r\n<li><strong>Rectification:<\/strong> elle ne peut \u00eatre satisfaite que par rapport aux informations qui sont sous le contr\u00f4le de EL CARRER TURISME RURAL SL, par exemple en supprimant les commentaires publi\u00e9s sur la m\u00eame page. Normalement, ce droit doit \u00eatre exerc\u00e9 aupr\u00e8s du R\u00e9seau Social.<\/li>\r\n<li><strong>Annulation et\/ou opposition:<\/strong> comme dans le cas pr\u00e9c\u00e9dent, elle ne peut \u00eatre satisfaite que par rapport aux informations qui sont sous le contr\u00f4le de EL CARRER TURISME RURAL SL, par exemple en cessant d&rsquo;\u00eatre li\u00e9es au profil.<\/li>\r\n<\/ul>\r\n<\/li>\r\n<\/ul>\r\n<\/li>\r\n<\/ul>\r\n<p>&nbsp;<\/p>\r\n<p>EL CARRER TURISME RURAL SL r\u00e9alisera les actions suivantes:<\/p>\r\n<p>&nbsp;<\/p>\r\n<ul>\r\n<li style=\"list-style-type: none;\">\r\n<ul>\r\n<li style=\"list-style-type: none;\">\r\n<ul>\r\n<li><strong>Droit d&rsquo;acc\u00e8s:<\/strong> C&rsquo;est le droit de l&rsquo;utilisateur d&rsquo;obtenir des informations sur ses donn\u00e9es sp\u00e9cifiques, \u00e0 caract\u00e8re personnel et sur le traitement qui a \u00e9t\u00e9 effectu\u00e9 ou effectu\u00e9, ainsi que les informations disponibles sur l&rsquo;origine de ces donn\u00e9es et les communications. r\u00e9alis\u00e9s ou planifi\u00e9s par les utilisateurs eux-m\u00eames.<\/li>\r\n<li><strong>Droit de rectification:<\/strong> C&rsquo;est le droit de la personne concern\u00e9e de faire modifier les donn\u00e9es qui s&rsquo;av\u00e8rent inexactes ou incompl\u00e8tes. Elle ne peut \u00eatre satisfaite qu&rsquo;en ce qui concerne les informations qui sont sous le contr\u00f4le de EL CARRER TURISME RURAL SL, par exemple, la suppression des commentaires publi\u00e9s sur la m\u00eame page, des images ou des contenus Web contenant les donn\u00e9es personnelles de l&rsquo;utilisateur.<\/li>\r\n<li><strong>Droit \u00e0 la limitation du traitement:<\/strong> Il s\u2019agit du droit de limiter les finalit\u00e9s du traitement initialement pr\u00e9vues par le responsable du traitement.<\/li>\r\n<li><strong>Droit de suppression:<\/strong> Il s&rsquo;agit du droit de supprimer les donn\u00e9es personnelles de l&rsquo;utilisateur, sauf dans les cas pr\u00e9vus par le RGPD lui-m\u00eame ou dans d&rsquo;autres r\u00e9glementations applicables qui d\u00e9terminent l&rsquo;obligation de leur conservation, dans les meilleurs d\u00e9lais.<\/li>\r\n<li><strong>Droit \u00e0 la portabilit\u00e9:<\/strong> Le droit de recevoir les donn\u00e9es personnelles que l&rsquo;utilisateur a fournies, dans un format structur\u00e9, couramment utilis\u00e9 et lisible par machine, et de les transmettre \u00e0 un autre responsable.<\/li>\r\n<li><strong>Droit d&rsquo;opposition:<\/strong> L&rsquo;utilisateur a le droit de ne pas faire traiter ses donn\u00e9es personnelles ou de faire arr\u00eater leur traitement par EL CARRER TURISME RURAL SLL.<\/li>\r\n<\/ul>\r\n<\/li>\r\n<\/ul>\r\n<\/li>\r\n<\/ul>\r\n<p>&nbsp;<\/p>\r\n<p>L&rsquo;utilisateur peut toujours contr\u00f4ler ses connexions, \u00e9liminer les contenus qui ne l&rsquo;int\u00e9ressent plus et restreindre les personnes avec lesquelles il partage ses connexions, pour lesquelles il doit acc\u00e9der \u00e0 ses param\u00e8tres de confidentialit\u00e9. \u00a0<\/p>\r\n<p>[vc_empty_space height=\u00a0\u00bb50px\u00a0\u00bb]<\/p>\r\n<h2>Publications<\/h2>\r\n<p>[vc_separator type=\u00a0\u00bbsmall\u00a0\u00bb position=\u00a0\u00bbleft\u00a0\u00bb up=\u00a0\u00bb15&Prime; down=\u00a0\u00bb40&Prime; color=\u00a0\u00bb#000000&Prime; transparency=\u00a0\u00bb1&Prime; thickness=\u00a0\u00bb2&Prime; width=\u00a0\u00bb100&Prime;]<\/p>\r\n<p>L&rsquo;utilisateur, une fois connect\u00e9 \u00e0 la page EL CARRER TURISME RURAL SL, pourra publier sur cette derni\u00e8re des commentaires, des liens, des images ou des photographies ou tout autre type de contenu multim\u00e9dia support\u00e9 par le r\u00e9seau social. L&rsquo;utilisateur, dans tous les cas, doit en \u00eatre propri\u00e9taire, jouir des droits d&rsquo;auteur et de propri\u00e9t\u00e9 intellectuelle ou avoir le consentement des tiers concern\u00e9s. Toute publication sur la page, qu&rsquo;il s&rsquo;agisse de textes, graphiques, photographies, vid\u00e9os, etc., est express\u00e9ment interdite. qui portent atteinte ou sont susceptibles de porter atteinte aux bonnes m\u0153urs, \u00e0 l&rsquo;\u00e9thique, au bon go\u00fbt ou \u00e0 la biens\u00e9ance, et\/ou qui portent atteinte, portent atteinte ou portent atteinte aux droits de propri\u00e9t\u00e9 intellectuelle ou industrielle, au droit \u00e0 l&rsquo;image ou \u00e0 la loi. Dans ces cas, EL CARRER TURISME RURAL SL se r\u00e9serve le droit de supprimer imm\u00e9diatement le contenu et peut demander le blocage permanent de l&rsquo;utilisateur.\u00a0 EL CARRER TURISME RURAL SL ne sera pas responsable du contenu librement publi\u00e9 par un utilisateur. \u00a0 L&rsquo;utilisateur doit garder \u00e0 l&rsquo;esprit que ses publications seront connues des autres utilisateurs, c&rsquo;est pourquoi il est lui-m\u00eame le premier responsable de sa vie priv\u00e9e. \u00a0 Les images pouvant \u00eatre publi\u00e9es sur la page ne seront stock\u00e9es dans aucun fichier par EL CARRER TURISME RURAL SL, mais elles resteront sur le r\u00e9seau social. \u00a0<\/p>\r\n<p>[vc_empty_space height=\u00a0\u00bb50px\u00a0\u00bb]<\/p>\r\n<h2>Concours et promotions<\/h2>\r\n<p>[vc_separator type=\u00a0\u00bbsmall\u00a0\u00bb position=\u00a0\u00bbleft\u00a0\u00bb up=\u00a0\u00bb15&Prime; down=\u00a0\u00bb40&Prime; color=\u00a0\u00bb#000000&Prime; transparency=\u00a0\u00bb1&Prime; thickness=\u00a0\u00bb2&Prime; width=\u00a0\u00bb100&Prime;]<\/p>\r\n<p>EL CARRER TURISME RURAL SL se r\u00e9serve le droit d&rsquo;organiser des concours et des promotions, auxquels l&rsquo;utilisateur li\u00e9 \u00e0 sa page peut participer. Les bases de chacun d&rsquo;eux, lorsque la plateforme du R\u00e9seau Social sera utilis\u00e9e \u00e0 cet effet, y seront publi\u00e9es. Toujours conforme au LSSI-CE et \u00e0 toute autre norme applicable. \u00a0 Le r\u00e9seau social ne sponsorise, n\u2019approuve ni n\u2019administre, de quelque mani\u00e8re que ce soit, aucune de nos promotions, et n\u2019est associ\u00e9 \u00e0 aucune d\u2019entre elles. \u00a0 [vc_empty_space height=\u00a0\u00bb50px\u00a0\u00bb]<\/p>\r\n<h2>Publicit\u00e9<\/h2>\r\n<p>[vc_separator type=\u00a0\u00bbsmall\u00a0\u00bb position=\u00a0\u00bbleft\u00a0\u00bb up=\u00a0\u00bb15&Prime; down=\u00a0\u00bb40&Prime; color=\u00a0\u00bb#000000&Prime; transparency=\u00a0\u00bb1&Prime; thickness=\u00a0\u00bb2&Prime; width=\u00a0\u00bb100&Prime;]<\/p>\r\n<p>EL CARRER TURISME RURAL SL utilisera le r\u00e9seau social pour faire la publicit\u00e9 de ses produits et services. Dans tous les cas, si elle d\u00e9cide de traiter vos donn\u00e9es de contact pour mener des actions de prospection commerciale directe, elle sera toujours en conformit\u00e9 avec les exigences l\u00e9gales du RGPD et du LSSI-CE.. \u00a0 Recommander la page EL CARRER TURISME RURAL SL \u00e0 d&rsquo;autres utilisateurs afin qu&rsquo;ils puissent \u00e9galement profiter des promotions ou \u00eatre inform\u00e9s de son activit\u00e9 n&rsquo;est pas consid\u00e9r\u00e9 comme de la publicit\u00e9. \u00a0 Ci-dessous nous d\u00e9taillons le lien vers la politique de confidentialit\u00e9 du r\u00e9seau social:<\/p>\r\n<p>&nbsp;<\/p>\r\n<ul>\r\n<li style=\"list-style-type: none;\">\r\n<ul>\r\n<li style=\"list-style-type: none;\">\r\n<ul>\r\n<li><strong>Facebook:<\/strong>\u00a0<a href=\"https:\/\/www.facebook.com\/help\/323540651073243\/\" target=\"_blank\" rel=\"noopener noreferrer\">https:\/\/www.facebook.com\/help\/323540651073243\/<\/a><\/li>\r\n<li><strong>Instagram:<\/strong>\u00a0<a href=\"http:\/\/instagram.com\/about\/legal\/privacy\/\" target=\"_blank\" rel=\"noopener noreferrer\">http:\/\/instagram.com\/about\/legal\/privacy\/<\/a><\/li>\r\n<\/ul>\r\n<\/li>\r\n<\/ul>\r\n<\/li>\r\n<\/ul>\r\n\r\n<p>&nbsp;<\/p>\r\n<p>[\/vc_column_text][\/vc_column][\/vc_row]<\/p><\/div>","protected":false},"excerpt":{"rendered":"<p>[vc_row css_animation=\u00a0\u00bb\u00a0\u00bb row_type=\u00a0\u00bbrow\u00a0\u00bb use_row_as_full_screen_section=\u00a0\u00bbno\u00a0\u00bb type=\u00a0\u00bbfull_width\u00a0\u00bb angled_section=\u00a0\u00bbno\u00a0\u00bb text_align=\u00a0\u00bbleft\u00a0\u00bb background_image_as_pattern=\u00a0\u00bbwithout_pattern\u00a0\u00bb z_index=\u00a0\u00bb\u00a0\u00bb][vc_column][vc_single_image image=\u00a0\u00bb1341&Prime; img_size=\u00a0\u00bbfull\u00a0\u00bb alignment=\u00a0\u00bbcenter\u00a0\u00bb qode_css_animation=\u00a0\u00bb\u00a0\u00bb][\/vc_column][\/vc_row][vc_row css_animation=\u00a0\u00bb\u00a0\u00bb row_type=\u00a0\u00bbrow\u00a0\u00bb use_row_as_full_screen_section=\u00a0\u00bbno\u00a0\u00bb type=\u00a0\u00bbgrid\u00a0\u00bb angled_section=\u00a0\u00bbno\u00a0\u00bb text_align=\u00a0\u00bbleft\u00a0\u00bb background_image_as_pattern=\u00a0\u00bbwithout_pattern\u00a0\u00bb z_index=\u00a0\u00bb\u00a0\u00bb padding_top=\u00a0\u00bb30&Prime;][vc_column][vc_column_text] Accueil &gt; Politique de confidentialit\u00e9 r\u00e9seaux sociaux [\/vc_column_text][\/vc_column][\/vc_row][vc_row css_animation=\u00a0\u00bb\u00a0\u00bb row_type=\u00a0\u00bbrow\u00a0\u00bb use_row_as_full_screen_section=\u00a0\u00bbno\u00a0\u00bb type=\u00a0\u00bbgrid\u00a0\u00bb angled_section=\u00a0\u00bbno\u00a0\u00bb text_align=\u00a0\u00bbleft\u00a0\u00bb background_image_as_pattern=\u00a0\u00bbwithout_pattern\u00a0\u00bb z_index=\u00a0\u00bb\u00a0\u00bb padding_top=\u00a0\u00bb50&Prime; padding_bottom=\u00a0\u00bb75&Prime; anchor=\u00a0\u00bbinici\u00a0\u00bb][vc_column][vc_column_text css=\u00a0\u00bb\u00a0\u00bb] Politique de confidentialit\u00e9&hellip; <a class=\"continue\" href=\"https:\/\/www.maselcarrer.com\/fr\/accueil\/politique-de-confidentialite-reseaux-sociaux\/\">CONTINUAR >><span> Politique de confidentialit\u00e9 r\u00e9seaux sociaux<\/span><\/a><\/p>\n","protected":false},"author":1,"featured_media":0,"parent":1585,"menu_order":0,"comment_status":"closed","ping_status":"open","template":"full_width.php","meta":{"_joinchat":[],"footnotes":""},"class_list":["post-1629","page","type-page","status-publish","hentry"],"_links":{"self":[{"href":"https:\/\/www.maselcarrer.com\/fr\/wp-json\/wp\/v2\/pages\/1629","targetHints":{"allow":["GET"]}}],"collection":[{"href":"https:\/\/www.maselcarrer.com\/fr\/wp-json\/wp\/v2\/pages"}],"about":[{"href":"https:\/\/www.maselcarrer.com\/fr\/wp-json\/wp\/v2\/types\/page"}],"author":[{"embeddable":true,"href":"https:\/\/www.maselcarrer.com\/fr\/wp-json\/wp\/v2\/users\/1"}],"replies":[{"embeddable":true,"href":"https:\/\/www.maselcarrer.com\/fr\/wp-json\/wp\/v2\/comments?post=1629"}],"version-history":[{"count":3,"href":"https:\/\/www.maselcarrer.com\/fr\/wp-json\/wp\/v2\/pages\/1629\/revisions"}],"predecessor-version":[{"id":2226,"href":"https:\/\/www.maselcarrer.com\/fr\/wp-json\/wp\/v2\/pages\/1629\/revisions\/2226"}],"up":[{"embeddable":true,"href":"https:\/\/www.maselcarrer.com\/fr\/wp-json\/wp\/v2\/pages\/1585"}],"wp:attachment":[{"href":"https:\/\/www.maselcarrer.com\/fr\/wp-json\/wp\/v2\/media?parent=1629"}],"curies":[{"name":"wp","href":"https:\/\/api.w.org\/{rel}","templated":true}]}}