{"id":1619,"date":"2023-08-30T13:40:42","date_gmt":"2023-08-30T11:40:42","guid":{"rendered":"https:\/\/www.maselcarrer.com\/?page_id=1619"},"modified":"2025-03-24T17:49:11","modified_gmt":"2025-03-24T15:49:11","slug":"declaration-daccessibilite","status":"publish","type":"page","link":"https:\/\/www.maselcarrer.com\/fr\/accueil\/declaration-daccessibilite\/","title":{"rendered":"D\u00e9claration d&rsquo;accessibilit\u00e9"},"content":{"rendered":"<div class=\"wpb-content-wrapper\"><p>[vc_row css_animation=\u00a0\u00bb\u00a0\u00bb row_type=\u00a0\u00bbrow\u00a0\u00bb use_row_as_full_screen_section=\u00a0\u00bbno\u00a0\u00bb type=\u00a0\u00bbfull_width\u00a0\u00bb angled_section=\u00a0\u00bbno\u00a0\u00bb text_align=\u00a0\u00bbleft\u00a0\u00bb background_image_as_pattern=\u00a0\u00bbwithout_pattern\u00a0\u00bb z_index=\u00a0\u00bb\u00a0\u00bb][vc_column][vc_single_image image=\u00a0\u00bb1341&Prime; img_size=\u00a0\u00bbfull\u00a0\u00bb alignment=\u00a0\u00bbcenter\u00a0\u00bb qode_css_animation=\u00a0\u00bb\u00a0\u00bb][\/vc_column][\/vc_row][vc_row css_animation=\u00a0\u00bb\u00a0\u00bb row_type=\u00a0\u00bbrow\u00a0\u00bb use_row_as_full_screen_section=\u00a0\u00bbno\u00a0\u00bb type=\u00a0\u00bbgrid\u00a0\u00bb angled_section=\u00a0\u00bbno\u00a0\u00bb text_align=\u00a0\u00bbleft\u00a0\u00bb background_image_as_pattern=\u00a0\u00bbwithout_pattern\u00a0\u00bb z_index=\u00a0\u00bb\u00a0\u00bb padding_top=\u00a0\u00bb30&Prime;][vc_column][vc_column_text]<\/p>\r\n<p style=\"text-align: right;\"><a href=\"\/fr\">Accueil<\/a> &gt; D\u00e9claration d&rsquo;accessibilit\u00e9<\/p>\r\n<p>[\/vc_column_text][\/vc_column][\/vc_row][vc_row css_animation=\u00a0\u00bb\u00a0\u00bb row_type=\u00a0\u00bbrow\u00a0\u00bb use_row_as_full_screen_section=\u00a0\u00bbno\u00a0\u00bb type=\u00a0\u00bbgrid\u00a0\u00bb angled_section=\u00a0\u00bbno\u00a0\u00bb text_align=\u00a0\u00bbleft\u00a0\u00bb background_image_as_pattern=\u00a0\u00bbwithout_pattern\u00a0\u00bb z_index=\u00a0\u00bb\u00a0\u00bb padding_top=\u00a0\u00bb50&Prime; padding_bottom=\u00a0\u00bb75&Prime; anchor=\u00a0\u00bbinici\u00a0\u00bb][vc_column][vc_column_text css=\u00a0\u00bb\u00a0\u00bb]<\/p>\r\n\r\n<h1 class=\"wp-block-heading\">D\u00e9claration d&rsquo;accessibilit\u00e9<\/h1>\r\n<p>[vc_empty_space height=\u00a0\u00bb75px\u00a0\u00bb]<\/p>\r\n<p>EL CARRER TURISME RURAL SL s&rsquo;est engag\u00e9 \u00e0 rendre son site Web accessible, conform\u00e9ment au d\u00e9cret royal 1112\/2018 du 7 septembre sur l&rsquo;accessibilit\u00e9 des sites Web et des applications pour les appareils mobiles du secteur public. \u00a0 Cette d\u00e9claration d&rsquo;accessibilit\u00e9 s&rsquo;applique au site https:\/\/www.maselcarrer.com:<\/p>\r\n<div class=\"vc_empty_space\">[vc_empty_space height=\u00a0\u00bb50px\u00a0\u00bb]<\/div>\r\n<h2>Statut de conformit\u00e9<\/h2>\r\n<div class=\"separator small left \">[vc_separator type=\u00a0\u00bbsmall\u00a0\u00bb position=\u00a0\u00bbleft\u00a0\u00bb up=\u00a0\u00bb15&Prime; down=\u00a0\u00bb40&Prime; color=\u00a0\u00bb#000000&Prime; transparency=\u00a0\u00bb1&Prime; thickness=\u00a0\u00bb2&Prime; width=\u00a0\u00bb100&Prime;]<\/div>\r\n<p>Ce site Internet est conforme au RD 1112\/2018.<\/p>\r\n<div class=\"vc_empty_space\">[vc_empty_space height=\u00a0\u00bb50px\u00a0\u00bb]<\/div>\r\n<h2>Pr\u00e9paration de cette d\u00e9claration d&rsquo;accessibilit\u00e9<\/h2>\r\n<div class=\"separator small left \">[vc_separator type=\u00a0\u00bbsmall\u00a0\u00bb position=\u00a0\u00bbleft\u00a0\u00bb up=\u00a0\u00bb15&Prime; down=\u00a0\u00bb40&Prime; color=\u00a0\u00bb#000000&Prime; transparency=\u00a0\u00bb1&Prime; thickness=\u00a0\u00bb2&Prime; width=\u00a0\u00bb100&Prime;]<\/div>\r\n<p>Cette d\u00e9claration a \u00e9t\u00e9 pr\u00e9par\u00e9e le 6 novembre 2023 \u00a0 La m\u00e9thode utilis\u00e9e pour pr\u00e9parer la d\u00e9claration a \u00e9t\u00e9 une auto-\u00e9valuation r\u00e9alis\u00e9e par EL CARRER TURISME RURAL SL.<\/p>\r\n<div class=\"vc_empty_space\">[vc_empty_space height=\u00a0\u00bb50px\u00a0\u00bb]<\/div>\r\n<h2>Observations et coordonn\u00e9es<\/h2>\r\n<div class=\"separator small left \">[vc_separator type=\u00a0\u00bbsmall\u00a0\u00bb position=\u00a0\u00bbleft\u00a0\u00bb up=\u00a0\u00bb15&Prime; down=\u00a0\u00bb40&Prime; color=\u00a0\u00bb#000000&Prime; transparency=\u00a0\u00bb1&Prime; thickness=\u00a0\u00bb2&Prime; width=\u00a0\u00bb100&Prime;]<\/div>\r\n<p>Vous pouvez effectuer des communications sur les exigences d&rsquo;accessibilit\u00e9 (article 10.2.a de l&rsquo;AR 1112\/2018) telles que:<\/p>\r\n<p>&nbsp;<\/p>\r\n<ul>\r\n<li style=\"list-style-type: none;\">\r\n<ul>\r\n<li style=\"list-style-type: none;\">\r\n<ul>\r\n<li>Signalez toute violation \u00e9ventuelle de ce site Web.<\/li>\r\n<li>Transmettre d\u2019autres difficult\u00e9s d\u2019acc\u00e8s au contenu.<\/li>\r\n<li>Posez toute autre question ou suggestion d\u2019am\u00e9lioration concernant l\u2019accessibilit\u00e9 du site Web.<\/li>\r\n<\/ul>\r\n<\/li>\r\n<\/ul>\r\n<\/li>\r\n<\/ul>\r\n<p>&nbsp;<\/p>\r\n<p>via le <strong><a href=\"\/fr\/contact\">formulaire de contact<\/a><\/strong> sur ce site Web ou via le num\u00e9ro de t\u00e9l\u00e9phone (+34) 676 156 958. \u00a0 Les plaintes et r\u00e9clamations concernant les informations accessibles seront formul\u00e9es via ce formulaire et seront re\u00e7ues et trait\u00e9es par EL CARRER TURISME RURAL SL.<\/p>\r\n<div class=\"vc_empty_space\">[vc_empty_space height=\u00a0\u00bb50px\u00a0\u00bb]<\/div>\r\n<h2>Proc\u00e9dure de demande<\/h2>\r\n<div class=\"separator small left \">[vc_separator type=\u00a0\u00bbsmall\u00a0\u00bb position=\u00a0\u00bbleft\u00a0\u00bb up=\u00a0\u00bb15&Prime; down=\u00a0\u00bb40&Prime; color=\u00a0\u00bb#000000&Prime; transparency=\u00a0\u00bb1&Prime; thickness=\u00a0\u00bb2&Prime; width=\u00a0\u00bb100&Prime;]<\/div>\r\n<p>Si, une fois qu&rsquo;une demande d&rsquo;information accessible ou une plainte a \u00e9t\u00e9 pr\u00e9sent\u00e9e, elle a \u00e9t\u00e9 rejet\u00e9e, la d\u00e9cision prise n&rsquo;est pas accept\u00e9e ou la r\u00e9ponse ne r\u00e9pond pas aux exigences \u00e9nonc\u00e9es \u00e0 l&rsquo;article 12.5, la personne int\u00e9ress\u00e9e peut introduire une r\u00e9clamation. De m\u00eame, une r\u00e9clamation pourra \u00eatre initi\u00e9e si le d\u00e9lai de vingt jours ouvr\u00e9s s&rsquo;est \u00e9coul\u00e9 sans avoir re\u00e7u de r\u00e9ponse. \u00a0 La r\u00e9clamation peut \u00eatre soumise via informacio@marmuntanya.com, ainsi que le reste des options incluses dans la loi 39\/2015 du 1er octobre sur la proc\u00e9dure administrative commune des administrations publiques. \u00a0 Les r\u00e9clamations seront re\u00e7ues et trait\u00e9es par EL CARRER TURISME RURAL SL.<\/p>\r\n<div class=\"vc_empty_space\">[vc_empty_space height=\u00a0\u00bb50px\u00a0\u00bb]<\/div>\r\n<h2>Contenu facultatif<\/h2>\r\n<div class=\"separator small left \">[vc_separator type=\u00a0\u00bbsmall\u00a0\u00bb position=\u00a0\u00bbleft\u00a0\u00bb up=\u00a0\u00bb15&Prime; down=\u00a0\u00bb40&Prime; color=\u00a0\u00bb#000000&Prime; transparency=\u00a0\u00bb1&Prime; thickness=\u00a0\u00bb2&Prime; width=\u00a0\u00bb100&Prime;]<\/div>\r\n<p>Ce portail est con\u00e7u pour modifier la taille et la couleur du texte, ainsi que l&rsquo;arri\u00e8re-plan de la page \u00e0 l&rsquo;aide des param\u00e8tres standard du navigateur. \u00a0 Si vous souhaitez modifier la taille de la police du texte dans les principaux navigateurs graphiques, utilisez les menus suivants:<\/p>\r\n<ul>\r\n<li style=\"list-style-type: none;\">\r\n<ul>\r\n<li style=\"list-style-type: none;\">\r\n<ul>\r\n<li>Internet Explorer, Mozilla et Firefox : Affichage &gt; Taille du texte<\/li>\r\n<li>Opera : Affichage &gt; Zoom<\/li>\r\n<li>Safari : Affichage &gt; Agrandir le texte<\/li>\r\n<li>Chrome : Contr\u00f4ler la page actuelle &gt; Taille du texte<\/li>\r\n<li>Pour tout redimensionner sur la page :\r\n<ul>\r\n<li style=\"list-style-type: none;\">\r\n<ul>\r\n<li>Ctrl++ pour l&rsquo;augmenter<\/li>\r\n<li>Ctrl + \u2013 pour le diminuer<\/li>\r\n<li>Ctrl + 0 restaure la taille du texte d&rsquo;origine<\/li>\r\n<li>Si vous souhaitez remplacer la feuille de style ou modifier la couleur du texte, vous pouvez consulter la page Comment changer la taille ou les couleurs du texte du WAI, qui peut \u00eatre lue traduite en espagnol dans Comment changer la taille ou les couleurs du texte ?<\/li>\r\n<\/ul>\r\n<\/li>\r\n<\/ul>\r\n<\/li>\r\n<\/ul>\r\n<\/li>\r\n<\/ul>\r\n<\/li>\r\n<\/ul>\r\n<p>[\/vc_column_text][\/vc_column][\/vc_row]<\/p><\/div>","protected":false},"excerpt":{"rendered":"<p>[vc_row css_animation=\u00a0\u00bb\u00a0\u00bb row_type=\u00a0\u00bbrow\u00a0\u00bb use_row_as_full_screen_section=\u00a0\u00bbno\u00a0\u00bb type=\u00a0\u00bbfull_width\u00a0\u00bb angled_section=\u00a0\u00bbno\u00a0\u00bb text_align=\u00a0\u00bbleft\u00a0\u00bb background_image_as_pattern=\u00a0\u00bbwithout_pattern\u00a0\u00bb z_index=\u00a0\u00bb\u00a0\u00bb][vc_column][vc_single_image image=\u00a0\u00bb1341&Prime; img_size=\u00a0\u00bbfull\u00a0\u00bb alignment=\u00a0\u00bbcenter\u00a0\u00bb qode_css_animation=\u00a0\u00bb\u00a0\u00bb][\/vc_column][\/vc_row][vc_row css_animation=\u00a0\u00bb\u00a0\u00bb row_type=\u00a0\u00bbrow\u00a0\u00bb use_row_as_full_screen_section=\u00a0\u00bbno\u00a0\u00bb type=\u00a0\u00bbgrid\u00a0\u00bb angled_section=\u00a0\u00bbno\u00a0\u00bb text_align=\u00a0\u00bbleft\u00a0\u00bb background_image_as_pattern=\u00a0\u00bbwithout_pattern\u00a0\u00bb z_index=\u00a0\u00bb\u00a0\u00bb padding_top=\u00a0\u00bb30&Prime;][vc_column][vc_column_text] Accueil &gt; D\u00e9claration d&rsquo;accessibilit\u00e9 [\/vc_column_text][\/vc_column][\/vc_row][vc_row css_animation=\u00a0\u00bb\u00a0\u00bb row_type=\u00a0\u00bbrow\u00a0\u00bb use_row_as_full_screen_section=\u00a0\u00bbno\u00a0\u00bb type=\u00a0\u00bbgrid\u00a0\u00bb angled_section=\u00a0\u00bbno\u00a0\u00bb text_align=\u00a0\u00bbleft\u00a0\u00bb background_image_as_pattern=\u00a0\u00bbwithout_pattern\u00a0\u00bb z_index=\u00a0\u00bb\u00a0\u00bb padding_top=\u00a0\u00bb50&Prime; padding_bottom=\u00a0\u00bb75&Prime; anchor=\u00a0\u00bbinici\u00a0\u00bb][vc_column][vc_column_text css=\u00a0\u00bb\u00a0\u00bb] D\u00e9claration d&rsquo;accessibilit\u00e9 [vc_empty_space height=\u00a0\u00bb75px\u00a0\u00bb] EL CARRER&hellip; <a class=\"continue\" href=\"https:\/\/www.maselcarrer.com\/fr\/accueil\/declaration-daccessibilite\/\">CONTINUAR >><span> D\u00e9claration d&rsquo;accessibilit\u00e9<\/span><\/a><\/p>\n","protected":false},"author":1,"featured_media":0,"parent":1585,"menu_order":0,"comment_status":"closed","ping_status":"open","template":"full_width.php","meta":{"_joinchat":[],"footnotes":""},"class_list":["post-1619","page","type-page","status-publish","hentry"],"_links":{"self":[{"href":"https:\/\/www.maselcarrer.com\/fr\/wp-json\/wp\/v2\/pages\/1619","targetHints":{"allow":["GET"]}}],"collection":[{"href":"https:\/\/www.maselcarrer.com\/fr\/wp-json\/wp\/v2\/pages"}],"about":[{"href":"https:\/\/www.maselcarrer.com\/fr\/wp-json\/wp\/v2\/types\/page"}],"author":[{"embeddable":true,"href":"https:\/\/www.maselcarrer.com\/fr\/wp-json\/wp\/v2\/users\/1"}],"replies":[{"embeddable":true,"href":"https:\/\/www.maselcarrer.com\/fr\/wp-json\/wp\/v2\/comments?post=1619"}],"version-history":[{"count":4,"href":"https:\/\/www.maselcarrer.com\/fr\/wp-json\/wp\/v2\/pages\/1619\/revisions"}],"predecessor-version":[{"id":2234,"href":"https:\/\/www.maselcarrer.com\/fr\/wp-json\/wp\/v2\/pages\/1619\/revisions\/2234"}],"up":[{"embeddable":true,"href":"https:\/\/www.maselcarrer.com\/fr\/wp-json\/wp\/v2\/pages\/1585"}],"wp:attachment":[{"href":"https:\/\/www.maselcarrer.com\/fr\/wp-json\/wp\/v2\/media?parent=1619"}],"curies":[{"name":"wp","href":"https:\/\/api.w.org\/{rel}","templated":true}]}}