{"id":1613,"date":"2023-08-29T10:55:13","date_gmt":"2023-08-29T08:55:13","guid":{"rendered":"https:\/\/www.maselcarrer.com\/?page_id=1613"},"modified":"2025-03-14T17:17:36","modified_gmt":"2025-03-14T15:17:36","slug":"mentions-legales","status":"publish","type":"page","link":"https:\/\/www.maselcarrer.com\/fr\/accueil\/mentions-legales\/","title":{"rendered":"Mentions l\u00e9gales"},"content":{"rendered":"<div class=\"wpb-content-wrapper\"><p>[vc_row css_animation=\u00a0\u00bb\u00a0\u00bb row_type=\u00a0\u00bbrow\u00a0\u00bb use_row_as_full_screen_section=\u00a0\u00bbno\u00a0\u00bb type=\u00a0\u00bbfull_width\u00a0\u00bb angled_section=\u00a0\u00bbno\u00a0\u00bb text_align=\u00a0\u00bbleft\u00a0\u00bb background_image_as_pattern=\u00a0\u00bbwithout_pattern\u00a0\u00bb z_index=\u00a0\u00bb\u00a0\u00bb][vc_column][vc_single_image image=\u00a0\u00bb1341&Prime; img_size=\u00a0\u00bbfull\u00a0\u00bb alignment=\u00a0\u00bbcenter\u00a0\u00bb qode_css_animation=\u00a0\u00bb\u00a0\u00bb][\/vc_column][\/vc_row][vc_row css_animation=\u00a0\u00bb\u00a0\u00bb row_type=\u00a0\u00bbrow\u00a0\u00bb use_row_as_full_screen_section=\u00a0\u00bbno\u00a0\u00bb type=\u00a0\u00bbgrid\u00a0\u00bb angled_section=\u00a0\u00bbno\u00a0\u00bb text_align=\u00a0\u00bbleft\u00a0\u00bb background_image_as_pattern=\u00a0\u00bbwithout_pattern\u00a0\u00bb z_index=\u00a0\u00bb\u00a0\u00bb padding_top=\u00a0\u00bb30&Prime;][vc_column][vc_column_text]<\/p>\r\n<p style=\"text-align: right;\"><a href=\"\/fr\">Accueil<\/a> &gt; Mentions l\u00e9gales<\/p>\r\n<p>[\/vc_column_text][\/vc_column][\/vc_row][vc_row css_animation=\u00a0\u00bb\u00a0\u00bb row_type=\u00a0\u00bbrow\u00a0\u00bb use_row_as_full_screen_section=\u00a0\u00bbno\u00a0\u00bb type=\u00a0\u00bbgrid\u00a0\u00bb angled_section=\u00a0\u00bbno\u00a0\u00bb text_align=\u00a0\u00bbleft\u00a0\u00bb background_image_as_pattern=\u00a0\u00bbwithout_pattern\u00a0\u00bb z_index=\u00a0\u00bb\u00a0\u00bb padding_top=\u00a0\u00bb50&Prime; padding_bottom=\u00a0\u00bb75&Prime; anchor=\u00a0\u00bbinici\u00a0\u00bb][vc_column][vc_column_text css=\u00a0\u00bb\u00a0\u00bb]<\/p>\r\n<h1 class=\"wp-block-heading\">Mentions l\u00e9gales<\/h1>\r\n<p>[vc_empty_space height=\u00a0\u00bb75px\u00a0\u00bb]<\/p>\r\n<p>Conform\u00e9ment \u00e0 la loi 34\/2002 du 11 juillet relative aux services de la soci\u00e9t\u00e9 de l&rsquo;information et au commerce \u00e9lectronique (LSSI-CE), EL CARRER TURISME RURAL SL informe qu&rsquo;elle est propri\u00e9taire du site Internet www.maselcarrer.com. Conform\u00e9ment aux exigences de l&rsquo;article 10 de la loi susmentionn\u00e9e, EL CARRER TURISME RURAL SL communique les donn\u00e9es suivantes :<\/p>\r\n<p>&nbsp;<\/p>\r\n<p>Le propri\u00e9taire de ce site Web est EL CARRER TURISME RURAL SL, avec CIF B75355255 et dont le si\u00e8ge social est C\/ SANT JOSEP ORIOL,7 \u2013 LA FLORESTA \u2013 08198 SANT CUGAT DEL VALL\u00c8S (BARCELONE), inscrite au Registre du Commerce, au TOMO\/I.R.U.S. 1000434609972, FOLIO 1, HOJA B 623934, INSCRIPCI\u00d3N 1. L&rsquo;adresse e-mail pour contacter l&rsquo;entreprise est : informacio@marmuntanya.com.<\/p>\r\n<p>&nbsp;<\/p>\r\n<p>[vc_empty_space height=\u00a0\u00bb50px\u00a0\u00bb]<\/p>\r\n<h2>R\u00e9gime d&rsquo;utilisation et de responsabilit\u00e9<\/h2>\r\n<p>[vc_separator type=\u00a0\u00bbsmall\u00a0\u00bb position=\u00a0\u00bbleft\u00a0\u00bb up=\u00a0\u00bb15&Prime; down=\u00a0\u00bb40&Prime; color=\u00a0\u00bb#000000&Prime; transparency=\u00a0\u00bb1&Prime; thickness=\u00a0\u00bb2&Prime; width=\u00a0\u00bb100&Prime;]<\/p>\r\n<p>La navigation, l&rsquo;acc\u00e8s et l&rsquo;utilisation du site Internet de EL CARRER TURISME RURAL SL conf\u00e8rent la qualit\u00e9 d&rsquo;utilisateur, par lequel vous acceptez, en naviguant sur le site Internet de EL CARRER TURISME RURAL SL, toutes les conditions d&rsquo;utilisation \u00e9tablies ici sans pr\u00e9judice de l&rsquo;application des r\u00e9glementations correspondantes de conformit\u00e9 l\u00e9gale obligatoire. le cas \u00e9ch\u00e9ant.<\/p>\r\n<p>&nbsp;<\/p>\r\n<p>Le site Internet de EL CARRER TURISME RURAL SL propose une grande vari\u00e9t\u00e9 d\u2019informations, de services et de donn\u00e9es. L&rsquo;utilisateur assume la responsabilit\u00e9 de l&rsquo;utilisation correcte du site Internet. Cette responsabilit\u00e9 s\u2019\u00e9tendra \u00e0:<\/p>\r\n<p>&nbsp;<\/p>\r\n<ul>\r\n<li style=\"list-style-type: none;\">\r\n<ul>\r\n<li style=\"list-style-type: none;\">\r\n<ul>\r\n<li>La v\u00e9racit\u00e9 et la l\u00e9galit\u00e9 des informations fournies par l&rsquo;utilisateur dans les formulaires propos\u00e9s par EL CARRER TURISME RURAL SL pour l&rsquo;acc\u00e8s \u00e0 certains contenus ou services propos\u00e9s par le site Internet.<\/li>\r\n<li>L&rsquo;utilisation des informations, services et donn\u00e9es propos\u00e9s par EL CARRER TURISME RURAL SL contraire aux dispositions des pr\u00e9sentes conditions, \u00e0 la loi, aux bonnes m\u0153urs, aux bonnes m\u0153urs ou \u00e0 l&rsquo;ordre public, ou qui, de toute autre mani\u00e8re, pourrait impliquer une atteinte aux droits de tiers ou au fonctionnement du site Web lui-m\u00eame.<\/li>\r\n<\/ul>\r\n<\/li>\r\n<\/ul>\r\n<\/li>\r\n<\/ul>\r\n<p>&nbsp;<\/p>\r\n<p>[vc_empty_space height=\u00a0\u00bb50px\u00a0\u00bb]<\/p>\r\n<h2>Politique de lien et clauses de non-responsabilit\u00e9<\/h2>\r\n<p>[vc_separator type=\u00a0\u00bbsmall\u00a0\u00bb position=\u00a0\u00bbleft\u00a0\u00bb up=\u00a0\u00bb15&Prime; down=\u00a0\u00bb40&Prime; color=\u00a0\u00bb#000000&Prime; transparency=\u00a0\u00bb1&Prime; thickness=\u00a0\u00bb2&Prime; width=\u00a0\u00bb100&Prime;]<\/p>\r\n<p>EL CARRER TURISME RURAL SL n&rsquo;est pas responsable du contenu des sites Web auxquels l&rsquo;utilisateur peut acc\u00e9der \u00e0 travers les liens \u00e9tablis sur son site Web et d\u00e9clare qu&rsquo;en aucun cas il ne proc\u00e9dera \u00e0 l&rsquo;examen ou \u00e0 l&rsquo;exercice d&rsquo;un quelconque type de contr\u00f4le sur le contenu des sites du r\u00e9seau tiers. De m\u00eame, il ne garantira pas la disponibilit\u00e9 technique, l&rsquo;exactitude, la v\u00e9racit\u00e9, la validit\u00e9 ou la l\u00e9galit\u00e9 des sites autres que sa propri\u00e9t\u00e9 et accessibles via les liens.<\/p>\r\n<p>&nbsp;<\/p>\r\n<p>EL CARRER TURISME RURAL SL d\u00e9clare avoir adopt\u00e9 toutes les mesures n\u00e9cessaires pour \u00e9viter tout pr\u00e9judice aux utilisateurs de son site Web, qui pourrait d\u00e9couler de la navigation sur son site Web. Par cons\u00e9quent, EL CARRER TURISME RURAL SL n&rsquo;est en aucun cas responsable des dommages que l&rsquo;utilisateur pourrait subir du fait de la navigation sur Internet.<\/p>\r\n<p>&nbsp;<\/p>\r\n<p>[vc_empty_space height=\u00a0\u00bb50px\u00a0\u00bb]<\/p>\r\n<h2>Modifications<\/h2>\r\n<p>[vc_separator type=\u00a0\u00bbsmall\u00a0\u00bb position=\u00a0\u00bbleft\u00a0\u00bb up=\u00a0\u00bb15&Prime; down=\u00a0\u00bb40&Prime; color=\u00a0\u00bb#000000&Prime; transparency=\u00a0\u00bb1&Prime; thickness=\u00a0\u00bb2&Prime; width=\u00a0\u00bb100&Prime;]<\/p>\r\n<p>EL CARRER TURISME RURAL SL se r\u00e9serve le droit d&rsquo;apporter toutes modifications qu&rsquo;elle jugera appropri\u00e9es, sans pr\u00e9avis, au contenu de son site Internet. Tant en ce qui concerne le contenu du site Web, que les conditions d&rsquo;utilisation du site Web ou les conditions g\u00e9n\u00e9rales de contrat. Ces modifications pourront \u00eatre effectu\u00e9es via son site Internet de toute mani\u00e8re admissible par la loi et seront obligatoires pendant la dur\u00e9e de leur publication sur le site Internet et jusqu&rsquo;\u00e0 ce qu&rsquo;elles soient valablement modifi\u00e9es par les suivantes.<\/p>\r\n<p>&nbsp;<\/p>\r\n<p>[vc_empty_space height=\u00a0\u00bb50px\u00a0\u00bb]<\/p>\r\n<h2>Services de r\u00e9servation en ligne<\/h2>\r\n<p>[vc_separator type=\u00a0\u00bbsmall\u00a0\u00bb position=\u00a0\u00bbleft\u00a0\u00bb up=\u00a0\u00bb15&Prime; down=\u00a0\u00bb40&Prime; color=\u00a0\u00bb#000000&Prime; transparency=\u00a0\u00bb1&Prime; thickness=\u00a0\u00bb2&Prime; width=\u00a0\u00bb100&Prime;]<\/p>\r\n<p>Certains contenus du site Internet de EL CARRER TURISME RURAL SL contiennent la possibilit\u00e9 de r\u00e9server en ligne. Leur utilisation n\u00e9cessitera la lecture et l&rsquo;acceptation obligatoires des conditions g\u00e9n\u00e9rales de r\u00e9servation \u00e9tablies \u00e0 cet effet par EL CARRER TURISME RURAL SL.<\/p>\r\n<p>&nbsp;<\/p>\r\n<p>[vc_empty_space height=\u00a0\u00bb50px\u00a0\u00bb]<\/p>\r\n<h2>Protection de donn\u00e9es<\/h2>\r\n<p>[vc_separator type=\u00a0\u00bbsmall\u00a0\u00bb position=\u00a0\u00bbleft\u00a0\u00bb up=\u00a0\u00bb15&Prime; down=\u00a0\u00bb40&Prime; color=\u00a0\u00bb#000000&Prime; transparency=\u00a0\u00bb1&Prime; thickness=\u00a0\u00bb2&Prime; width=\u00a0\u00bb100&Prime;]<\/p>\r\n<p>Conform\u00e9ment \u00e0 la r\u00e9glementation en vigueur et applicable en mati\u00e8re de protection des donn\u00e9es personnelles, nous vous informons que vos donn\u00e9es seront incorpor\u00e9es dans le syst\u00e8me de traitement appartenant \u00e0 EL CARRER TURISME RURAL SL avec CIF B75355255 et dont le si\u00e8ge social est situ\u00e9 C\/ SANT JOSEP ORIOL,7 \u2013 LA FLORESTA \u2013 08198 SANT CUGAT DEL VALL\u00c8S (BARCELONE), et leurs objectifs respectifs, p\u00e9riodes de conservation et bases de l\u00e9gitimation sont indiqu\u00e9s ci-dessous. Pour les traitements qui le n\u00e9cessitent, vous \u00eates \u00e9galement inform\u00e9 de l&rsquo;\u00e9ventuelle cr\u00e9ation de profils et de d\u00e9cisions automatis\u00e9es, ainsi que des \u00e9ventuelles missions et transferts internationaux que EL CARRER TURISME RURAL SL envisage d&rsquo;effectuer:<\/p>\r\n<p>&nbsp;<\/p>\r\n<ul>\r\n<li style=\"list-style-type: none;\">\r\n<ul>\r\n<li style=\"list-style-type: none;\">\r\n<ul>\r\n<li><strong>Finalit\u00e9:<\/strong> R\u00e9pondre \u00e0 vos interrogations et\/ou demandes et installation de cookies.<\/li>\r\n<li><strong>Dur\u00e9e de conservation:<\/strong> Tant que le consentement donn\u00e9 est maintenu.<\/li>\r\n<li><strong>Base l\u00e9gitime:<\/strong> Le consentement de l&rsquo;int\u00e9ress\u00e9.<\/li>\r\n<\/ul>\r\n<\/li>\r\n<\/ul>\r\n<\/li>\r\n<\/ul>\r\n<p>&nbsp;<\/p>\r\n<p>Conform\u00e9ment aux droits qui vous sont conf\u00e9r\u00e9s par la r\u00e9glementation en vigueur et applicable en mati\u00e8re de protection des donn\u00e9es, vous pouvez exercer les droits d&rsquo;acc\u00e8s, de rectification, de limitation du traitement, de suppression (\u00ab droit \u00e0 l&rsquo;oubli \u00bb), de portabilit\u00e9 et d&rsquo;opposition au traitement de vos donn\u00e9es personnelles. . ainsi que la r\u00e9vocation du consentement donn\u00e9 pour leur traitement, en adressant votre demande \u00e0 l&rsquo;adresse postale C\/ SANT JOSEP ORIOL,7 \u2013 LA FLORESTA \u2013 08198 SANT CUGAT DEL VALL\u00c8S (BARCELONA) ou \u00e0 l&#8217;email INFORMACIO@MARMUNTANYA.COM . Vous pouvez contacter l&rsquo;autorit\u00e9 de contr\u00f4le comp\u00e9tente pour pr\u00e9senter la r\u00e9clamation que vous jugez appropri\u00e9e.<\/p>\r\n<p>&nbsp;<\/p>\r\n<p>Les donn\u00e9es identifi\u00e9es par une marque (*) sont consid\u00e9r\u00e9es comme des champs obligatoires et obligatoires, par cons\u00e9quent elles seront consid\u00e9r\u00e9es comme n\u00e9cessaires pour r\u00e9aliser les finalit\u00e9s mentionn\u00e9es ci-dessus.<\/p>\r\n<p>[vc_empty_space height=\u00a0\u00bb50px\u00a0\u00bb]<\/p>\r\n<h2>Propri\u00e9t\u00e9 intellectuelle et industrielle<\/h2>\r\n<p>[vc_separator type=\u00a0\u00bbsmall\u00a0\u00bb position=\u00a0\u00bbleft\u00a0\u00bb up=\u00a0\u00bb15&Prime; down=\u00a0\u00bb40&Prime; color=\u00a0\u00bb#000000&Prime; transparency=\u00a0\u00bb1&Prime; thickness=\u00a0\u00bb2&Prime; width=\u00a0\u00bb100&Prime;]<\/p>\r\n<p>EL CARRER TURISME RURAL SL, seule ou en tant que cessionnaire, est propri\u00e9taire de tous les droits de propri\u00e9t\u00e9 intellectuelle et industrielle de son site Internet, ainsi que des \u00e9l\u00e9ments qui y sont contenus (\u00e0 titre d&rsquo;exemple, images, sons, audio, vid\u00e9o, logiciels ou textes). , marques ou logos, combinaisons de couleurs, structure et design, s\u00e9lection des mat\u00e9riaux utilis\u00e9s, programmes informatiques n\u00e9cessaires \u00e0 son fonctionnement, acc\u00e8s et utilisation, etc.), propri\u00e9t\u00e9 de EL CARRER TURISME RURAL SL. Il s&rsquo;agira donc d&rsquo;\u0153uvres prot\u00e9g\u00e9es en tant que propri\u00e9t\u00e9 intellectuelle par le syst\u00e8me juridique espagnol ; les r\u00e9glementations espagnole et communautaire dans ce domaine seront applicables, ainsi que les trait\u00e9s internationaux en la mati\u00e8re et sign\u00e9s par l&rsquo;Espagne.<\/p>\r\n<p>&nbsp;<\/p>\r\n<p>Tous droits r\u00e9serv\u00e9s. En vertu des dispositions de la Loi sur la Propri\u00e9t\u00e9 Intellectuelle, la reproduction, la distribution et la communication publique, y compris le mode de mise \u00e0 disposition, de tout ou partie du contenu de ce site Web, \u00e0 des fins commerciales, de quelque mani\u00e8re que ce soit, sont express\u00e9ment interdites. support et par tout moyen technique, sans l&rsquo;autorisation de EL CARRER TURISME RURAL SL.<\/p>\r\n<p>&nbsp;<\/p>\r\n<p>L&rsquo;utilisateur s&rsquo;engage \u00e0 respecter les droits de propri\u00e9t\u00e9 intellectuelle et industrielle d\u00e9tenus par EL CARRER TURISME RURAL SL. Vous pourrez visualiser les \u00e9l\u00e9ments du portail et m\u00eame les imprimer, les copier et les stocker sur le disque dur de votre ordinateur ou sur tout autre support physique pour autant que ce soit, uniquement et exclusivement, pour votre usage personnel et priv\u00e9. L&rsquo;utilisateur doit s&rsquo;abstenir de supprimer, alt\u00e9rer, \u00e9luder ou manipuler tout dispositif de protection ou syst\u00e8me de s\u00e9curit\u00e9 install\u00e9 sur les pages de EL CARRER TURISME RURAL SL.<\/p>\r\n<p>[vc_empty_space height=\u00a0\u00bb50px\u00a0\u00bb]<\/p>\r\n<h2>Actions judiciaires, l\u00e9gislation applicable et juridiction<\/h2>\r\n<p>[vc_separator type=\u00a0\u00bbsmall\u00a0\u00bb position=\u00a0\u00bbleft\u00a0\u00bb up=\u00a0\u00bb15&Prime; down=\u00a0\u00bb40&Prime; color=\u00a0\u00bb#000000&Prime; transparency=\u00a0\u00bb1&Prime; thickness=\u00a0\u00bb2&Prime; width=\u00a0\u00bb100&Prime;]<\/p>\r\n<p>EL CARRER TURISME RURAL SL se r\u00e9serve \u00e9galement le droit d&rsquo;engager des actions civiles ou p\u00e9nales qu&rsquo;elle juge appropri\u00e9es pour une utilisation inappropri\u00e9e de son site Web et de son contenu, ou pour le non-respect de ces conditions.<\/p>\r\n<p>&nbsp;<\/p>\r\n<p>La relation entre l&rsquo;utilisateur et le pr\u00eateur sera r\u00e9gie par la r\u00e9glementation en vigueur et applicable sur le territoire espagnol. En cas de litige, les parties pourront soumettre leurs conflits \u00e0 l&rsquo;arbitrage ou recourir \u00e0 la juridiction ordinaire, en respectant les r\u00e8gles de juridiction et de comp\u00e9tence en la mati\u00e8re. EL CARRER TURISME RURAL SL est domicili\u00e9e \u00e0 SANT CUGAT DEL VALL\u00c8S, Espagne.<\/p>\r\n<p>[\/vc_column_text][\/vc_column][\/vc_row]<\/p><\/div>","protected":false},"excerpt":{"rendered":"<p>[vc_row css_animation=\u00a0\u00bb\u00a0\u00bb row_type=\u00a0\u00bbrow\u00a0\u00bb use_row_as_full_screen_section=\u00a0\u00bbno\u00a0\u00bb type=\u00a0\u00bbfull_width\u00a0\u00bb angled_section=\u00a0\u00bbno\u00a0\u00bb text_align=\u00a0\u00bbleft\u00a0\u00bb background_image_as_pattern=\u00a0\u00bbwithout_pattern\u00a0\u00bb z_index=\u00a0\u00bb\u00a0\u00bb][vc_column][vc_single_image image=\u00a0\u00bb1341&Prime; img_size=\u00a0\u00bbfull\u00a0\u00bb alignment=\u00a0\u00bbcenter\u00a0\u00bb qode_css_animation=\u00a0\u00bb\u00a0\u00bb][\/vc_column][\/vc_row][vc_row css_animation=\u00a0\u00bb\u00a0\u00bb row_type=\u00a0\u00bbrow\u00a0\u00bb use_row_as_full_screen_section=\u00a0\u00bbno\u00a0\u00bb type=\u00a0\u00bbgrid\u00a0\u00bb angled_section=\u00a0\u00bbno\u00a0\u00bb text_align=\u00a0\u00bbleft\u00a0\u00bb background_image_as_pattern=\u00a0\u00bbwithout_pattern\u00a0\u00bb z_index=\u00a0\u00bb\u00a0\u00bb padding_top=\u00a0\u00bb30&Prime;][vc_column][vc_column_text] Accueil &gt; Mentions l\u00e9gales [\/vc_column_text][\/vc_column][\/vc_row][vc_row css_animation=\u00a0\u00bb\u00a0\u00bb row_type=\u00a0\u00bbrow\u00a0\u00bb use_row_as_full_screen_section=\u00a0\u00bbno\u00a0\u00bb type=\u00a0\u00bbgrid\u00a0\u00bb angled_section=\u00a0\u00bbno\u00a0\u00bb text_align=\u00a0\u00bbleft\u00a0\u00bb background_image_as_pattern=\u00a0\u00bbwithout_pattern\u00a0\u00bb z_index=\u00a0\u00bb\u00a0\u00bb padding_top=\u00a0\u00bb50&Prime; padding_bottom=\u00a0\u00bb75&Prime; anchor=\u00a0\u00bbinici\u00a0\u00bb][vc_column][vc_column_text css=\u00a0\u00bb\u00a0\u00bb] Mentions l\u00e9gales [vc_empty_space height=\u00a0\u00bb75px\u00a0\u00bb] Conform\u00e9ment \u00e0&hellip; <a class=\"continue\" href=\"https:\/\/www.maselcarrer.com\/fr\/accueil\/mentions-legales\/\">CONTINUAR >><span> Mentions l\u00e9gales<\/span><\/a><\/p>\n","protected":false},"author":1,"featured_media":0,"parent":1585,"menu_order":0,"comment_status":"closed","ping_status":"open","template":"full_width.php","meta":{"_joinchat":[],"footnotes":""},"class_list":["post-1613","page","type-page","status-publish","hentry"],"_links":{"self":[{"href":"https:\/\/www.maselcarrer.com\/fr\/wp-json\/wp\/v2\/pages\/1613","targetHints":{"allow":["GET"]}}],"collection":[{"href":"https:\/\/www.maselcarrer.com\/fr\/wp-json\/wp\/v2\/pages"}],"about":[{"href":"https:\/\/www.maselcarrer.com\/fr\/wp-json\/wp\/v2\/types\/page"}],"author":[{"embeddable":true,"href":"https:\/\/www.maselcarrer.com\/fr\/wp-json\/wp\/v2\/users\/1"}],"replies":[{"embeddable":true,"href":"https:\/\/www.maselcarrer.com\/fr\/wp-json\/wp\/v2\/comments?post=1613"}],"version-history":[{"count":5,"href":"https:\/\/www.maselcarrer.com\/fr\/wp-json\/wp\/v2\/pages\/1613\/revisions"}],"predecessor-version":[{"id":2213,"href":"https:\/\/www.maselcarrer.com\/fr\/wp-json\/wp\/v2\/pages\/1613\/revisions\/2213"}],"up":[{"embeddable":true,"href":"https:\/\/www.maselcarrer.com\/fr\/wp-json\/wp\/v2\/pages\/1585"}],"wp:attachment":[{"href":"https:\/\/www.maselcarrer.com\/fr\/wp-json\/wp\/v2\/media?parent=1613"}],"curies":[{"name":"wp","href":"https:\/\/api.w.org\/{rel}","templated":true}]}}