{"id":1605,"date":"2023-10-24T15:51:35","date_gmt":"2023-10-24T13:51:35","guid":{"rendered":"https:\/\/www.maselcarrer.com\/?page_id=1605"},"modified":"2023-11-06T12:38:25","modified_gmt":"2023-11-06T10:38:25","slug":"que-faire-a-la-garrotxa","status":"publish","type":"page","link":"https:\/\/www.maselcarrer.com\/fr\/que-faire-a-la-garrotxa\/","title":{"rendered":"Que faire"},"content":{"rendered":"<div class=\"wpb-content-wrapper\"><p>[vc_row css_animation=\u00a0\u00bb\u00a0\u00bb row_type=\u00a0\u00bbrow\u00a0\u00bb use_row_as_full_screen_section=\u00a0\u00bbno\u00a0\u00bb type=\u00a0\u00bbfull_width\u00a0\u00bb angled_section=\u00a0\u00bbno\u00a0\u00bb text_align=\u00a0\u00bbleft\u00a0\u00bb background_image_as_pattern=\u00a0\u00bbwithout_pattern\u00a0\u00bb z_index=\u00a0\u00bb\u00a0\u00bb][vc_column][vc_single_image image=\u00a0\u00bb1365&Prime; img_size=\u00a0\u00bbfull\u00a0\u00bb alignment=\u00a0\u00bbcenter\u00a0\u00bb qode_css_animation=\u00a0\u00bb\u00a0\u00bb][\/vc_column][\/vc_row][vc_row css_animation=\u00a0\u00bb\u00a0\u00bb row_type=\u00a0\u00bbrow\u00a0\u00bb use_row_as_full_screen_section=\u00a0\u00bbno\u00a0\u00bb type=\u00a0\u00bbgrid\u00a0\u00bb angled_section=\u00a0\u00bbno\u00a0\u00bb text_align=\u00a0\u00bbleft\u00a0\u00bb background_image_as_pattern=\u00a0\u00bbwithout_pattern\u00a0\u00bb z_index=\u00a0\u00bb\u00a0\u00bb padding_top=\u00a0\u00bb30&Prime;][vc_column][vc_column_text]<\/p>\n<p style=\"text-align: right;\"><a href=\"\/fr\">Accueil<\/a> &gt;&gt; Que faire \u00e0 La Garrotxa<\/p>\n<p>[\/vc_column_text][\/vc_column][\/vc_row][vc_row css_animation=\u00a0\u00bb\u00a0\u00bb row_type=\u00a0\u00bbrow\u00a0\u00bb use_row_as_full_screen_section=\u00a0\u00bbno\u00a0\u00bb type=\u00a0\u00bbgrid\u00a0\u00bb angled_section=\u00a0\u00bbno\u00a0\u00bb text_align=\u00a0\u00bbleft\u00a0\u00bb background_image_as_pattern=\u00a0\u00bbwithout_pattern\u00a0\u00bb padding_top=\u00a0\u00bb50&Prime; padding_bottom=\u00a0\u00bb50&Prime; z_index=\u00a0\u00bb\u00a0\u00bb anchor=\u00a0\u00bbinici\u00a0\u00bb][vc_column css=\u00a0\u00bb.vc_custom_1698067055206{padding-right: 10% !important;}\u00a0\u00bb][vc_column_text]<\/p>\n<p style=\"text-align: left; font-family: 'Kalam', sans-serif; font-size: 23px; color: #966931; font-weight: 400; line-height: 1;\">Activit\u00e9s \u00e0 faire dans la Garrotxa avec les enfants, la famille et\/ou les amis<\/p>\n<p>[\/vc_column_text][vc_empty_space height=\u00a0\u00bb12px\u00a0\u00bb][vc_column_text]<\/p>\n<h1>Que faire \u00e0 La Garrotxa<\/h1>\n<p>[\/vc_column_text][vc_empty_space height=\u00a0\u00bb35px\u00a0\u00bb][vc_column_text]<strong>La Garrotxa<\/strong> est une r\u00e9gion pleine de possibilit\u00e9s pour r\u00e9aliser des <strong>activit\u00e9s dans la nature<\/strong>, d\u00e9couvrir des <strong>volcans<\/strong> tels que <strong>Santa Margarita, <\/strong> strong&gt;visitez la <strong>Fageda d&rsquo;en Jord\u00e0<\/strong>, faites de la <strong>randonn\u00e9e<\/strong> ou du <strong>VTT<\/strong>, visitez de charmantes villes comme la <strong>ville m\u00e9di\u00e9vale de Santa Pau<\/strong>, ou le pont et la ville de <strong>Besal\u00fa<\/strong>, en passant bien s\u00fbr par <strong>Olot<\/strong>, la capitale de la r\u00e9gion avec un bon attrait gastronomique et culturel et commercial.[\/vc_column_text][vc_empty_space height=\u00a0\u00bb35px\u00a0\u00bb]<a  itemprop=\"url\" href=\"https:\/\/fr.turismegarrotxa.com\/accueil\/\" target=\"_blank\"  class=\"qbutton  default\" style=\"\">VISITE TOURISTIQUE DE GARROTXA<\/a>[\/vc_column][\/vc_row][vc_row css_animation=\u00a0\u00bb\u00a0\u00bb row_type=\u00a0\u00bbrow\u00a0\u00bb use_row_as_full_screen_section=\u00a0\u00bbno\u00a0\u00bb type=\u00a0\u00bbfull_width\u00a0\u00bb angled_section=\u00a0\u00bbno\u00a0\u00bb text_align=\u00a0\u00bbleft\u00a0\u00bb background_image_as_pattern=\u00a0\u00bbwithout_pattern\u00a0\u00bb][vc_column][vc_separator type=\u00a0\u00bbnormal\u00a0\u00bb color=\u00a0\u00bb#000000&Prime; thickness=\u00a0\u00bb1&Prime; up=\u00a0\u00bb0&Prime; down=\u00a0\u00bb0&Prime;][\/vc_column][\/vc_row][vc_row css_animation=\u00a0\u00bb\u00a0\u00bb row_type=\u00a0\u00bbrow\u00a0\u00bb use_row_as_full_screen_section=\u00a0\u00bbno\u00a0\u00bb type=\u00a0\u00bbgrid\u00a0\u00bb angled_section=\u00a0\u00bbno\u00a0\u00bb text_align=\u00a0\u00bbleft\u00a0\u00bb background_image_as_pattern=\u00a0\u00bbwithout_pattern\u00a0\u00bb padding_top=\u00a0\u00bb75&Prime; padding_bottom=\u00a0\u00bb75&Prime; z_index=\u00a0\u00bb\u00a0\u00bb][vc_column css=\u00a0\u00bb.vc_custom_1698067055206{padding-right: 10% !important;}\u00a0\u00bb][vc_column_text]<\/p>\n<h2>Pr\u00e8s de Mas El Carrer et Planademunt<\/h2>\n<p>[\/vc_column_text][vc_empty_space height=\u00a0\u00bb10&Prime;][vc_column_text]<strong>ACTIVIT\u00c9S \u00c0 FAIRE AVEC LES ENFANTS, LA FAMILLE OU LES AMIS \u00c0 MOINS DE 10 MINUTES EN VOITURE DES MAISONS<\/strong>[\/vc_column_text][vc_empty_space height=\u00a0\u00bb75&Prime;][vc_row_inner row_type=\u00a0\u00bbrow\u00a0\u00bb type=\u00a0\u00bbfull_width\u00a0\u00bb text_align=\u00a0\u00bbleft\u00a0\u00bb css_animation=\u00a0\u00bb\u00a0\u00bb padding_bottom=\u00a0\u00bb75&Prime;][vc_column_inner width=\u00a0\u00bb1\/2&Prime;][vc_single_image image=\u00a0\u00bb1375&Prime; img_size=\u00a0\u00bbfull\u00a0\u00bb qode_css_animation=\u00a0\u00bb\u00a0\u00bb][vc_empty_space height=\u00a0\u00bb35&Prime;][vc_column_text]<\/p>\n<h3>Santa Pau<\/h3>\n<p>[\/vc_column_text][vc_empty_space height=\u00a0\u00bb25&Prime;][vc_column_text]La ville m\u00e9di\u00e9vale de Santa Pau est situ\u00e9e au milieu du parc naturel de la zone volcanique de La Garrotxa. La ville conserve l&rsquo;enceinte de la vieille ville, avec un aspect et des caract\u00e9ristiques m\u00e9di\u00e9vales tr\u00e8s marqu\u00e9es. Se distingue la place principale ou Firal dels Bous, une place \u00e0 portiques dispos\u00e9e autour du ch\u00e2teau. Il convient \u00e9galement de noter l&rsquo;\u00e9glise de Santa Maria et l&rsquo;ensemble des rues \u00e9troites qui m\u00e8nent au Portal de Mar.[\/vc_column_text][vc_empty_space height=\u00a0\u00bb50&Prime;]<a  itemprop=\"url\" href=\"https:\/\/visitsantapau.com\/\" target=\"_self\"  class=\"qbutton  default\" style=\"\">VISIT SANTA PAU<\/a>[vc_empty_space height=\u00a0\u00bb10&Prime;]<a  itemprop=\"url\" href=\"https:\/\/www.strava.com\/activities\/9028979589?share_sig=FVYCNRP01698157742&#038;utm_medium=social&#038;utm_source=android_share\" target=\"_blank\"  class=\"qbutton  default\" style=\"\">ITIN\u00c9RAIRE \u00c0 PIED VERS SANTA PAU<\/a>[vc_empty_space height=\u00a0\u00bb50&Prime;][\/vc_column_inner][vc_column_inner width=\u00a0\u00bb1\/2&Prime;][vc_single_image image=\u00a0\u00bb1384&Prime; img_size=\u00a0\u00bbfull\u00a0\u00bb qode_css_animation=\u00a0\u00bb\u00a0\u00bb][vc_empty_space height=\u00a0\u00bb35&Prime;][vc_column_text]<\/p>\n<h3>Fageda d&rsquo;en Jord\u00e0<\/h3>\n<p>[\/vc_column_text][vc_empty_space height=\u00a0\u00bb25&Prime;][vc_column_text]La Fageda d&rsquo;en Jord\u00e0, l&rsquo;une des 26 r\u00e9serves naturelles du Parc Naturel, se d\u00e9veloppe sur la coul\u00e9e de lave du volcan Croscat qui s&rsquo;\u00e9tend \u00e0 travers les communes de Santa Pau, Olot et Les Preses. For\u00eat de h\u00eatres exceptionnelle \u00e0 pousser sur la coul\u00e9e de lave du volcan Croscat, dans un endroit plat, avec des collines douces (tozules), et \u00e0 550 m d&rsquo;altitude.[\/vc_column_text][vc_empty_space height=\u00a0\u00bb50&Prime;]<a  itemprop=\"url\" href=\"https:\/\/parcsnaturals.gencat.cat\/es\/xarxa-de-parcs\/garrotxa\/inici\/index.html\" target=\"_blank\"  class=\"qbutton  default\" style=\"\">ZONE VOLCANIQUE DU PARC NATUREL<\/a>[vc_empty_space height=\u00a0\u00bb10&Prime;]<a  itemprop=\"url\" href=\"https:\/\/parcsnaturals.gencat.cat\/es\/xarxa-de-parcs\/garrotxa\/gaudeix-del-parc\/equipaments-i-itineraris\/itineraris\/num2\/index.html\" target=\"_blank\"  class=\"qbutton  default\" style=\"\">CHEMIN JOAN MARAGALL<\/a>[\/vc_column_inner][\/vc_row_inner][vc_row_inner row_type=\u00a0\u00bbrow\u00a0\u00bb type=\u00a0\u00bbfull_width\u00a0\u00bb text_align=\u00a0\u00bbleft\u00a0\u00bb css_animation=\u00a0\u00bb\u00a0\u00bb][vc_column_inner width=\u00a0\u00bb1\/2&Prime;][vc_single_image image=\u00a0\u00bb1392&Prime; img_size=\u00a0\u00bbfull\u00a0\u00bb qode_css_animation=\u00a0\u00bb\u00a0\u00bb][vc_empty_space height=\u00a0\u00bb35&Prime;][vc_column_text]<\/p>\n<h3>Volcan Santa Margarida<\/h3>\n<p>[\/vc_column_text][vc_empty_space height=\u00a0\u00bb25&Prime;][vc_column_text]C&rsquo;est un volcan mixte, qui a connu des phases \u00e9ruptives de type strombolien et phr\u00e9atomagmatique. Ces derni\u00e8res sont explosives, et celle survenue \u00e0 Santa Margarita a ouvert, lors de son explosion, un grand crat\u00e8re circulaire, \u00e0 l&rsquo;int\u00e9rieur duquel se trouve l&rsquo;ermitage qui donne son nom au volcan. \u00c0 l&rsquo;exception du crat\u00e8re, qui est aujourd&rsquo;hui une prairie, le reste du volcan est couvert de for\u00eats, de ch\u00eanes verts au soleil et de feuillus mixtes \u00e0 l&rsquo;ombre.[\/vc_column_text][vc_empty_space height=\u00a0\u00bb50&Prime;]<a  itemprop=\"url\" href=\"https:\/\/parcsnaturals.gencat.cat\/es\/xarxa-de-parcs\/garrotxa\/gaudeix-del-parc\/equipaments-i-itineraris\/itineraris\/num3b\/index.html\" target=\"_blank\"  class=\"qbutton  default\" style=\"\">DE SANTA PAU AU VOLCAN<\/a>[vc_empty_space height=\u00a0\u00bb10&Prime;]<a  itemprop=\"url\" href=\"https:\/\/parcsnaturals.gencat.cat\/es\/xarxa-de-parcs\/garrotxa\/gaudeix-del-parc\/equipaments-i-itineraris\/itineraris\/num3b\/index.html\" target=\"_blank\"  class=\"qbutton  default\" style=\"\">PARCOURS \u00c0 TRAVERS LA FAGEDA ET LE VOLCAN<\/a>[vc_empty_space height=\u00a0\u00bb50&Prime;][\/vc_column_inner][vc_column_inner width=\u00a0\u00bb1\/2&Prime;][vc_single_image image=\u00a0\u00bb1399&Prime; img_size=\u00a0\u00bbfull\u00a0\u00bb qode_css_animation=\u00a0\u00bb\u00a0\u00bb][vc_empty_space height=\u00a0\u00bb35&Prime;][vc_column_text]<\/p>\n<h3>Volcan Croscat<\/h3>\n<p>[\/vc_column_text][vc_empty_space height=\u00a0\u00bb25&Prime;][vc_column_text]La zone des crevasses du volcan Croscat a \u00e9t\u00e9 restaur\u00e9e en 1995, afin d&rsquo;am\u00e9nager la zone d\u00e9grad\u00e9e. Le Croscat est le plus jeune volcan de la zone volcanique de La Garrotxa. Il y a eu deux \u00e9ruptions, la premi\u00e8re et la plus importante il y a 17 000 ans, et la seconde il y a 11 500 ans. L&rsquo;\u00e9mission de laves fluides et une s\u00e9rie d&rsquo;explosions de violence mod\u00e9r\u00e9e ont donn\u00e9 naissance \u00e0 un crat\u00e8re en forme de fer \u00e0 cheval.[\/vc_column_text][vc_empty_space height=\u00a0\u00bb50&Prime;]<a  itemprop=\"url\" href=\"https:\/\/parcsnaturals.gencat.cat\/es\/xarxa-de-parcs\/garrotxa\/gaudeix-del-parc\/equipaments-i-itineraris\/itineraris\/num15\/index.html\" target=\"_blank\"  class=\"qbutton  default\" style=\"\">CROSCAT G\u00c9N\u00c9RATEURS<\/a>[\/vc_column_inner][\/vc_row_inner][\/vc_column][\/vc_row][vc_row css_animation=\u00a0\u00bb\u00a0\u00bb row_type=\u00a0\u00bbrow\u00a0\u00bb use_row_as_full_screen_section=\u00a0\u00bbno\u00a0\u00bb type=\u00a0\u00bbfull_width\u00a0\u00bb angled_section=\u00a0\u00bbno\u00a0\u00bb text_align=\u00a0\u00bbleft\u00a0\u00bb background_image_as_pattern=\u00a0\u00bbwithout_pattern\u00a0\u00bb][vc_column][vc_separator type=\u00a0\u00bbnormal\u00a0\u00bb color=\u00a0\u00bb#000000&Prime; thickness=\u00a0\u00bb1&Prime; up=\u00a0\u00bb0&Prime; down=\u00a0\u00bb0&Prime;][\/vc_column][\/vc_row][vc_row css_animation=\u00a0\u00bb\u00a0\u00bb row_type=\u00a0\u00bbrow\u00a0\u00bb use_row_as_full_screen_section=\u00a0\u00bbno\u00a0\u00bb type=\u00a0\u00bbgrid\u00a0\u00bb angled_section=\u00a0\u00bbno\u00a0\u00bb text_align=\u00a0\u00bbleft\u00a0\u00bb background_image_as_pattern=\u00a0\u00bbwithout_pattern\u00a0\u00bb padding_top=\u00a0\u00bb75&Prime; padding_bottom=\u00a0\u00bb75&Prime; z_index=\u00a0\u00bb\u00a0\u00bb][vc_column css=\u00a0\u00bb.vc_custom_1698067055206{padding-right: 10% !important;}\u00a0\u00bb][vc_column_text]<\/p>\n<h2>Un peu plus loin de Mas El Carrer et Planademunt<\/h2>\n<p>[\/vc_column_text][vc_empty_space height=\u00a0\u00bb10&Prime;][vc_column_text]<strong>ACTIVIT\u00c9S \u00c0 FAIRE AVEC LES ENFANTS, LA FAMILLE OU LES AMIS \u00c0 PLUS DE 10 MINUTES EN VOITURE DES MAISONS<\/strong>[\/vc_column_text][vc_empty_space height=\u00a0\u00bb75&Prime;][vc_row_inner row_type=\u00a0\u00bbrow\u00a0\u00bb type=\u00a0\u00bbfull_width\u00a0\u00bb text_align=\u00a0\u00bbleft\u00a0\u00bb css_animation=\u00a0\u00bb\u00a0\u00bb padding_bottom=\u00a0\u00bb75&Prime;][vc_column_inner width=\u00a0\u00bb1\/2&Prime;][vc_single_image image=\u00a0\u00bb1408&Prime; img_size=\u00a0\u00bbfull\u00a0\u00bb qode_css_animation=\u00a0\u00bb\u00a0\u00bb][vc_empty_space height=\u00a0\u00bb35&Prime;][vc_column_text]<\/p>\n<h3>Olot<\/h3>\n<p>[\/vc_column_text][vc_empty_space height=\u00a0\u00bb25&Prime;][vc_column_text]Vivre parmi les volcans fait partie du quotidien des habitants d&rsquo;Olot, \u00e9tant donn\u00e9 que la ville est situ\u00e9e dans le parc naturel de la zone volcanique de la Garrotxa. Il y a quatre volcans, parmi lesquels se distingue Montsacopa, une tour de guet au milieu de la ville. L&rsquo;architecture moderniste et les promenades bord\u00e9es d&rsquo;arbres sont les \u00e9l\u00e9ments de la ville qui captivent le plus par leur beaut\u00e9.[\/vc_column_text][vc_empty_space height=\u00a0\u00bb50&Prime;]<a  itemprop=\"url\" href=\"https:\/\/www.turismeolot.com\/es\/\" target=\"_self\"  class=\"qbutton  default\" style=\"\">TOURISME OLOT<\/a>[vc_empty_space height=\u00a0\u00bb50&Prime;][\/vc_column_inner][vc_column_inner width=\u00a0\u00bb1\/2&Prime;][vc_single_image image=\u00a0\u00bb1412&Prime; img_size=\u00a0\u00bbfull\u00a0\u00bb qode_css_animation=\u00a0\u00bb\u00a0\u00bb][vc_empty_space height=\u00a0\u00bb35&Prime;][vc_column_text]<\/p>\n<h3>Besal\u00fa<\/h3>\n<p>[\/vc_column_text][vc_empty_space height=\u00a0\u00bb25&Prime;][vc_column_text]La vieille ville de Besal\u00fa est une \u0153uvre d\u00e9clar\u00e9e bien culturel d\u2019int\u00e9r\u00eat national. En 1979, il a \u00e9t\u00e9 d\u00e9clar\u00e9 \u00ab complexe national \u00bb pour sa grande valeur architecturale. Il reste des vestiges \u00e9pars des murs et des fortifications de Besal\u00fa m\u00e9di\u00e9vale, souvent \u00e0 l&rsquo;int\u00e9rieur de b\u00e2timents ult\u00e9rieurs. On sait que les premi\u00e8res murailles prot\u00e9geaient le ch\u00e2teau comtal et ses d\u00e9pendances.[\/vc_column_text][vc_empty_space height=\u00a0\u00bb50&Prime;]<a  itemprop=\"url\" href=\"https:\/\/www.rutaspirineos.org\/rutas\/circuit-de-besalu-beuda\" target=\"_blank\"  class=\"qbutton  default\" style=\"\">ITIN\u00c9RAIRE AUTOUR DE BESAL\u00da<\/a>[\/vc_column_inner][\/vc_row_inner][vc_row_inner row_type=\u00a0\u00bbrow\u00a0\u00bb type=\u00a0\u00bbfull_width\u00a0\u00bb text_align=\u00a0\u00bbleft\u00a0\u00bb css_animation=\u00a0\u00bb\u00a0\u00bb][vc_column_inner width=\u00a0\u00bb1\/2&Prime;][vc_single_image image=\u00a0\u00bb1417&Prime; img_size=\u00a0\u00bbfull\u00a0\u00bb qode_css_animation=\u00a0\u00bb\u00a0\u00bb][vc_empty_space height=\u00a0\u00bb35&Prime;][vc_column_text]<\/p>\n<h3>Castellfollir de la Roca<\/h3>\n<p>[\/vc_column_text][vc_empty_space height=\u00a0\u00bb25&Prime;][vc_column_text]Les b\u00e2timents de la ville sont principalement construits avec des mat\u00e9riaux volcaniques. Le trottoir et les meubles de la vieille ville sont en basalte, une roche qui se forme lorsque la lave refroidit. Nous pouvons voir une falaise basaltique de 40 m de hauteur form\u00e9e par la lave de deux coul\u00e9es des volcans Olot et Begud\u00e0.[\/vc_column_text][vc_empty_space height=\u00a0\u00bb50&Prime;]<a  itemprop=\"url\" href=\"https:\/\/parcsnaturals.gencat.cat\/es\/xarxa-de-parcs\/garrotxa\/gaudeix-del-parc\/equipaments-i-itineraris\/itineraris\/num13\/index.html\" target=\"_blank\"  class=\"qbutton  default\" style=\"\">RISCAL DE CASTELLFOLLIT<\/a>[vc_empty_space height=\u00a0\u00bb50&Prime;][\/vc_column_inner][vc_column_inner width=\u00a0\u00bb1\/2&Prime;][vc_single_image image=\u00a0\u00bb1423&Prime; img_size=\u00a0\u00bbfull\u00a0\u00bb qode_css_animation=\u00a0\u00bb\u00a0\u00bb][vc_empty_space height=\u00a0\u00bb35&Prime;][vc_column_text]<\/p>\n<h3>Itin\u00e9raires cyclables et p\u00e9destres<\/h3>\n<p>[\/vc_column_text][vc_empty_space height=\u00a0\u00bb25&Prime;][vc_column_text]D\u00e9couvrez diff\u00e9rents itin\u00e9raires de voie verte \u00e0 faire \u00e0 v\u00e9lo ou \u00e0 pied. Vous pourrez profiter de kilom\u00e8tres d\u2019infrastructures ferroviaires d\u00e9saffect\u00e9es transform\u00e9es en itin\u00e9raires de cyclotourisme et de randonn\u00e9e. Nous vous mettons \u00e9galement en relation avec de nombreux autres itin\u00e9raires p\u00e9destres et cyclables.[\/vc_column_text][vc_empty_space height=\u00a0\u00bb50&Prime;]<a  itemprop=\"url\" href=\"https:\/\/fr.turismegarrotxa.com\/quoi-faire\/a-velo\/\" target=\"_blank\"  class=\"qbutton  default\" style=\"\">PISTES CYCLABLES<\/a>[vc_empty_space height=\u00a0\u00bb10&Prime;]<a  itemprop=\"url\" href=\"https:\/\/www.itinerannia.net\/fr\/\" target=\"_blank\"  class=\"qbutton  default\" style=\"\">ITIN\u00c9RAIRES \u00c0 PIED<\/a>[\/vc_column_inner][\/vc_row_inner][\/vc_column][\/vc_row][vc_row css_animation=\u00a0\u00bb\u00a0\u00bb row_type=\u00a0\u00bbrow\u00a0\u00bb use_row_as_full_screen_section=\u00a0\u00bbno\u00a0\u00bb type=\u00a0\u00bbfull_width\u00a0\u00bb angled_section=\u00a0\u00bbno\u00a0\u00bb text_align=\u00a0\u00bbleft\u00a0\u00bb background_image_as_pattern=\u00a0\u00bbwithout_pattern\u00a0\u00bb][vc_column][vc_separator type=\u00a0\u00bbnormal\u00a0\u00bb color=\u00a0\u00bb#000000&Prime; thickness=\u00a0\u00bb1&Prime; up=\u00a0\u00bb0&Prime; down=\u00a0\u00bb0&Prime;][\/vc_column][\/vc_row][vc_row css_animation=\u00a0\u00bb\u00a0\u00bb row_type=\u00a0\u00bbrow\u00a0\u00bb use_row_as_full_screen_section=\u00a0\u00bbno\u00a0\u00bb type=\u00a0\u00bbgrid\u00a0\u00bb angled_section=\u00a0\u00bbno\u00a0\u00bb text_align=\u00a0\u00bbleft\u00a0\u00bb background_image_as_pattern=\u00a0\u00bbwithout_pattern\u00a0\u00bb z_index=\u00a0\u00bb\u00a0\u00bb el_class=\u00a0\u00bbposicio\u00a0\u00bb padding_top=\u00a0\u00bb50&Prime;][vc_column][vc_column_text]<\/p>\n<h2 style=\"text-align: center;\">R\u00e9servez votre s\u00e9jour d\u00e8s maintenant!<\/h2>\n<p>[\/vc_column_text][vc_empty_space height=\u00a0\u00bb50px\u00a0\u00bb][vc_raw_html]JTNDc2NyaXB0JTIwdHlwZSUzRCUyMnRleHQlMkZqYXZhc2NyaXB0JTIyJTIwc3JjJTNEJTIyaHR0cHMlM0ElMkYlMkZib29rb25saW5lLnBybyUyRndpZGdldHMlMkZzZWFyY2glMkZkaXN0JTJGaW5kZXguanMlMjIlMjBkZWZlciUzRSUzQyUyRnNjcmlwdCUzRSUwQSUyMCUyMCUyMCUyMCUzQ2RpdiUyMGRhdGEtYWNjb21tb2RhdGlvbnMtZmlsdGVyJTNEJTIybm9uZSUyMiUyMGRhdGEtdGFyZ2V0JTNEJTIyX2JsYW5rJTIyJTIwY2xhc3MlM0QlMjJhdmFpYm9vay1zZWFyY2gtd2lkZ2V0JTIyJTIwZGF0YS13aWRnZXQtaWQlM0QlMjIzMjIwMSUyMiUyMGRhdGEtd2lkZ2V0LXRva2VuJTNEJTIyOFlrc3JFc2djQndoWTNsUWVjZDMlMkJ3JTNEJTNEJTIyJTIwZGF0YS1iYWNrZ3JvdW5kLWNvbG9yJTNEJTIyJTIzRkZGRkZGJTIyJTIwZGF0YS1tYWluLWNvbG9yJTNEJTIyJTIzOTY2OTMxJTIyJTIwZGF0YS1ib3JkZXItcmFkaXVzJTNEJTIyMHB4JTIyJTIwZGF0YS1zaGFkb3clM0QlMjIwJTIwMnB4JTIwMTBweCUyMHJnYiUyODAlMjAwJTIwMCUyMCUyRiUyMDE2JTI1JTI5JTIyJTIwZGF0YS1wYWRkaW5nJTNEJTIyMXJlbSUyMiUyMGRhdGEtbGFuZ3VhZ2UlM0QlMjJmciUyMiUzRSUzQyUyRmRpdiUzRQ==[\/vc_raw_html][vc_empty_space height=\u00a0\u00bb25px\u00a0\u00bb][\/vc_column][\/vc_row][vc_row css_animation=\u00a0\u00bb\u00a0\u00bb row_type=\u00a0\u00bbrow\u00a0\u00bb use_row_as_full_screen_section=\u00a0\u00bbno\u00a0\u00bb type=\u00a0\u00bbfull_width\u00a0\u00bb angled_section=\u00a0\u00bbno\u00a0\u00bb text_align=\u00a0\u00bbleft\u00a0\u00bb background_image_as_pattern=\u00a0\u00bbwithout_pattern\u00a0\u00bb][vc_column][vc_single_image image=\u00a0\u00bb903&Prime; img_size=\u00a0\u00bbfull\u00a0\u00bb qode_css_animation=\u00a0\u00bb\u00a0\u00bb][\/vc_column][\/vc_row]<\/p>\n<\/div>","protected":false},"excerpt":{"rendered":"<p>[vc_row css_animation=\u00a0\u00bb\u00a0\u00bb row_type=\u00a0\u00bbrow\u00a0\u00bb use_row_as_full_screen_section=\u00a0\u00bbno\u00a0\u00bb type=\u00a0\u00bbfull_width\u00a0\u00bb angled_section=\u00a0\u00bbno\u00a0\u00bb text_align=\u00a0\u00bbleft\u00a0\u00bb background_image_as_pattern=\u00a0\u00bbwithout_pattern\u00a0\u00bb z_index=\u00a0\u00bb\u00a0\u00bb][vc_column][vc_single_image image=\u00a0\u00bb1365&Prime; img_size=\u00a0\u00bbfull\u00a0\u00bb alignment=\u00a0\u00bbcenter\u00a0\u00bb qode_css_animation=\u00a0\u00bb\u00a0\u00bb][\/vc_column][\/vc_row][vc_row css_animation=\u00a0\u00bb\u00a0\u00bb row_type=\u00a0\u00bbrow\u00a0\u00bb use_row_as_full_screen_section=\u00a0\u00bbno\u00a0\u00bb type=\u00a0\u00bbgrid\u00a0\u00bb angled_section=\u00a0\u00bbno\u00a0\u00bb text_align=\u00a0\u00bbleft\u00a0\u00bb background_image_as_pattern=\u00a0\u00bbwithout_pattern\u00a0\u00bb z_index=\u00a0\u00bb\u00a0\u00bb padding_top=\u00a0\u00bb30&Prime;][vc_column][vc_column_text] Accueil &gt;&gt; Que faire \u00e0 La Garrotxa [\/vc_column_text][\/vc_column][\/vc_row][vc_row css_animation=\u00a0\u00bb\u00a0\u00bb row_type=\u00a0\u00bbrow\u00a0\u00bb use_row_as_full_screen_section=\u00a0\u00bbno\u00a0\u00bb type=\u00a0\u00bbgrid\u00a0\u00bb angled_section=\u00a0\u00bbno\u00a0\u00bb text_align=\u00a0\u00bbleft\u00a0\u00bb background_image_as_pattern=\u00a0\u00bbwithout_pattern\u00a0\u00bb padding_top=\u00a0\u00bb50&Prime; padding_bottom=\u00a0\u00bb50&Prime; z_index=\u00a0\u00bb\u00a0\u00bb anchor=\u00a0\u00bbinici\u00a0\u00bb][vc_column css=\u00a0\u00bb.vc_custom_1698067055206{padding-right: 10% !important;}\u00a0\u00bb][vc_column_text] Activit\u00e9s&hellip; <a class=\"continue\" href=\"https:\/\/www.maselcarrer.com\/fr\/que-faire-a-la-garrotxa\/\">CONTINUAR >><span> Que faire<\/span><\/a><\/p>\n","protected":false},"author":1,"featured_media":0,"parent":0,"menu_order":0,"comment_status":"closed","ping_status":"closed","template":"full_width.php","meta":{"_joinchat":[],"footnotes":""},"class_list":["post-1605","page","type-page","status-publish","hentry"],"_links":{"self":[{"href":"https:\/\/www.maselcarrer.com\/fr\/wp-json\/wp\/v2\/pages\/1605","targetHints":{"allow":["GET"]}}],"collection":[{"href":"https:\/\/www.maselcarrer.com\/fr\/wp-json\/wp\/v2\/pages"}],"about":[{"href":"https:\/\/www.maselcarrer.com\/fr\/wp-json\/wp\/v2\/types\/page"}],"author":[{"embeddable":true,"href":"https:\/\/www.maselcarrer.com\/fr\/wp-json\/wp\/v2\/users\/1"}],"replies":[{"embeddable":true,"href":"https:\/\/www.maselcarrer.com\/fr\/wp-json\/wp\/v2\/comments?post=1605"}],"version-history":[{"count":6,"href":"https:\/\/www.maselcarrer.com\/fr\/wp-json\/wp\/v2\/pages\/1605\/revisions"}],"predecessor-version":[{"id":1756,"href":"https:\/\/www.maselcarrer.com\/fr\/wp-json\/wp\/v2\/pages\/1605\/revisions\/1756"}],"wp:attachment":[{"href":"https:\/\/www.maselcarrer.com\/fr\/wp-json\/wp\/v2\/media?parent=1605"}],"curies":[{"name":"wp","href":"https:\/\/api.w.org\/{rel}","templated":true}]}}