{"id":1589,"date":"2023-09-26T11:55:39","date_gmt":"2023-09-26T09:55:39","guid":{"rendered":"https:\/\/www.maselcarrer.com\/?page_id=1589"},"modified":"2024-12-13T14:11:38","modified_gmt":"2024-12-13T12:11:38","slug":"maison-de-tourisme-rural-du-mas-el-carrer","status":"publish","type":"page","link":"https:\/\/www.maselcarrer.com\/fr\/maison-de-tourisme-rural-du-mas-el-carrer\/","title":{"rendered":"Mas El Carrer"},"content":{"rendered":"<div class=\"wpb-content-wrapper\"><p>[vc_row css_animation=\u00a0\u00bb\u00a0\u00bb row_type=\u00a0\u00bbrow\u00a0\u00bb use_row_as_full_screen_section=\u00a0\u00bbno\u00a0\u00bb type=\u00a0\u00bbfull_width\u00a0\u00bb angled_section=\u00a0\u00bbno\u00a0\u00bb text_align=\u00a0\u00bbleft\u00a0\u00bb background_image_as_pattern=\u00a0\u00bbwithout_pattern\u00a0\u00bb z_index=\u00a0\u00bb\u00a0\u00bb][vc_column][vc_single_image image=\u00a0\u00bb502&Prime; img_size=\u00a0\u00bbfull\u00a0\u00bb alignment=\u00a0\u00bbcenter\u00a0\u00bb qode_css_animation=\u00a0\u00bb\u00a0\u00bb][\/vc_column][\/vc_row][vc_row css_animation=\u00a0\u00bb\u00a0\u00bb row_type=\u00a0\u00bbrow\u00a0\u00bb use_row_as_full_screen_section=\u00a0\u00bbno\u00a0\u00bb type=\u00a0\u00bbgrid\u00a0\u00bb angled_section=\u00a0\u00bbno\u00a0\u00bb text_align=\u00a0\u00bbleft\u00a0\u00bb background_image_as_pattern=\u00a0\u00bbwithout_pattern\u00a0\u00bb z_index=\u00a0\u00bb\u00a0\u00bb padding_top=\u00a0\u00bb30&Prime;][vc_column][vc_column_text]<\/p>\n<p style=\"text-align: right;\"><a href=\"\/fr\">Accueil<\/a> &gt;&gt; Mas El Carrer<\/p>\n<p>[\/vc_column_text][\/vc_column][\/vc_row][vc_row css_animation=\u00a0\u00bb\u00a0\u00bb row_type=\u00a0\u00bbrow\u00a0\u00bb use_row_as_full_screen_section=\u00a0\u00bbno\u00a0\u00bb type=\u00a0\u00bbgrid\u00a0\u00bb angled_section=\u00a0\u00bbno\u00a0\u00bb text_align=\u00a0\u00bbleft\u00a0\u00bb background_image_as_pattern=\u00a0\u00bbwithout_pattern\u00a0\u00bb padding_top=\u00a0\u00bb50&Prime; padding_bottom=\u00a0\u00bb50&Prime; z_index=\u00a0\u00bb\u00a0\u00bb anchor=\u00a0\u00bbinici\u00a0\u00bb][vc_column width=\u00a0\u00bb1\/3&Prime;][vc_column_text]<\/p>\n<p style=\"text-align: left; font-family: 'Kalam', sans-serif; font-size: 23px; color: #966931; font-weight: 400; line-height: 1;\">La tranquillit\u00e9 que vous recherchez dans le Parc Naturel de la Zone Volcanique de La Garrotxa<\/p>\n<p>[\/vc_column_text][vc_empty_space height=\u00a0\u00bb12px\u00a0\u00bb][vc_column_text]<\/p>\n<h1>Maison de tourisme rural Mas El Carrer<\/h1>\n<p>[\/vc_column_text][vc_empty_space height=\u00a0\u00bb35px\u00a0\u00bb][vc_column_text]Venez dans notre <strong>maison de tourisme rural<\/strong> en famille ou entre amis et profitez de la tranquillit\u00e9 que vous trouverez dans nos lieux, <strong>accompagn\u00e9 de vos animaux de compagnie<\/strong>. Un environnement de tourisme rural plein de possibilit\u00e9s\u00a0: <strong>excursions \u00e0 pied<\/strong>, <strong>\u00e0 cheval<\/strong>, <strong>\u00e0 v\u00e9lo<\/strong> et autres.[\/vc_column_text][vc_empty_space height=\u00a0\u00bb30px\u00a0\u00bb]<a  itemprop=\"url\" href=\"\/fr\/reservations\/\" target=\"_self\"  class=\"qbutton  default\" style=\"\">RESERVE MAINTENANT<\/a>[vc_empty_space height=\u00a0\u00bb30px\u00a0\u00bb][\/vc_column][vc_column width=\u00a0\u00bb2\/3&Prime;][vc_gallery type=\u00a0\u00bbflexslider_slide\u00a0\u00bb interval=\u00a0\u00bb10&Prime; images=\u00a0\u00bb1920,1924,1928,1932,1936,1940,1944,1948,1952,1956,1960,1964,1968,1972,1976,1980,1984,1988,1992,1996,2000,2004,2008,2012,2016,2020,2024,2028,2032,2036&Prime; img_size=\u00a0\u00bbfull\u00a0\u00bb direction_nav=\u00a0\u00bbyes\u00a0\u00bb control_nav=\u00a0\u00bbyes\u00a0\u00bb][vc_empty_space height=\u00a0\u00bb25px\u00a0\u00bb][vc_column_text css=\u00a0\u00bb.vc_custom_1698939806178{margin-top: -50px !important;}\u00a0\u00bb]<\/p>\n<p style=\"texto-align: right;\"><strong>Mas El Carrer<\/strong> est une ferme du XVIe si\u00e8cle situ\u00e9e au milieu de la vall\u00e9e d&rsquo;Arcos, sous la cha\u00eene de montagnes Finestres, dans le <strong>Parc Naturel de la Zone Volcanique de La Garrotxa<\/strong>. La ferme, parfaitement restaur\u00e9e et \u00e9quip\u00e9e, id\u00e9ale pour le <strong>tourisme rural<\/strong>, a \u00e9t\u00e9 r\u00e9nov\u00e9e en <strong>appartements de 2 et 3 chambres<\/strong>. Nous disposons d&rsquo;une maison ind\u00e9pendante, \u00ab\u00a0La Cabana\u00a0\u00bb, une ancienne grange r\u00e9nov\u00e9e et r\u00e9habilit\u00e9e avec tout le confort. Nous disposons d&rsquo;un <strong>appartement adapt\u00e9 aux besoins des personnes \u00e0 mobilit\u00e9 r\u00e9duite.<\/strong><\/p>\n<p>[\/vc_column_text][\/vc_column][\/vc_row][vc_row css_animation=\u00a0\u00bb\u00a0\u00bb row_type=\u00a0\u00bbrow\u00a0\u00bb use_row_as_full_screen_section=\u00a0\u00bbno\u00a0\u00bb type=\u00a0\u00bbfull_width\u00a0\u00bb angled_section=\u00a0\u00bbno\u00a0\u00bb text_align=\u00a0\u00bbleft\u00a0\u00bb background_image_as_pattern=\u00a0\u00bbwithout_pattern\u00a0\u00bb][vc_column][vc_separator type=\u00a0\u00bbnormal\u00a0\u00bb color=\u00a0\u00bb#000000&Prime; thickness=\u00a0\u00bb1&Prime; up=\u00a0\u00bb0&Prime; down=\u00a0\u00bb0&Prime;][\/vc_column][\/vc_row][vc_row css_animation=\u00a0\u00bb\u00a0\u00bb row_type=\u00a0\u00bbrow\u00a0\u00bb use_row_as_full_screen_section=\u00a0\u00bbno\u00a0\u00bb type=\u00a0\u00bbgrid\u00a0\u00bb angled_section=\u00a0\u00bbno\u00a0\u00bb text_align=\u00a0\u00bbleft\u00a0\u00bb background_image_as_pattern=\u00a0\u00bbwithout_pattern\u00a0\u00bb padding_top=\u00a0\u00bb75&Prime; padding_bottom=\u00a0\u00bb75&Prime; z_index=\u00a0\u00bb\u00a0\u00bb][vc_column][vc_column_text]<\/p>\n<p style=\"text-align: left; font-family: 'Kalam', sans-serif; font-size: 23px; color: #966931; font-weight: 400; line-height: 1;\">Maison de tourisme rural pour venir entre amis, en famille et avec vos animaux de compagnie!<\/p>\n<p>[\/vc_column_text][vc_empty_space height=\u00a0\u00bb12px\u00a0\u00bb][vc_column_text]<\/p>\n<h2>Allocations du Mas El Carrer<\/h2>\n<p>[\/vc_column_text][vc_empty_space height=\u00a0\u00bb12px\u00a0\u00bb][vc_column_text]La <strong>maison de tourisme rural<\/strong> de <strong>Mas El Carrer<\/strong> se compose de <strong>6 logements<\/strong>. Dans la maison de gauche, nous trouvons <strong>La Cabana<\/strong>, d&rsquo;une capacit\u00e9 de 6 personnes, un h\u00e9bergement compl\u00e8tement ind\u00e9pendant. Dans la maison de droite, nous trouvons 5 autres logements : le <strong>Baixos<\/strong> (pour 6-7 personnes) et le <strong>Verd<\/strong>, <strong>Groc<\/strong>, <strong> Blau<\/strong>et <strong>Blanc<\/strong>\u00a0(pour 4-5 personnes). Tous enti\u00e8rement \u00e9quip\u00e9s avec cuisine-salle \u00e0 manger, salle de bain et pi\u00e8ces correspondantes, pour profiter pleinement de l&rsquo;intimit\u00e9.[\/vc_column_text][\/vc_column][\/vc_row][vc_row css_animation=\u00a0\u00bb\u00a0\u00bb row_type=\u00a0\u00bbrow\u00a0\u00bb use_row_as_full_screen_section=\u00a0\u00bbno\u00a0\u00bb type=\u00a0\u00bbgrid\u00a0\u00bb angled_section=\u00a0\u00bbno\u00a0\u00bb text_align=\u00a0\u00bbleft\u00a0\u00bb background_image_as_pattern=\u00a0\u00bbwithout_pattern\u00a0\u00bb padding_top=\u00a0\u00bb0&Prime; padding_bottom=\u00a0\u00bb50&Prime; z_index=\u00a0\u00bb\u00a0\u00bb anchor=\u00a0\u00bbla-cabana\u00a0\u00bb][vc_column][vc_column_text]<\/p>\n<h2 style=\"text-align: left;\">La Cabana<\/h2>\n<p>[\/vc_column_text][vc_empty_space height=\u00a0\u00bb10&Prime;][vc_column_text]<\/p>\n<p style=\"text-align: left;\"><strong>MAISON IND\u00c9PENDANTE AVEC 3 CHAMBRES<\/strong><br \/>\n<strong>6-7 PERSONNES<\/strong><\/p>\n<p>[\/vc_column_text][vc_empty_space height=\u00a0\u00bb25&Prime;][vc_row_inner row_type=\u00a0\u00bbrow\u00a0\u00bb type=\u00a0\u00bbfull_width\u00a0\u00bb text_align=\u00a0\u00bbleft\u00a0\u00bb css_animation=\u00a0\u00bb\u00a0\u00bb][vc_column_inner width=\u00a0\u00bb1\/2&Prime;][vc_gallery type=\u00a0\u00bbflexslider_slide\u00a0\u00bb interval=\u00a0\u00bb0&Prime; images=\u00a0\u00bb2127,2131,2135,2139,2143,655,659,663,667,671,675,679,683,1703,691,1691,1695,1699,695,1687&Prime; img_size=\u00a0\u00bbfull\u00a0\u00bb direction_nav=\u00a0\u00bbyes\u00a0\u00bb control_nav=\u00a0\u00bbyes\u00a0\u00bb][\/vc_column_inner][vc_column_inner width=\u00a0\u00bb1\/2&Prime;][vc_separator type=\u00a0\u00bbnormal\u00a0\u00bb color=\u00a0\u00bb#000000&Prime; thickness=\u00a0\u00bb1&Prime; up=\u00a0\u00bb0&Prime; down=\u00a0\u00bb25&Prime;][vc_column_text]Id\u00e9al pour les personnes recherchant une plus grande intimit\u00e9. Ancienne grange r\u00e9nov\u00e9e en logement sur 2 \u00e9tages et r\u00e9habilit\u00e9e avec tout le confort.[\/vc_column_text][vc_empty_space height=\u00a0\u00bb50&Prime;][vc_column_text]<\/p>\n<p style=\"text-align: left; font-family: 'Kalam', sans-serif; font-size: 23px; color: #966931; font-weight: 400; line-height: 1;\">Caract\u00e9ristiques:<\/p>\n<p>&nbsp;<\/p>\n<ul>\n<li style=\"list-style-type: none;\">\n<ul>\n<li style=\"list-style-type: none;\">\n<ul>\n<li>Maison ind\u00e9pendante (pas de voisins).<\/li>\n<li>Logement sur deux \u00e9tages (il y a des escaliers).<\/li>\n<li>Salle \u00e0 manger avec table, canap\u00e9, t\u00e9l\u00e9vision et chemin\u00e9e.<\/li>\n<li>Cuisine enti\u00e8rement \u00e9quip\u00e9e.<\/li>\n<li>Lave-vaisselle.<\/li>\n<li>2 salles de bains (dont 1 avec baignoire).<\/li>\n<li><strong>Chambre 1:<\/strong> lit double.<\/li>\n<li><strong>Chambre 2:<\/strong> deux lits simples.<\/li>\n<li><strong>Chambre 3:<\/strong> un lit superpos\u00e9 avec deux lits.<\/li>\n<\/ul>\n<\/li>\n<\/ul>\n<\/li>\n<\/ul>\n<p>[\/vc_column_text][vc_separator type=\u00a0\u00bbnormal\u00a0\u00bb color=\u00a0\u00bb#000000&Prime; thickness=\u00a0\u00bb1&Prime; up=\u00a0\u00bb25&Prime; down=\u00a0\u00bb25&Prime;]<a  itemprop=\"url\" href=\"\/fr\/reservations\/\" target=\"_self\"  class=\"qbutton  default\" style=\"\">RESERVE MAINTENANT<\/a>[\/vc_column_inner][\/vc_row_inner][\/vc_column][\/vc_row][vc_row css_animation=\u00a0\u00bb\u00a0\u00bb row_type=\u00a0\u00bbrow\u00a0\u00bb use_row_as_full_screen_section=\u00a0\u00bbno\u00a0\u00bb type=\u00a0\u00bbfull_width\u00a0\u00bb angled_section=\u00a0\u00bbno\u00a0\u00bb text_align=\u00a0\u00bbleft\u00a0\u00bb background_image_as_pattern=\u00a0\u00bbwithout_pattern\u00a0\u00bb][vc_column][vc_separator type=\u00a0\u00bbnormal\u00a0\u00bb color=\u00a0\u00bb#000000&Prime; thickness=\u00a0\u00bb1&Prime; up=\u00a0\u00bb0&Prime; down=\u00a0\u00bb0&Prime;][\/vc_column][\/vc_row][vc_row css_animation=\u00a0\u00bb\u00a0\u00bb row_type=\u00a0\u00bbrow\u00a0\u00bb use_row_as_full_screen_section=\u00a0\u00bbno\u00a0\u00bb type=\u00a0\u00bbgrid\u00a0\u00bb angled_section=\u00a0\u00bbno\u00a0\u00bb text_align=\u00a0\u00bbleft\u00a0\u00bb background_image_as_pattern=\u00a0\u00bbwithout_pattern\u00a0\u00bb padding_top=\u00a0\u00bb50&Prime; padding_bottom=\u00a0\u00bb50&Prime; z_index=\u00a0\u00bb\u00a0\u00bb css=\u00a0\u00bb.vc_custom_1696960369665{background-color: #f9f9f9 !important;}\u00a0\u00bb anchor=\u00a0\u00bbbaixos\u00a0\u00bb][vc_column][vc_column_text]<\/p>\n<h2 style=\"text-align: left;\">Baixos<\/h2>\n<p>[\/vc_column_text][vc_empty_space height=\u00a0\u00bb10&Prime;][vc_column_text]<\/p>\n<p style=\"text-align: left;\"><strong>LOGEMENT ADAPT\u00c9 AU PIED DU JARDIN AVEC 3 CHAMBRES<\/strong><br \/>\n<strong>6-7 PERSONNES<\/strong><\/p>\n<p>[\/vc_column_text][vc_empty_space height=\u00a0\u00bb25&Prime;][vc_row_inner row_type=\u00a0\u00bbrow\u00a0\u00bb type=\u00a0\u00bbfull_width\u00a0\u00bb text_align=\u00a0\u00bbleft\u00a0\u00bb css_animation=\u00a0\u00bb\u00a0\u00bb][vc_column_inner width=\u00a0\u00bb1\/2&Prime;][vc_gallery type=\u00a0\u00bbflexslider_slide\u00a0\u00bb interval=\u00a0\u00bb0&Prime; images=\u00a0\u00bb788,792,732,736,740,744,748,752,756,760,764,768,772,776,780,784&Prime; img_size=\u00a0\u00bbfull\u00a0\u00bb direction_nav=\u00a0\u00bbyes\u00a0\u00bb control_nav=\u00a0\u00bbyes\u00a0\u00bb][\/vc_column_inner][vc_column_inner width=\u00a0\u00bb1\/2&Prime;][vc_separator type=\u00a0\u00bbnormal\u00a0\u00bb color=\u00a0\u00bb#000000&Prime; thickness=\u00a0\u00bb1&Prime; up=\u00a0\u00bb0&Prime; down=\u00a0\u00bb25&Prime;][vc_column_text]Id\u00e9al pour les familles et les personnes \u00e0 mobilit\u00e9 r\u00e9duite. Logement au pied du jardin le tout de plain-pied.[\/vc_column_text][vc_empty_space height=\u00a0\u00bb50&Prime;][vc_column_text]<\/p>\n<p style=\"text-align: left; font-family: 'Kalam', sans-serif; font-size: 23px; color: #966931; font-weight: 400; line-height: 1;\">Caract\u00e9ristiques:<\/p>\n<p>&nbsp;<\/p>\n<ul>\n<li style=\"list-style-type: none;\">\n<ul>\n<li style=\"list-style-type: none;\">\n<ul>\n<li>Logement au pied du jardin (sans escalier).<\/li>\n<li>Adapt\u00e9 aux personnes \u00e0 mobilit\u00e9 r\u00e9duite.<\/li>\n<li>Salle \u00e0 manger avec table, canap\u00e9, t\u00e9l\u00e9vision et chemin\u00e9e.<\/li>\n<li>Cuisine enti\u00e8rement \u00e9quip\u00e9e.<\/li>\n<li>Lave-vaisselle.<\/li>\n<li>Salle de bain adapt\u00e9e avec receveur de douche.<\/li>\n<li><strong>Chambre 1:<\/strong> lit double.<\/li>\n<li><strong>Chambre 2:<\/strong> deux lits simples.<\/li>\n<li><strong>Chambre 3:<\/strong> deux lits simples.<\/li>\n<\/ul>\n<\/li>\n<\/ul>\n<\/li>\n<\/ul>\n<p>[\/vc_column_text][vc_separator type=\u00a0\u00bbnormal\u00a0\u00bb color=\u00a0\u00bb#000000&Prime; thickness=\u00a0\u00bb1&Prime; up=\u00a0\u00bb25&Prime; down=\u00a0\u00bb25&Prime;]<a  itemprop=\"url\" href=\"\/fr\/reservations\/\" target=\"_self\"  class=\"qbutton  default\" style=\"\">RESERVE MAINTENANT<\/a>[\/vc_column_inner][\/vc_row_inner][\/vc_column][\/vc_row][vc_row css_animation=\u00a0\u00bb\u00a0\u00bb row_type=\u00a0\u00bbrow\u00a0\u00bb use_row_as_full_screen_section=\u00a0\u00bbno\u00a0\u00bb type=\u00a0\u00bbfull_width\u00a0\u00bb angled_section=\u00a0\u00bbno\u00a0\u00bb text_align=\u00a0\u00bbleft\u00a0\u00bb background_image_as_pattern=\u00a0\u00bbwithout_pattern\u00a0\u00bb][vc_column][vc_separator type=\u00a0\u00bbnormal\u00a0\u00bb color=\u00a0\u00bb#000000&Prime; thickness=\u00a0\u00bb1&Prime; up=\u00a0\u00bb0&Prime; down=\u00a0\u00bb0&Prime;][\/vc_column][\/vc_row][vc_row css_animation=\u00a0\u00bb\u00a0\u00bb row_type=\u00a0\u00bbrow\u00a0\u00bb use_row_as_full_screen_section=\u00a0\u00bbno\u00a0\u00bb type=\u00a0\u00bbgrid\u00a0\u00bb angled_section=\u00a0\u00bbno\u00a0\u00bb text_align=\u00a0\u00bbleft\u00a0\u00bb background_image_as_pattern=\u00a0\u00bbwithout_pattern\u00a0\u00bb padding_top=\u00a0\u00bb50&Prime; padding_bottom=\u00a0\u00bb50&Prime; z_index=\u00a0\u00bb\u00a0\u00bb anchor=\u00a0\u00bbverd\u00a0\u00bb][vc_column][vc_column_text]<\/p>\n<h2 style=\"text-align: left;\">Verd<\/h2>\n<p>[\/vc_column_text][vc_empty_space height=\u00a0\u00bb10&Prime;][vc_column_text]<\/p>\n<p style=\"text-align: left;\"><strong>LOGEMENT 2 CHAMBRES<\/strong><br \/>\n<strong>4-5 PERSONNES<\/strong><\/p>\n<p>[\/vc_column_text][vc_empty_space height=\u00a0\u00bb25&Prime;][vc_row_inner row_type=\u00a0\u00bbrow\u00a0\u00bb type=\u00a0\u00bbfull_width\u00a0\u00bb text_align=\u00a0\u00bbleft\u00a0\u00bb css_animation=\u00a0\u00bb\u00a0\u00bb][vc_column_inner width=\u00a0\u00bb1\/2&Prime;][vc_gallery type=\u00a0\u00bbflexslider_slide\u00a0\u00bb interval=\u00a0\u00bb0&Prime; images=\u00a0\u00bb979,983,987,991,995,999,1003&Prime; img_size=\u00a0\u00bbfull\u00a0\u00bb direction_nav=\u00a0\u00bbyes\u00a0\u00bb control_nav=\u00a0\u00bbyes\u00a0\u00bb][\/vc_column_inner][vc_column_inner width=\u00a0\u00bb1\/2&Prime;][vc_separator type=\u00a0\u00bbnormal\u00a0\u00bb color=\u00a0\u00bb#000000&Prime; thickness=\u00a0\u00bb1&Prime; up=\u00a0\u00bb0&Prime; down=\u00a0\u00bb25&Prime;][vc_column_text]Id\u00e9al pour partir en famille ou entre amis. Au premier \u00e9tage du Mas El Carrer avec vue sur le jardin et la piscine.[\/vc_column_text][vc_empty_space height=\u00a0\u00bb50&Prime;][vc_column_text]<\/p>\n<p style=\"text-align: left; font-family: 'Kalam', sans-serif; font-size: 23px; color: #966931; font-weight: 400; line-height: 1;\">Caract\u00e9ristiques:<\/p>\n<p>&nbsp;<\/p>\n<ul>\n<li style=\"list-style-type: none;\">\n<ul>\n<li style=\"list-style-type: none;\">\n<ul>\n<li>Logement au premier \u00e9tage (il y a des escaliers).<\/li>\n<li>Salle \u00e0 manger avec table, canap\u00e9, t\u00e9l\u00e9vision et chemin\u00e9e.<\/li>\n<li>Cuisine enti\u00e8rement \u00e9quip\u00e9e.<\/li>\n<li>Salle de bain avec baignoire.<\/li>\n<li><strong>Chambre 1:<\/strong> lit double.<\/li>\n<li><strong>Chambre 2:<\/strong> deux lits simples.<\/li>\n<\/ul>\n<\/li>\n<\/ul>\n<\/li>\n<\/ul>\n<p>[\/vc_column_text][vc_separator type=\u00a0\u00bbnormal\u00a0\u00bb color=\u00a0\u00bb#000000&Prime; thickness=\u00a0\u00bb1&Prime; up=\u00a0\u00bb25&Prime; down=\u00a0\u00bb25&Prime;]<a  itemprop=\"url\" href=\"\/fr\/reservations\/\" target=\"_self\"  class=\"qbutton  default\" style=\"\">RESERVE MAINTENANT<\/a>[\/vc_column_inner][\/vc_row_inner][\/vc_column][\/vc_row][vc_row css_animation=\u00a0\u00bb\u00a0\u00bb row_type=\u00a0\u00bbrow\u00a0\u00bb use_row_as_full_screen_section=\u00a0\u00bbno\u00a0\u00bb type=\u00a0\u00bbfull_width\u00a0\u00bb angled_section=\u00a0\u00bbno\u00a0\u00bb text_align=\u00a0\u00bbleft\u00a0\u00bb background_image_as_pattern=\u00a0\u00bbwithout_pattern\u00a0\u00bb][vc_column][vc_separator type=\u00a0\u00bbnormal\u00a0\u00bb color=\u00a0\u00bb#000000&Prime; thickness=\u00a0\u00bb1&Prime; up=\u00a0\u00bb0&Prime; down=\u00a0\u00bb0&Prime;][\/vc_column][\/vc_row][vc_row css_animation=\u00a0\u00bb\u00a0\u00bb row_type=\u00a0\u00bbrow\u00a0\u00bb use_row_as_full_screen_section=\u00a0\u00bbno\u00a0\u00bb type=\u00a0\u00bbgrid\u00a0\u00bb angled_section=\u00a0\u00bbno\u00a0\u00bb text_align=\u00a0\u00bbleft\u00a0\u00bb background_image_as_pattern=\u00a0\u00bbwithout_pattern\u00a0\u00bb padding_top=\u00a0\u00bb50&Prime; padding_bottom=\u00a0\u00bb50&Prime; z_index=\u00a0\u00bb\u00a0\u00bb anchor=\u00a0\u00bbgroc\u00a0\u00bb css=\u00a0\u00bb.vc_custom_1697474911620{background-color: #f9f9f9 !important;}\u00a0\u00bb][vc_column][vc_column_text]<\/p>\n<h2 style=\"text-align: left;\">Groc<\/h2>\n<p>[\/vc_column_text][vc_empty_space height=\u00a0\u00bb10&Prime;][vc_column_text]<\/p>\n<p style=\"text-align: left;\"><strong>LOGEMENT 2 CHAMBRES<\/strong><br \/>\n<strong>4 PERSONNES<\/strong><\/p>\n<p>[\/vc_column_text][vc_empty_space height=\u00a0\u00bb25&Prime;][vc_row_inner row_type=\u00a0\u00bbrow\u00a0\u00bb type=\u00a0\u00bbfull_width\u00a0\u00bb text_align=\u00a0\u00bbleft\u00a0\u00bb css_animation=\u00a0\u00bb\u00a0\u00bb][vc_column_inner width=\u00a0\u00bb1\/2&Prime;][vc_gallery type=\u00a0\u00bbflexslider_slide\u00a0\u00bb interval=\u00a0\u00bb0&Prime; images=\u00a0\u00bb2106,2110,2114,2118&Prime; img_size=\u00a0\u00bbfull\u00a0\u00bb direction_nav=\u00a0\u00bbyes\u00a0\u00bb control_nav=\u00a0\u00bbyes\u00a0\u00bb][\/vc_column_inner][vc_column_inner width=\u00a0\u00bb1\/2&Prime;][vc_separator type=\u00a0\u00bbnormal\u00a0\u00bb color=\u00a0\u00bb#000000&Prime; thickness=\u00a0\u00bb1&Prime; up=\u00a0\u00bb0&Prime; down=\u00a0\u00bb25&Prime;][vc_column_text]H\u00e9bergement confortable, au premier \u00e9tage du Mas El Carrer.[\/vc_column_text][vc_empty_space height=\u00a0\u00bb50&Prime;][vc_column_text]<\/p>\n<p style=\"text-align: left; font-family: 'Kalam', sans-serif; font-size: 23px; color: #966931; font-weight: 400; line-height: 1;\">Caract\u00e9ristiques:<\/p>\n<p>&nbsp;<\/p>\n<ul>\n<li style=\"list-style-type: none;\">\n<ul>\n<li style=\"list-style-type: none;\">\n<ul>\n<li>Logement au premier \u00e9tage (il y a des escaliers).<\/li>\n<li>Salle \u00e0 manger avec table, canap\u00e9, t\u00e9l\u00e9vision et chemin\u00e9e.<\/li>\n<li>Cuisine enti\u00e8rement \u00e9quip\u00e9e.<\/li>\n<li>Salle de bain avec baignoire.<\/li>\n<li><strong>Chambre 1:<\/strong> lit double.<\/li>\n<li><strong>Chambre 2:<\/strong> deux lits simples.<\/li>\n<\/ul>\n<\/li>\n<\/ul>\n<\/li>\n<\/ul>\n<p>[\/vc_column_text][vc_separator type=\u00a0\u00bbnormal\u00a0\u00bb color=\u00a0\u00bb#000000&Prime; thickness=\u00a0\u00bb1&Prime; up=\u00a0\u00bb25&Prime; down=\u00a0\u00bb25&Prime;]<a  itemprop=\"url\" href=\"\/fr\/reservations\/\" target=\"_self\"  class=\"qbutton  default\" style=\"\">RESERVE MAINTENANT<\/a>[\/vc_column_inner][\/vc_row_inner][\/vc_column][\/vc_row][vc_row css_animation=\u00a0\u00bb\u00a0\u00bb row_type=\u00a0\u00bbrow\u00a0\u00bb use_row_as_full_screen_section=\u00a0\u00bbno\u00a0\u00bb type=\u00a0\u00bbfull_width\u00a0\u00bb angled_section=\u00a0\u00bbno\u00a0\u00bb text_align=\u00a0\u00bbleft\u00a0\u00bb background_image_as_pattern=\u00a0\u00bbwithout_pattern\u00a0\u00bb][vc_column][vc_separator type=\u00a0\u00bbnormal\u00a0\u00bb color=\u00a0\u00bb#000000&Prime; thickness=\u00a0\u00bb1&Prime; up=\u00a0\u00bb0&Prime; down=\u00a0\u00bb0&Prime;][\/vc_column][\/vc_row][vc_row css_animation=\u00a0\u00bb\u00a0\u00bb row_type=\u00a0\u00bbrow\u00a0\u00bb use_row_as_full_screen_section=\u00a0\u00bbno\u00a0\u00bb type=\u00a0\u00bbgrid\u00a0\u00bb angled_section=\u00a0\u00bbno\u00a0\u00bb text_align=\u00a0\u00bbleft\u00a0\u00bb background_image_as_pattern=\u00a0\u00bbwithout_pattern\u00a0\u00bb padding_top=\u00a0\u00bb50&Prime; padding_bottom=\u00a0\u00bb50&Prime; z_index=\u00a0\u00bb\u00a0\u00bb anchor=\u00a0\u00bbblau\u00a0\u00bb][vc_column][vc_column_text]<\/p>\n<h2 style=\"text-align: left;\">Blau<\/h2>\n<p>[\/vc_column_text][vc_empty_space height=\u00a0\u00bb10&Prime;][vc_column_text]<\/p>\n<p style=\"text-align: left;\"><strong>LOGEMENT 2 CHAMBRES<\/strong><br \/>\n<strong>4-5 PERSONNES<\/strong><\/p>\n<p>[\/vc_column_text][vc_empty_space height=\u00a0\u00bb25&Prime;][vc_row_inner row_type=\u00a0\u00bbrow\u00a0\u00bb type=\u00a0\u00bbfull_width\u00a0\u00bb text_align=\u00a0\u00bbleft\u00a0\u00bb css_animation=\u00a0\u00bb\u00a0\u00bb][vc_column_inner width=\u00a0\u00bb1\/2&Prime;][vc_gallery type=\u00a0\u00bbflexslider_slide\u00a0\u00bb interval=\u00a0\u00bb0&Prime; images=\u00a0\u00bb1035,1031,1039,1043,1047,1051,1055,1713&Prime; img_size=\u00a0\u00bbfull\u00a0\u00bb direction_nav=\u00a0\u00bbyes\u00a0\u00bb control_nav=\u00a0\u00bbyes\u00a0\u00bb][\/vc_column_inner][vc_column_inner width=\u00a0\u00bb1\/2&Prime;][vc_separator type=\u00a0\u00bbnormal\u00a0\u00bb color=\u00a0\u00bb#000000&Prime; thickness=\u00a0\u00bb1&Prime; up=\u00a0\u00bb0&Prime; down=\u00a0\u00bb25&Prime;][vc_column_text]Id\u00e9al pour partir en famille ou entre amis. Au deuxi\u00e8me \u00e9tage du Mas El Carrer avec vue sur le jardin et la piscine.[\/vc_column_text][vc_empty_space height=\u00a0\u00bb50&Prime;][vc_column_text]<\/p>\n<p style=\"text-align: left; font-family: 'Kalam', sans-serif; font-size: 23px; color: #966931; font-weight: 400; line-height: 1;\">Caract\u00e9ristiques:<\/p>\n<p>&nbsp;<\/p>\n<ul>\n<li style=\"list-style-type: none;\">\n<ul>\n<li style=\"list-style-type: none;\">\n<ul>\n<li>Logement au deuxi\u00e8me \u00e9tage (il y a des escaliers).<\/li>\n<li>Salle \u00e0 manger avec table, canap\u00e9, t\u00e9l\u00e9vision et chemin\u00e9e.<\/li>\n<li>Cuisine enti\u00e8rement \u00e9quip\u00e9e.<\/li>\n<li>Salle de bain avec baignoire.<\/li>\n<li><strong>Chambre 1:<\/strong> lit double.<\/li>\n<li><strong>Chambre 2:<\/strong> deux lits simples.<\/li>\n<\/ul>\n<\/li>\n<\/ul>\n<\/li>\n<\/ul>\n<p>[\/vc_column_text][vc_separator type=\u00a0\u00bbnormal\u00a0\u00bb color=\u00a0\u00bb#000000&Prime; thickness=\u00a0\u00bb1&Prime; up=\u00a0\u00bb25&Prime; down=\u00a0\u00bb25&Prime;]<a  itemprop=\"url\" href=\"\/fr\/reservations\/\" target=\"_self\"  class=\"qbutton  default\" style=\"\">RESERVE MAINTENANT<\/a>[\/vc_column_inner][\/vc_row_inner][\/vc_column][\/vc_row][vc_row css_animation=\u00a0\u00bb\u00a0\u00bb row_type=\u00a0\u00bbrow\u00a0\u00bb use_row_as_full_screen_section=\u00a0\u00bbno\u00a0\u00bb type=\u00a0\u00bbfull_width\u00a0\u00bb angled_section=\u00a0\u00bbno\u00a0\u00bb text_align=\u00a0\u00bbleft\u00a0\u00bb background_image_as_pattern=\u00a0\u00bbwithout_pattern\u00a0\u00bb][vc_column][vc_separator type=\u00a0\u00bbnormal\u00a0\u00bb color=\u00a0\u00bb#000000&Prime; thickness=\u00a0\u00bb1&Prime; up=\u00a0\u00bb0&Prime; down=\u00a0\u00bb0&Prime;][\/vc_column][\/vc_row][vc_row css_animation=\u00a0\u00bb\u00a0\u00bb row_type=\u00a0\u00bbrow\u00a0\u00bb use_row_as_full_screen_section=\u00a0\u00bbno\u00a0\u00bb type=\u00a0\u00bbgrid\u00a0\u00bb angled_section=\u00a0\u00bbno\u00a0\u00bb text_align=\u00a0\u00bbleft\u00a0\u00bb background_image_as_pattern=\u00a0\u00bbwithout_pattern\u00a0\u00bb padding_top=\u00a0\u00bb50&Prime; padding_bottom=\u00a0\u00bb50&Prime; z_index=\u00a0\u00bb\u00a0\u00bb anchor=\u00a0\u00bbblanc\u00a0\u00bb css=\u00a0\u00bb.vc_custom_1697474929184{background-color: #f9f9f9 !important;}\u00a0\u00bb][vc_column][vc_column_text]<\/p>\n<h2 style=\"text-align: left;\">Blanc<\/h2>\n<p>[\/vc_column_text][vc_empty_space height=\u00a0\u00bb10&Prime;][vc_column_text]<\/p>\n<p style=\"text-align: left;\"><strong>LOGEMENT 2 CHAMBRES<\/strong><br \/>\n<strong>4 PERSONNES<\/strong><\/p>\n<p>[\/vc_column_text][vc_empty_space height=\u00a0\u00bb25&Prime;][vc_row_inner row_type=\u00a0\u00bbrow\u00a0\u00bb type=\u00a0\u00bbfull_width\u00a0\u00bb text_align=\u00a0\u00bbleft\u00a0\u00bb css_animation=\u00a0\u00bb\u00a0\u00bb][vc_column_inner width=\u00a0\u00bb1\/2&Prime;][vc_gallery type=\u00a0\u00bbflexslider_slide\u00a0\u00bb interval=\u00a0\u00bb0&Prime; images=\u00a0\u00bb1066,1070,1074,1078,1082,1086&Prime; img_size=\u00a0\u00bbfull\u00a0\u00bb direction_nav=\u00a0\u00bbyes\u00a0\u00bb control_nav=\u00a0\u00bbyes\u00a0\u00bb][\/vc_column_inner][vc_column_inner width=\u00a0\u00bb1\/2&Prime;][vc_separator type=\u00a0\u00bbnormal\u00a0\u00bb color=\u00a0\u00bb#000000&Prime; thickness=\u00a0\u00bb1&Prime; up=\u00a0\u00bb0&Prime; down=\u00a0\u00bb25&Prime;][vc_column_text]Logement confortable, au deuxi\u00e8me \u00e9tage de Mas El Carrer.[\/vc_column_text][vc_empty_space height=\u00a0\u00bb50&Prime;][vc_column_text]<\/p>\n<p style=\"text-align: left; font-family: 'Kalam', sans-serif; font-size: 23px; color: #966931; font-weight: 400; line-height: 1;\">Caract\u00e9ristiques:<\/p>\n<p>&nbsp;<\/p>\n<ul>\n<li style=\"list-style-type: none;\">\n<ul>\n<li style=\"list-style-type: none;\">\n<ul>\n<li>Logement au deuxi\u00e8me \u00e9tage (il y a des escaliers).<\/li>\n<li>Salle \u00e0 manger avec table, canap\u00e9, t\u00e9l\u00e9vision et chemin\u00e9e.<\/li>\n<li>Cuisine enti\u00e8rement \u00e9quip\u00e9e.<\/li>\n<li>Salle de bain avec baignoire.<\/li>\n<li><strong>Chambre 1:<\/strong> lit double.<\/li>\n<li><strong>Chambre 2:<\/strong> deux lits simples.<\/li>\n<\/ul>\n<\/li>\n<\/ul>\n<\/li>\n<\/ul>\n<p>[\/vc_column_text][vc_separator type=\u00a0\u00bbnormal\u00a0\u00bb color=\u00a0\u00bb#000000&Prime; thickness=\u00a0\u00bb1&Prime; up=\u00a0\u00bb25&Prime; down=\u00a0\u00bb25&Prime;]<a  itemprop=\"url\" href=\"\/fr\/reservations\/\" target=\"_self\"  class=\"qbutton  default\" style=\"\">RESERVE MAINTENANT<\/a>[\/vc_column_inner][\/vc_row_inner][\/vc_column][\/vc_row][vc_row css_animation=\u00a0\u00bb\u00a0\u00bb row_type=\u00a0\u00bbrow\u00a0\u00bb use_row_as_full_screen_section=\u00a0\u00bbno\u00a0\u00bb type=\u00a0\u00bbfull_width\u00a0\u00bb angled_section=\u00a0\u00bbno\u00a0\u00bb text_align=\u00a0\u00bbleft\u00a0\u00bb background_image_as_pattern=\u00a0\u00bbwithout_pattern\u00a0\u00bb z_index=\u00a0\u00bb\u00a0\u00bb anchor=\u00a0\u00bbsala\u00a0\u00bb][vc_column][vc_separator type=\u00a0\u00bbnormal\u00a0\u00bb color=\u00a0\u00bb#000000&Prime; thickness=\u00a0\u00bb1&Prime; up=\u00a0\u00bb0&Prime; down=\u00a0\u00bb0&Prime;][\/vc_column][\/vc_row][vc_row css_animation=\u00a0\u00bb\u00a0\u00bb row_type=\u00a0\u00bbrow\u00a0\u00bb use_row_as_full_screen_section=\u00a0\u00bbno\u00a0\u00bb type=\u00a0\u00bbgrid\u00a0\u00bb angled_section=\u00a0\u00bbno\u00a0\u00bb text_align=\u00a0\u00bbleft\u00a0\u00bb background_image_as_pattern=\u00a0\u00bbwithout_pattern\u00a0\u00bb padding_top=\u00a0\u00bb50&Prime; padding_bottom=\u00a0\u00bb50&Prime; z_index=\u00a0\u00bb\u00a0\u00bb anchor=\u00a0\u00bbsala\u00a0\u00bb][vc_column][vc_column_text]<\/p>\n<h2 style=\"text-align: left;\">Salle de r\u00e9union<\/h2>\n<p>[\/vc_column_text][vc_empty_space height=\u00a0\u00bb10&Prime;][vc_column_text]<\/p>\n<p style=\"text-align: left;\"><b>LOUER CONJOINTEMENT<br \/>\nAVEC LES APPARTEMENTS<\/b><\/p>\n<p>[\/vc_column_text][vc_empty_space height=\u00a0\u00bb25&Prime;][vc_row_inner row_type=\u00a0\u00bbrow\u00a0\u00bb type=\u00a0\u00bbfull_width\u00a0\u00bb text_align=\u00a0\u00bbleft\u00a0\u00bb css_animation=\u00a0\u00bb\u00a0\u00bb][vc_column_inner width=\u00a0\u00bb1\/2&Prime;][vc_gallery type=\u00a0\u00bbflexslider_slide\u00a0\u00bb interval=\u00a0\u00bb0&Prime; images=\u00a0\u00bb2045,2049,2053,2057,2061,2065,2069,2073,2077&Prime; img_size=\u00a0\u00bbfull\u00a0\u00bb direction_nav=\u00a0\u00bbyes\u00a0\u00bb control_nav=\u00a0\u00bbyes\u00a0\u00bb][\/vc_column_inner][vc_column_inner width=\u00a0\u00bb1\/2&Prime;][vc_separator type=\u00a0\u00bbnormal\u00a0\u00bb color=\u00a0\u00bb#000000&Prime; thickness=\u00a0\u00bb1&Prime; up=\u00a0\u00bb0&Prime; down=\u00a0\u00bb25&Prime;][vc_column_text]Ideal per a grups que lloguen diversos apartaments i volen un lloc per trobar-se i fer-hi vida.[\/vc_column_text][vc_empty_space height=\u00a0\u00bb50&Prime;][vc_column_text]<\/p>\n<p style=\"text-align: left; font-family: 'Kalam', sans-serif; font-size: 23px; color: #966931; font-weight: 400; line-height: 1;\">Caract\u00e9ristiques:<\/p>\n<p>&nbsp;<\/p>\n<ul>\n<li style=\"list-style-type: none;\">\n<ul>\n<li style=\"list-style-type: none;\">\n<ul>\n<li>Pavillon de bois de chauffage.<\/li>\n<li>Tableaux.<\/li>\n<li>Chaises \/ bancs.<\/li>\n<li>Bar.<\/li>\n<li>Lave-vaisselle.<\/li>\n<li>R\u00e9frig\u00e9rateur.<\/li>\n<li>Pica.<\/li>\n<li>Plats, verres et couverts.<\/li>\n<li>Salle de bain priv\u00e9e.<\/li>\n<\/ul>\n<\/li>\n<\/ul>\n<\/li>\n<\/ul>\n<p>[\/vc_column_text][vc_separator type=\u00a0\u00bbnormal\u00a0\u00bb color=\u00a0\u00bb#000000&Prime; thickness=\u00a0\u00bb1&Prime; up=\u00a0\u00bb25&Prime; down=\u00a0\u00bb25&Prime;]<a  itemprop=\"url\" href=\"\/fr\/contact\/\" target=\"_self\"  class=\"qbutton  default\" style=\"\">CONSULTER LES PRIX<\/a>[\/vc_column_inner][\/vc_row_inner][\/vc_column][\/vc_row][vc_row css_animation=\u00a0\u00bb\u00a0\u00bb row_type=\u00a0\u00bbrow\u00a0\u00bb use_row_as_full_screen_section=\u00a0\u00bbno\u00a0\u00bb type=\u00a0\u00bbfull_width\u00a0\u00bb angled_section=\u00a0\u00bbno\u00a0\u00bb text_align=\u00a0\u00bbleft\u00a0\u00bb background_image_as_pattern=\u00a0\u00bbwithout_pattern\u00a0\u00bb z_index=\u00a0\u00bb\u00a0\u00bb][vc_column][vc_separator type=\u00a0\u00bbnormal\u00a0\u00bb color=\u00a0\u00bb#000000&Prime; thickness=\u00a0\u00bb1&Prime; up=\u00a0\u00bb0&Prime; down=\u00a0\u00bb0&Prime;][\/vc_column][\/vc_row][vc_row css_animation=\u00a0\u00bb\u00a0\u00bb row_type=\u00a0\u00bbrow\u00a0\u00bb use_row_as_full_screen_section=\u00a0\u00bbno\u00a0\u00bb type=\u00a0\u00bbgrid\u00a0\u00bb angled_section=\u00a0\u00bbno\u00a0\u00bb text_align=\u00a0\u00bbleft\u00a0\u00bb background_image_as_pattern=\u00a0\u00bbwithout_pattern\u00a0\u00bb padding_top=\u00a0\u00bb75&Prime; padding_bottom=\u00a0\u00bb0&Prime; z_index=\u00a0\u00bb\u00a0\u00bb][vc_column offset=\u00a0\u00bbvc_col-md-5&Prime; css=\u00a0\u00bb.vc_custom_1697111553899{padding-right: 10% !important;}\u00a0\u00bb][vc_column_text]<\/p>\n<p style=\"text-align: left; font-family: 'Kalam', sans-serif; font-size: 23px; color: #966931; font-weight: 400; line-height: 1;\">Caract\u00e9ristiques communes<\/p>\n<p>[\/vc_column_text][vc_empty_space height=\u00a0\u00bb12px\u00a0\u00bb][vc_column_text]<\/p>\n<h2>Logement enti\u00e8rement \u00e9quip\u00e9<\/h2>\n<p>[\/vc_column_text][vc_empty_space height=\u00a0\u00bb33px\u00a0\u00bb][vc_column_text]Dans chaque h\u00e9bergement Mas El Carrer vous trouverez tout ce dont vous avez besoin pour rendre votre s\u00e9jour tr\u00e8s agr\u00e9able\u00a0: <strong>salon avec chemin\u00e9e<\/strong>, <strong>chauffage<\/strong>, <strong>TV \u00e9cran plat<\/strong> et <strong>cuisine \u00e9quip\u00e9e<\/strong>. La ferme dispose d&rsquo;une <strong>piscine<\/strong>, de <strong>barbecues ext\u00e9rieurs<\/strong>, d&rsquo;un <strong>parking<\/strong> et d&rsquo;une <strong>Wi-Fi gratuite<\/strong> (IMPORTANT\u00a0: le Wi-Fi) Fi nous parvient par satellite et est distribu\u00e9 \u00e0 tous les clients des appartements (nous ne pouvons pas toujours garantir une connexion stable), ainsi qu&rsquo;une grande aire de jeux pour enfants et adultes. Nous vous offrons du bois de chauffage gratuit ! Engag\u00e9e envers notre environnement, la ferme Mas El Carrer participe \u00e0 diff\u00e9rents projets d&rsquo;entretien des for\u00eats et de r\u00e9cup\u00e9ration des p\u00e2turages. Gr\u00e2ce \u00e0 ces t\u00e2ches, nous extrayons du bois de chauffage que vous pourrez utiliser dans les barbecues et les chemin\u00e9es.[\/vc_column_text][vc_empty_space height=\u00a0\u00bb33px\u00a0\u00bb]<a  itemprop=\"url\" href=\"\/fr\/reservations\/\" target=\"_self\"  class=\"qbutton  default\" style=\"\">RESERVE MAINTENANT<\/a>[vc_empty_space height=\u00a0\u00bb30px\u00a0\u00bb][\/vc_column][vc_column offset=\u00a0\u00bbvc_col-md-7&Prime;][vc_row_inner row_type=\u00a0\u00bbrow\u00a0\u00bb type=\u00a0\u00bbfull_width\u00a0\u00bb text_align=\u00a0\u00bbcenter\u00a0\u00bb css_animation=\u00a0\u00bb\u00a0\u00bb padding_bottom=\u00a0\u00bb25&Prime;][vc_column_inner width=\u00a0\u00bb1\/4&Prime; offset=\u00a0\u00bbvc_col-md-3 vc_col-xs-6&Prime;][vc_single_image image=\u00a0\u00bb919&Prime; img_size=\u00a0\u00bbfull\u00a0\u00bb alignment=\u00a0\u00bbcenter\u00a0\u00bb qode_css_animation=\u00a0\u00bb\u00a0\u00bb][vc_empty_space height=\u00a0\u00bb47px\u00a0\u00bb][vc_column_text]<\/p>\n<h3>Chemin\u00e9e<\/h3>\n<p>[\/vc_column_text][vc_empty_space height=\u00a0\u00bb19px\u00a0\u00bb][vc_column_text]Chemin\u00e9e ou po\u00eale \u00e0 bois dans chaque logement.[\/vc_column_text][vc_empty_space height=\u00a0\u00bb30px\u00a0\u00bb][\/vc_column_inner][vc_column_inner width=\u00a0\u00bb1\/4&Prime; offset=\u00a0\u00bbvc_col-md-3 vc_col-xs-6&Prime;][vc_single_image image=\u00a0\u00bb928&Prime; img_size=\u00a0\u00bbfull\u00a0\u00bb alignment=\u00a0\u00bbcenter\u00a0\u00bb qode_css_animation=\u00a0\u00bb\u00a0\u00bb][vc_empty_space height=\u00a0\u00bb47px\u00a0\u00bb][vc_column_text]<\/p>\n<h3>Chauffage<\/h3>\n<p>[\/vc_column_text][vc_empty_space height=\u00a0\u00bb19px\u00a0\u00bb][vc_column_text]Chauffage du logement pour profiter toute l&rsquo;ann\u00e9e.[\/vc_column_text][vc_empty_space height=\u00a0\u00bb30px\u00a0\u00bb][\/vc_column_inner][vc_column_inner width=\u00a0\u00bb1\/4&Prime; offset=\u00a0\u00bbvc_col-md-3 vc_col-xs-6&Prime;][vc_single_image image=\u00a0\u00bb932&Prime; img_size=\u00a0\u00bbfull\u00a0\u00bb alignment=\u00a0\u00bbcenter\u00a0\u00bb qode_css_animation=\u00a0\u00bb\u00a0\u00bb][vc_empty_space height=\u00a0\u00bb47px\u00a0\u00bb][vc_column_text]<\/p>\n<h3>Cuisine<\/h3>\n<p>[\/vc_column_text][vc_empty_space height=\u00a0\u00bb19px\u00a0\u00bb][vc_column_text]Cuisine \u00e9quip\u00e9e de tout le n\u00e9cessaire pour le s\u00e9jour.[\/vc_column_text][vc_empty_space height=\u00a0\u00bb30px\u00a0\u00bb][\/vc_column_inner][vc_column_inner width=\u00a0\u00bb1\/4&Prime; offset=\u00a0\u00bbvc_col-md-3 vc_col-xs-6&Prime;][vc_single_image image=\u00a0\u00bb952&Prime; img_size=\u00a0\u00bbfull\u00a0\u00bb alignment=\u00a0\u00bbcenter\u00a0\u00bb qode_css_animation=\u00a0\u00bb\u00a0\u00bb][vc_empty_space height=\u00a0\u00bb47px\u00a0\u00bb][vc_column_text]<\/p>\n<h3>WI-FI<\/h3>\n<p>[\/vc_column_text][vc_empty_space height=\u00a0\u00bb19px\u00a0\u00bb][vc_column_text]WI-FI gratuit mais avec une bande passante limit\u00e9e.[\/vc_column_text][vc_empty_space height=\u00a0\u00bb30px\u00a0\u00bb][\/vc_column_inner][\/vc_row_inner][vc_row_inner row_type=\u00a0\u00bbrow\u00a0\u00bb type=\u00a0\u00bbfull_width\u00a0\u00bb text_align=\u00a0\u00bbcenter\u00a0\u00bb css_animation=\u00a0\u00bb\u00a0\u00bb padding_bottom=\u00a0\u00bb25&Prime;][vc_column_inner width=\u00a0\u00bb1\/4&Prime; offset=\u00a0\u00bbvc_col-md-3 vc_col-xs-6&Prime;][vc_single_image image=\u00a0\u00bb948&Prime; img_size=\u00a0\u00bbfull\u00a0\u00bb alignment=\u00a0\u00bbcenter\u00a0\u00bb qode_css_animation=\u00a0\u00bb\u00a0\u00bb][vc_empty_space height=\u00a0\u00bb47px\u00a0\u00bb][vc_column_text]<\/p>\n<h3>V\u00eatements<\/h3>\n<p>[\/vc_column_text][vc_empty_space height=\u00a0\u00bb19px\u00a0\u00bb][vc_column_text]Draps et serviettes inclus dans tous les logements.[\/vc_column_text][vc_empty_space height=\u00a0\u00bb30px\u00a0\u00bb][\/vc_column_inner][vc_column_inner width=\u00a0\u00bb1\/4&Prime; offset=\u00a0\u00bbvc_col-md-3 vc_col-xs-6&Prime;][vc_single_image image=\u00a0\u00bb940&Prime; img_size=\u00a0\u00bbfull\u00a0\u00bb alignment=\u00a0\u00bbcenter\u00a0\u00bb qode_css_animation=\u00a0\u00bb\u00a0\u00bb][vc_empty_space height=\u00a0\u00bb47px\u00a0\u00bb][vc_column_text]<\/p>\n<h3>Animaux domestiques<\/h3>\n<p>[\/vc_column_text][vc_empty_space height=\u00a0\u00bb19px\u00a0\u00bb][vc_column_text]Un maximum de 2 animaux domestiques sont autoris\u00e9s par logement.[\/vc_column_text][vc_empty_space height=\u00a0\u00bb30px\u00a0\u00bb][\/vc_column_inner][vc_column_inner width=\u00a0\u00bb1\/4&Prime; offset=\u00a0\u00bbvc_col-md-3 vc_col-xs-6&Prime;][vc_single_image image=\u00a0\u00bb924&Prime; img_size=\u00a0\u00bbfull\u00a0\u00bb alignment=\u00a0\u00bbcenter\u00a0\u00bb qode_css_animation=\u00a0\u00bb\u00a0\u00bb][vc_empty_space height=\u00a0\u00bb47px\u00a0\u00bb][vc_column_text]<\/p>\n<h3>Machine \u00e0 caf\u00e9<\/h3>\n<p>[\/vc_column_text][vc_empty_space height=\u00a0\u00bb19px\u00a0\u00bb][vc_column_text]Vous pouvez choisir selon vos go\u00fbts: Nespresso ou italien.[\/vc_column_text][vc_empty_space height=\u00a0\u00bb30px\u00a0\u00bb][\/vc_column_inner][vc_column_inner width=\u00a0\u00bb1\/4&Prime; offset=\u00a0\u00bbvc_col-md-3 vc_col-xs-6&Prime;][vc_single_image image=\u00a0\u00bb936&Prime; img_size=\u00a0\u00bbfull\u00a0\u00bb alignment=\u00a0\u00bbcenter\u00a0\u00bb qode_css_animation=\u00a0\u00bb\u00a0\u00bb][vc_empty_space height=\u00a0\u00bb47px\u00a0\u00bb][vc_column_text]<\/p>\n<h3>Bois de chauffage<\/h3>\n<p>[\/vc_column_text][vc_empty_space height=\u00a0\u00bb19px\u00a0\u00bb][vc_column_text]Provenant de nos for\u00eats gratuit pour barbecues et chemin\u00e9es.[\/vc_column_text][vc_empty_space height=\u00a0\u00bb30px\u00a0\u00bb][\/vc_column_inner][\/vc_row_inner][vc_row_inner row_type=\u00a0\u00bbrow\u00a0\u00bb type=\u00a0\u00bbfull_width\u00a0\u00bb text_align=\u00a0\u00bbcenter\u00a0\u00bb css_animation=\u00a0\u00bb\u00a0\u00bb padding_bottom=\u00a0\u00bb25&Prime;][vc_column_inner width=\u00a0\u00bb1\/4&Prime; offset=\u00a0\u00bbvc_col-md-3 vc_col-xs-6&Prime;][vc_single_image image=\u00a0\u00bb1252&Prime; img_size=\u00a0\u00bbfull\u00a0\u00bb alignment=\u00a0\u00bbcenter\u00a0\u00bb qode_css_animation=\u00a0\u00bb\u00a0\u00bb][vc_empty_space height=\u00a0\u00bb47px\u00a0\u00bb][vc_column_text]<\/p>\n<h3>Piscine<\/h3>\n<p>[\/vc_column_text][vc_empty_space height=\u00a0\u00bb19px\u00a0\u00bb][vc_column_text]Piscine commune \u00e0 tous les logements.[\/vc_column_text][vc_empty_space height=\u00a0\u00bb30px\u00a0\u00bb][\/vc_column_inner][vc_column_inner width=\u00a0\u00bb1\/4&Prime; offset=\u00a0\u00bbvc_col-md-3 vc_col-xs-6&Prime;][vc_single_image image=\u00a0\u00bb944&Prime; img_size=\u00a0\u00bbfull\u00a0\u00bb alignment=\u00a0\u00bbcenter\u00a0\u00bb qode_css_animation=\u00a0\u00bb\u00a0\u00bb][vc_empty_space height=\u00a0\u00bb47px\u00a0\u00bb][vc_column_text]<\/p>\n<h3>Machine \u00e0 laver<\/h3>\n<p>[\/vc_column_text][vc_empty_space height=\u00a0\u00bb19px\u00a0\u00bb][vc_column_text]Lave-linge communautaire \u00e0 disposition dans l&rsquo;espace commun.[\/vc_column_text][vc_empty_space height=\u00a0\u00bb30px\u00a0\u00bb][\/vc_column_inner][vc_column_inner width=\u00a0\u00bb1\/4&Prime; offset=\u00a0\u00bbvc_col-md-3 vc_col-xs-6&Prime;][vc_single_image image=\u00a0\u00bb1260&Prime; img_size=\u00a0\u00bbfull\u00a0\u00bb alignment=\u00a0\u00bbcenter\u00a0\u00bb qode_css_animation=\u00a0\u00bb\u00a0\u00bb][vc_empty_space height=\u00a0\u00bb47px\u00a0\u00bb][vc_column_text]<\/p>\n<h3>Espace jeux<\/h3>\n<p>[\/vc_column_text][vc_empty_space height=\u00a0\u00bb19px\u00a0\u00bb][vc_column_text]Aire de jeux pour enfants commune dans le jardin.[\/vc_column_text][vc_empty_space height=\u00a0\u00bb30px\u00a0\u00bb][\/vc_column_inner][vc_column_inner width=\u00a0\u00bb1\/4&Prime; offset=\u00a0\u00bbvc_col-md-3 vc_col-xs-6&Prime;][vc_single_image image=\u00a0\u00bb1256&Prime; img_size=\u00a0\u00bbfull\u00a0\u00bb alignment=\u00a0\u00bbcenter\u00a0\u00bb qode_css_animation=\u00a0\u00bb\u00a0\u00bb][vc_empty_space height=\u00a0\u00bb47px\u00a0\u00bb][vc_column_text]<\/p>\n<h3>Barbecues<\/h3>\n<p>[\/vc_column_text][vc_empty_space height=\u00a0\u00bb19px\u00a0\u00bb][vc_column_text]2 barbecues partag\u00e9s avec tous les logements.[\/vc_column_text][vc_empty_space height=\u00a0\u00bb30px\u00a0\u00bb][\/vc_column_inner][\/vc_row_inner][\/vc_column][\/vc_row][vc_row css_animation=\u00a0\u00bb\u00a0\u00bb row_type=\u00a0\u00bbrow\u00a0\u00bb use_row_as_full_screen_section=\u00a0\u00bbno\u00a0\u00bb type=\u00a0\u00bbfull_width\u00a0\u00bb angled_section=\u00a0\u00bbno\u00a0\u00bb text_align=\u00a0\u00bbleft\u00a0\u00bb background_image_as_pattern=\u00a0\u00bbwithout_pattern\u00a0\u00bb][vc_column][vc_separator type=\u00a0\u00bbnormal\u00a0\u00bb color=\u00a0\u00bb#000000&Prime; thickness=\u00a0\u00bb1&Prime; up=\u00a0\u00bb0&Prime; down=\u00a0\u00bb0&Prime;][\/vc_column][\/vc_row][vc_row css_animation=\u00a0\u00bb\u00a0\u00bb row_type=\u00a0\u00bbrow\u00a0\u00bb use_row_as_full_screen_section=\u00a0\u00bbno\u00a0\u00bb type=\u00a0\u00bbgrid\u00a0\u00bb angled_section=\u00a0\u00bbno\u00a0\u00bb text_align=\u00a0\u00bbleft\u00a0\u00bb background_image_as_pattern=\u00a0\u00bbwithout_pattern\u00a0\u00bb z_index=\u00a0\u00bb\u00a0\u00bb el_class=\u00a0\u00bbposicio\u00a0\u00bb padding_top=\u00a0\u00bb50&Prime;][vc_column][vc_column_text]<\/p>\n<h2 style=\"text-align: center;\">R\u00e9servez votre s\u00e9jour maintenant au Mas El Carrer<\/h2>\n<p>[\/vc_column_text][vc_empty_space height=\u00a0\u00bb50px\u00a0\u00bb][vc_raw_html]JTNDc2NyaXB0JTIwdHlwZSUzRCUyMnRleHQlMkZqYXZhc2NyaXB0JTIyJTIwc3JjJTNEJTIyaHR0cHMlM0ElMkYlMkZib29rb25saW5lLnBybyUyRndpZGdldHMlMkZzZWFyY2glMkZkaXN0JTJGaW5kZXguanMlMjIlMjBkZWZlciUzRSUzQyUyRnNjcmlwdCUzRSUwQSUyMCUyMCUyMCUyMCUzQ2RpdiUyMGRhdGEtYWNjb21tb2RhdGlvbnMtZmlsdGVyJTNEJTIybm9uZSUyMiUyMGRhdGEtdGFyZ2V0JTNEJTIyX2JsYW5rJTIyJTIwY2xhc3MlM0QlMjJhdmFpYm9vay1zZWFyY2gtd2lkZ2V0JTIyJTIwZGF0YS13aWRnZXQtaWQlM0QlMjIzMjIwMSUyMiUyMGRhdGEtd2lkZ2V0LXRva2VuJTNEJTIyOFlrc3JFc2djQndoWTNsUWVjZDMlMkJ3JTNEJTNEJTIyJTIwZGF0YS1iYWNrZ3JvdW5kLWNvbG9yJTNEJTIyJTIzRkZGRkZGJTIyJTIwZGF0YS1tYWluLWNvbG9yJTNEJTIyJTIzOTY2OTMxJTIyJTIwZGF0YS1ib3JkZXItcmFkaXVzJTNEJTIyMHB4JTIyJTIwZGF0YS1zaGFkb3clM0QlMjIwJTIwMnB4JTIwMTBweCUyMHJnYiUyODAlMjAwJTIwMCUyMCUyRiUyMDE2JTI1JTI5JTIyJTIwZGF0YS1wYWRkaW5nJTNEJTIyMXJlbSUyMiUyMGRhdGEtbGFuZ3VhZ2UlM0QlMjJmciUyMiUzRSUzQyUyRmRpdiUzRQ==[\/vc_raw_html][vc_empty_space height=\u00a0\u00bb25px\u00a0\u00bb][\/vc_column][\/vc_row][vc_row css_animation=\u00a0\u00bb\u00a0\u00bb row_type=\u00a0\u00bbrow\u00a0\u00bb use_row_as_full_screen_section=\u00a0\u00bbno\u00a0\u00bb type=\u00a0\u00bbfull_width\u00a0\u00bb angled_section=\u00a0\u00bbno\u00a0\u00bb text_align=\u00a0\u00bbleft\u00a0\u00bb background_image_as_pattern=\u00a0\u00bbwithout_pattern\u00a0\u00bb][vc_column][vc_single_image image=\u00a0\u00bb903&Prime; img_size=\u00a0\u00bbfull\u00a0\u00bb qode_css_animation=\u00a0\u00bb\u00a0\u00bb][\/vc_column][\/vc_row]<\/p>\n<\/div>","protected":false},"excerpt":{"rendered":"<p>[vc_row css_animation=\u00a0\u00bb\u00a0\u00bb row_type=\u00a0\u00bbrow\u00a0\u00bb use_row_as_full_screen_section=\u00a0\u00bbno\u00a0\u00bb type=\u00a0\u00bbfull_width\u00a0\u00bb angled_section=\u00a0\u00bbno\u00a0\u00bb text_align=\u00a0\u00bbleft\u00a0\u00bb background_image_as_pattern=\u00a0\u00bbwithout_pattern\u00a0\u00bb z_index=\u00a0\u00bb\u00a0\u00bb][vc_column][vc_single_image image=\u00a0\u00bb502&Prime; img_size=\u00a0\u00bbfull\u00a0\u00bb alignment=\u00a0\u00bbcenter\u00a0\u00bb qode_css_animation=\u00a0\u00bb\u00a0\u00bb][\/vc_column][\/vc_row][vc_row css_animation=\u00a0\u00bb\u00a0\u00bb row_type=\u00a0\u00bbrow\u00a0\u00bb use_row_as_full_screen_section=\u00a0\u00bbno\u00a0\u00bb type=\u00a0\u00bbgrid\u00a0\u00bb angled_section=\u00a0\u00bbno\u00a0\u00bb text_align=\u00a0\u00bbleft\u00a0\u00bb background_image_as_pattern=\u00a0\u00bbwithout_pattern\u00a0\u00bb z_index=\u00a0\u00bb\u00a0\u00bb padding_top=\u00a0\u00bb30&Prime;][vc_column][vc_column_text] Accueil &gt;&gt; Mas El Carrer [\/vc_column_text][\/vc_column][\/vc_row][vc_row css_animation=\u00a0\u00bb\u00a0\u00bb row_type=\u00a0\u00bbrow\u00a0\u00bb use_row_as_full_screen_section=\u00a0\u00bbno\u00a0\u00bb type=\u00a0\u00bbgrid\u00a0\u00bb angled_section=\u00a0\u00bbno\u00a0\u00bb text_align=\u00a0\u00bbleft\u00a0\u00bb background_image_as_pattern=\u00a0\u00bbwithout_pattern\u00a0\u00bb padding_top=\u00a0\u00bb50&Prime; padding_bottom=\u00a0\u00bb50&Prime; z_index=\u00a0\u00bb\u00a0\u00bb anchor=\u00a0\u00bbinici\u00a0\u00bb][vc_column width=\u00a0\u00bb1\/3&Prime;][vc_column_text] La tranquillit\u00e9 que vous recherchez&hellip; <a class=\"continue\" href=\"https:\/\/www.maselcarrer.com\/fr\/maison-de-tourisme-rural-du-mas-el-carrer\/\">CONTINUAR >><span> Mas El Carrer<\/span><\/a><\/p>\n","protected":false},"author":1,"featured_media":0,"parent":0,"menu_order":0,"comment_status":"closed","ping_status":"closed","template":"full_width.php","meta":{"_joinchat":[],"footnotes":""},"class_list":["post-1589","page","type-page","status-publish","hentry"],"_links":{"self":[{"href":"https:\/\/www.maselcarrer.com\/fr\/wp-json\/wp\/v2\/pages\/1589","targetHints":{"allow":["GET"]}}],"collection":[{"href":"https:\/\/www.maselcarrer.com\/fr\/wp-json\/wp\/v2\/pages"}],"about":[{"href":"https:\/\/www.maselcarrer.com\/fr\/wp-json\/wp\/v2\/types\/page"}],"author":[{"embeddable":true,"href":"https:\/\/www.maselcarrer.com\/fr\/wp-json\/wp\/v2\/users\/1"}],"replies":[{"embeddable":true,"href":"https:\/\/www.maselcarrer.com\/fr\/wp-json\/wp\/v2\/comments?post=1589"}],"version-history":[{"count":18,"href":"https:\/\/www.maselcarrer.com\/fr\/wp-json\/wp\/v2\/pages\/1589\/revisions"}],"predecessor-version":[{"id":2153,"href":"https:\/\/www.maselcarrer.com\/fr\/wp-json\/wp\/v2\/pages\/1589\/revisions\/2153"}],"wp:attachment":[{"href":"https:\/\/www.maselcarrer.com\/fr\/wp-json\/wp\/v2\/media?parent=1589"}],"curies":[{"name":"wp","href":"https:\/\/api.w.org\/{rel}","templated":true}]}}