{"id":1585,"date":"2018-02-19T08:23:05","date_gmt":"2018-02-19T06:23:05","guid":{"rendered":"https:\/\/www.maselcarrer.com\/?page_id=1585"},"modified":"2024-10-25T08:45:39","modified_gmt":"2024-10-25T06:45:39","slug":"accueil","status":"publish","type":"page","link":"https:\/\/www.maselcarrer.com\/fr\/","title":{"rendered":"Accueil"},"content":{"rendered":"<div class=\"wpb-content-wrapper\"><p>[vc_row css_animation=\u00a0\u00bb\u00a0\u00bb row_type=\u00a0\u00bbrow\u00a0\u00bb use_row_as_full_screen_section=\u00a0\u00bbno\u00a0\u00bb type=\u00a0\u00bbfull_width\u00a0\u00bb angled_section=\u00a0\u00bbno\u00a0\u00bb text_align=\u00a0\u00bbleft\u00a0\u00bb background_image_as_pattern=\u00a0\u00bbwithout_pattern\u00a0\u00bb z_index=\u00a0\u00bb\u00a0\u00bb padding_bottom=\u00a0\u00bb0&Prime;][vc_column][vc_gallery interval=\u00a0\u00bb15&Prime; images=\u00a0\u00bb1911,964&Prime; img_size=\u00a0\u00bbfull\u00a0\u00bb onclick=\u00a0\u00bb\u00a0\u00bb direction_nav=\u00a0\u00bbyes\u00a0\u00bb control_nav=\u00a0\u00bbno\u00a0\u00bb][\/vc_column][\/vc_row][vc_row css_animation=\u00a0\u00bb\u00a0\u00bb row_type=\u00a0\u00bbrow\u00a0\u00bb use_row_as_full_screen_section=\u00a0\u00bbno\u00a0\u00bb type=\u00a0\u00bbgrid\u00a0\u00bb angled_section=\u00a0\u00bbno\u00a0\u00bb text_align=\u00a0\u00bbleft\u00a0\u00bb background_image_as_pattern=\u00a0\u00bbwithout_pattern\u00a0\u00bb z_index=\u00a0\u00bb\u00a0\u00bb el_class=\u00a0\u00bbposicio\u00a0\u00bb padding_top=\u00a0\u00bb0&Prime; padding_bottom=\u00a0\u00bb0&Prime; css=\u00a0\u00bb.vc_custom_1698746685345{margin-top: -25px !important;}\u00a0\u00bb][vc_column offset=\u00a0\u00bbvc_hidden-md vc_hidden-sm vc_hidden-xs\u00a0\u00bb][vc_raw_html]JTNDc2NyaXB0JTIwdHlwZSUzRCUyMnRleHQlMkZqYXZhc2NyaXB0JTIyJTIwc3JjJTNEJTIyaHR0cHMlM0ElMkYlMkZib29rb25saW5lLnBybyUyRndpZGdldHMlMkZzZWFyY2glMkZkaXN0JTJGaW5kZXguanMlMjIlMjBkZWZlciUzRSUzQyUyRnNjcmlwdCUzRSUwQSUyMCUyMCUyMCUyMCUzQ2RpdiUyMGRhdGEtYWNjb21tb2RhdGlvbnMtZmlsdGVyJTNEJTIybm9uZSUyMiUyMGRhdGEtdGFyZ2V0JTNEJTIyX2JsYW5rJTIyJTIwY2xhc3MlM0QlMjJhdmFpYm9vay1zZWFyY2gtd2lkZ2V0JTIyJTIwZGF0YS13aWRnZXQtaWQlM0QlMjIzMjIwMSUyMiUyMGRhdGEtd2lkZ2V0LXRva2VuJTNEJTIyOFlrc3JFc2djQndoWTNsUWVjZDMlMkJ3JTNEJTNEJTIyJTIwZGF0YS1iYWNrZ3JvdW5kLWNvbG9yJTNEJTIyJTIzZmJmYmZiJTIyJTIwZGF0YS1tYWluLWNvbG9yJTNEJTIyJTIzOTY2OTMxJTIyJTIwZGF0YS1ib3JkZXItcmFkaXVzJTNEJTIyMHB4JTIyJTIwZGF0YS1zaGFkb3clM0QlMjIwJTIwMHB4JTIwMHB4JTIwcmdiJTI4MCUyMDAlMjAwJTIwJTJGJTIwMTYlMjUlMjklMjIlMjBkYXRhLXBhZGRpbmclM0QlMjIxcmVtJTIyJTIwZGF0YS1sYW5ndWFnZSUzRCUyMmZyJTIyJTNFJTNDJTJGZGl2JTNF[\/vc_raw_html][\/vc_column][\/vc_row][vc_row css_animation=\u00a0\u00bb\u00a0\u00bb row_type=\u00a0\u00bbrow\u00a0\u00bb use_row_as_full_screen_section=\u00a0\u00bbno\u00a0\u00bb type=\u00a0\u00bbgrid\u00a0\u00bb angled_section=\u00a0\u00bbno\u00a0\u00bb text_align=\u00a0\u00bbleft\u00a0\u00bb background_image_as_pattern=\u00a0\u00bbwithout_pattern\u00a0\u00bb padding_top=\u00a0\u00bb105&Prime; padding_bottom=\u00a0\u00bb25&Prime; z_index=\u00a0\u00bb\u00a0\u00bb anchor=\u00a0\u00bbinici\u00a0\u00bb css=\u00a0\u00bb.vc_custom_1698746751923{margin-top: -50px !important;}\u00a0\u00bb][vc_column width=\u00a0\u00bb1\/3&Prime;][vc_column_text]<\/p>\n<p style=\"text-align: left; font-family: 'Kalam', sans-serif; font-size: 23px; color: #966931; font-weight: 400; line-height: 1;\">2 maisons au choix<\/p>\n<p>[\/vc_column_text][vc_empty_space height=\u00a0\u00bb12px\u00a0\u00bb][vc_column_text]<\/p>\n<h1>Maisons de Tourisme Rural \u00e0 La Garrotxa<\/h1>\n<p>[\/vc_column_text][vc_empty_space height=\u00a0\u00bb50px\u00a0\u00bb][vc_column_text]2 options diff\u00e9rentes de tourisme rural. <strong>Mas El Carrer<\/strong> avec 6 logements et un jardin commun avec piscine, barbecue et aire de jeux pour enfants. <strong>Planademunt<\/strong> est une maison exclusive pour les personnes en qu\u00eate d&rsquo;intimit\u00e9, \u00e9galement avec un grand jardin et une piscine priv\u00e9e.[\/vc_column_text][vc_empty_space height=\u00a0\u00bb33px\u00a0\u00bb]<a  itemprop=\"url\" href=\"\/fr\/reservations\/\" target=\"_self\"  class=\"qbutton  default\" style=\"\">RESERVE MAINTENANT<\/a>[vc_empty_space height=\u00a0\u00bb50px\u00a0\u00bb][\/vc_column][vc_column width=\u00a0\u00bb1\/3&Prime;][vc_single_image image=\u00a0\u00bb409&Prime; img_size=\u00a0\u00bbfull\u00a0\u00bb alignment=\u00a0\u00bbcenter\u00a0\u00bb qode_css_animation=\u00a0\u00bb\u00a0\u00bb][vc_empty_space height=\u00a0\u00bb50&Prime;][vc_column_text]<\/p>\n<h2>Mas El Carrer<\/h2>\n<p>[\/vc_column_text][vc_empty_space height=\u00a0\u00bb10&Prime;][vc_column_text]<strong>6 LOGEMENTS IND\u00c9PENDANTS<\/strong><br \/>\n<strong>MAXIMUM 28 PERSONNES<\/strong>[\/vc_column_text][vc_separator type=\u00a0\u00bbnormal\u00a0\u00bb color=\u00a0\u00bb#000000&Prime; thickness=\u00a0\u00bb1&Prime; up=\u00a0\u00bb25&Prime; down=\u00a0\u00bb25&Prime;][vc_column_text]<strong>Mas El Carrer<\/strong> est une ferme du XVIe si\u00e8cle situ\u00e9e au milieu de la vall\u00e9e des Arcs, sous la sierra de Finestres, dans le <strong>Parc Naturel de la Zone Volcanique de La Garrotxa<\/strong>. La ferme, parfaitement restaur\u00e9e et \u00e9quip\u00e9e, id\u00e9ale pour le <strong>tourisme rural<\/strong>, a \u00e9t\u00e9 r\u00e9nov\u00e9e en <strong>appartements de 2 et 3 chambres<\/strong>. Elle dispose \u00e9galement d&rsquo;une maison ind\u00e9pendante, <strong>La Cabana<\/strong>, une ancienne grange r\u00e9nov\u00e9e et r\u00e9habilit\u00e9e avec tout le confort. Venez profiter de la tranquillit\u00e9 que vous trouverez dans nos lieux.[\/vc_column_text][vc_separator type=\u00a0\u00bbnormal\u00a0\u00bb color=\u00a0\u00bb#000000&Prime; thickness=\u00a0\u00bb1&Prime; up=\u00a0\u00bb25&Prime; down=\u00a0\u00bb25&Prime;]<a  itemprop=\"url\" href=\"\/fr\/maison-de-tourisme-rural-du-mas-el-carrer\/\" target=\"_self\"  class=\"qbutton  default\" style=\"\">PLUS D'INFORMATIONS<\/a>[vc_empty_space height=\u00a0\u00bb50px\u00a0\u00bb][\/vc_column][vc_column width=\u00a0\u00bb1\/3&Prime;][vc_single_image image=\u00a0\u00bb495&Prime; img_size=\u00a0\u00bbfull\u00a0\u00bb alignment=\u00a0\u00bbcenter\u00a0\u00bb qode_css_animation=\u00a0\u00bb\u00a0\u00bb][vc_empty_space height=\u00a0\u00bb50&Prime;][vc_column_text]<\/p>\n<h2>Planademunt<\/h2>\n<p>[\/vc_column_text][vc_empty_space height=\u00a0\u00bb10&Prime;][vc_column_text]<strong>MAISON PRIV\u00c9E EXCLUSIVE<\/strong><br \/>\n<strong>MAXIMUM 8 PERSONNES<\/strong>[\/vc_column_text][vc_separator type=\u00a0\u00bbnormal\u00a0\u00bb color=\u00a0\u00bb#000000&Prime; thickness=\u00a0\u00bb1&Prime; up=\u00a0\u00bb25&Prime; down=\u00a0\u00bb25&Prime;][vc_column_text]<strong>Maison rustique compl\u00e8tement ind\u00e9pendante<\/strong> au milieu du <strong>Parc Naturel de la Zone Volcanique de La Garrotxa<\/strong>, avec <strong>3 chambres<\/strong>, <strong>canap\u00e9-lit<\/strong> &gt;, <strong>salon<\/strong> avec po\u00eale \u00e0 bois, <strong>cuisine enti\u00e8rement \u00e9quip\u00e9e<\/strong>, <strong>salle de bain compl\u00e8te<\/strong> et <strong>\u00e9vier<\/strong>, r\u00e9partis sur 3 \u00e9tages. A 300 m\u00e8tres des appartements Mas El Carrer, \u00e0 5 minutes de la ville m\u00e9di\u00e9vale de <strong>Santa Pau<\/strong> et \u00e0 15 minutes de la ville d&rsquo;<strong>Olot<\/strong>. Elle dispose d&rsquo;un tr\u00e8s grand jardin avec une piscine priv\u00e9e. Il dispose \u00e9galement d&rsquo;une connexion Wi-Fi et d&rsquo;un parking gratuit.[\/vc_column_text][vc_separator type=\u00a0\u00bbnormal\u00a0\u00bb color=\u00a0\u00bb#000000&Prime; thickness=\u00a0\u00bb1&Prime; up=\u00a0\u00bb25&Prime; down=\u00a0\u00bb25&Prime;]<a  itemprop=\"url\" href=\"\/fr\/maison-de-tourisme-rural-du-planademunt\/\" target=\"_self\"  class=\"qbutton  default\" style=\"\">PLUS D'INFORMATIONS<\/a>[\/vc_column][\/vc_row][vc_row css_animation=\u00a0\u00bb\u00a0\u00bb row_type=\u00a0\u00bbrow\u00a0\u00bb use_row_as_full_screen_section=\u00a0\u00bbno\u00a0\u00bb type=\u00a0\u00bbfull_width\u00a0\u00bb angled_section=\u00a0\u00bbno\u00a0\u00bb text_align=\u00a0\u00bbleft\u00a0\u00bb background_image_as_pattern=\u00a0\u00bbwithout_pattern\u00a0\u00bb][vc_column][vc_separator type=\u00a0\u00bbnormal\u00a0\u00bb color=\u00a0\u00bb#000000&Prime; thickness=\u00a0\u00bb1&Prime; up=\u00a0\u00bb0&Prime; down=\u00a0\u00bb0&Prime;][\/vc_column][\/vc_row][vc_row css_animation=\u00a0\u00bb\u00a0\u00bb row_type=\u00a0\u00bbrow\u00a0\u00bb use_row_as_full_screen_section=\u00a0\u00bbno\u00a0\u00bb type=\u00a0\u00bbgrid\u00a0\u00bb angled_section=\u00a0\u00bbno\u00a0\u00bb text_align=\u00a0\u00bbleft\u00a0\u00bb background_image_as_pattern=\u00a0\u00bbwithout_pattern\u00a0\u00bb padding_top=\u00a0\u00bb75&Prime; padding_bottom=\u00a0\u00bb25&Prime; z_index=\u00a0\u00bb\u00a0\u00bb][vc_column][vc_column_text]<\/p>\n<p style=\"text-align: left; font-family: 'Kalam', sans-serif; font-size: 23px; color: #966931; font-weight: 400; line-height: 1;\">Tourisme rural au coeur de La Garrotxa<\/p>\n<p>[\/vc_column_text][vc_empty_space height=\u00a0\u00bb12px\u00a0\u00bb][vc_column_text]<\/p>\n<h2>S\u00e9journez au Mas El Carrer<\/h2>\n<p>[\/vc_column_text][vc_empty_space height=\u00a0\u00bb12px\u00a0\u00bb][vc_column_text]<strong>6 appartements<\/strong> \u00e0 choisir selon vos besoins, avec <strong>2 et 3 chambres<\/strong>. Grand <strong>jardin communautaire<\/strong> avec <strong>piscine<\/strong>, <strong>2 barbecues<\/strong> et <strong>aire de jeux pour enfants<\/strong>.[\/vc_column_text][vc_empty_space height=\u00a0\u00bb75px\u00a0\u00bb][vc_row_inner row_type=\u00a0\u00bbrow\u00a0\u00bb type=\u00a0\u00bbfull_width\u00a0\u00bb text_align=\u00a0\u00bbleft\u00a0\u00bb css_animation=\u00a0\u00bb\u00a0\u00bb][vc_column_inner width=\u00a0\u00bb1\/6&Prime; offset=\u00a0\u00bbvc_col-lg-2 vc_col-md-6 vc_col-xs-6&Prime;][vc_single_image image=\u00a0\u00bb838&Prime; img_size=\u00a0\u00bbfull\u00a0\u00bb qode_css_animation=\u00a0\u00bb\u00a0\u00bb][vc_empty_space height=\u00a0\u00bb25&Prime;][vc_column_text]<\/p>\n<h3>La Cabana<\/h3>\n<p>[\/vc_column_text][vc_empty_space height=\u00a0\u00bb10px\u00a0\u00bb][vc_column_text]3 CHAMBRES<br \/>\n6-7 PERSONNES[\/vc_column_text][vc_empty_space height=\u00a0\u00bb20px\u00a0\u00bb]<a  itemprop=\"url\" href=\"\/fr\/maison-de-tourisme-rural-du-mas-el-carrer\/#la-cabana\" target=\"_self\"  class=\"qbutton  default\" style=\"\">+ INFOS<\/a>[vc_empty_space height=\u00a0\u00bb50px\u00a0\u00bb][\/vc_column_inner][vc_column_inner width=\u00a0\u00bb1\/6&Prime; offset=\u00a0\u00bbvc_col-lg-2 vc_col-md-6 vc_col-xs-6&Prime;][vc_single_image image=\u00a0\u00bb822&Prime; img_size=\u00a0\u00bbfull\u00a0\u00bb qode_css_animation=\u00a0\u00bb\u00a0\u00bb][vc_empty_space height=\u00a0\u00bb25&Prime;][vc_column_text]<\/p>\n<h3>Baixos<\/h3>\n<p>[\/vc_column_text][vc_empty_space height=\u00a0\u00bb10px\u00a0\u00bb][vc_column_text]3 CHAMBRES<br \/>\n6-7 PERSONNES[\/vc_column_text][vc_empty_space height=\u00a0\u00bb20px\u00a0\u00bb]<a  itemprop=\"url\" href=\"\/fr\/maison-de-tourisme-rural-du-mas-el-carrer\/#baixos\" target=\"_self\"  class=\"qbutton  default\" style=\"\">+ INFOS<\/a>[vc_empty_space height=\u00a0\u00bb50px\u00a0\u00bb][\/vc_column_inner][vc_column_inner width=\u00a0\u00bb1\/6&Prime; offset=\u00a0\u00bbvc_col-lg-2 vc_col-md-6 vc_col-xs-6&Prime;][vc_single_image image=\u00a0\u00bb842&Prime; img_size=\u00a0\u00bbfull\u00a0\u00bb qode_css_animation=\u00a0\u00bb\u00a0\u00bb][vc_empty_space height=\u00a0\u00bb25&Prime;][vc_column_text]<\/p>\n<h3>Verd<\/h3>\n<p>[\/vc_column_text][vc_empty_space height=\u00a0\u00bb10px\u00a0\u00bb][vc_column_text]2 CHAMBRES<br \/>\n4-5 PERSONNES[\/vc_column_text][vc_empty_space height=\u00a0\u00bb20px\u00a0\u00bb]<a  itemprop=\"url\" href=\"\/fr\/maison-de-tourisme-rural-du-mas-el-carrer\/#verd\" target=\"_self\"  class=\"qbutton  default\" style=\"\">+ INFOS<\/a>[vc_empty_space height=\u00a0\u00bb50px\u00a0\u00bb][\/vc_column_inner][vc_column_inner width=\u00a0\u00bb1\/6&Prime; offset=\u00a0\u00bbvc_col-lg-2 vc_col-md-6 vc_col-xs-6&Prime;][vc_single_image image=\u00a0\u00bb834&Prime; img_size=\u00a0\u00bbfull\u00a0\u00bb qode_css_animation=\u00a0\u00bb\u00a0\u00bb][vc_empty_space height=\u00a0\u00bb25&Prime;][vc_column_text]<\/p>\n<h3>Groc<\/h3>\n<p>[\/vc_column_text][vc_empty_space height=\u00a0\u00bb10px\u00a0\u00bb][vc_column_text]2 CHAMBRES<br \/>\n4 PERSONNES[\/vc_column_text][vc_empty_space height=\u00a0\u00bb20px\u00a0\u00bb]<a  itemprop=\"url\" href=\"\/fr\/maison-de-tourisme-rural-du-mas-el-carrer\/#groc\" target=\"_self\"  class=\"qbutton  default\" style=\"\">+ INFOS<\/a>[vc_empty_space height=\u00a0\u00bb50px\u00a0\u00bb][\/vc_column_inner][vc_column_inner width=\u00a0\u00bb1\/6&Prime; offset=\u00a0\u00bbvc_col-lg-2 vc_col-md-6 vc_col-xs-6&Prime;][vc_single_image image=\u00a0\u00bb830&Prime; img_size=\u00a0\u00bbfull\u00a0\u00bb qode_css_animation=\u00a0\u00bb\u00a0\u00bb][vc_empty_space height=\u00a0\u00bb25&Prime;][vc_column_text]<\/p>\n<h3>Blau<\/h3>\n<p>[\/vc_column_text][vc_empty_space height=\u00a0\u00bb10px\u00a0\u00bb][vc_column_text]2 CHAMBRES<br \/>\n4-5 PERSONNES[\/vc_column_text][vc_empty_space height=\u00a0\u00bb20px\u00a0\u00bb]<a  itemprop=\"url\" href=\"\/fr\/maison-de-tourisme-rural-du-mas-el-carrer\/#blau\" target=\"_self\"  class=\"qbutton  default\" style=\"\">+ INFOS<\/a>[vc_empty_space height=\u00a0\u00bb50px\u00a0\u00bb][\/vc_column_inner][vc_column_inner width=\u00a0\u00bb1\/6&Prime; offset=\u00a0\u00bbvc_col-lg-2 vc_col-md-6 vc_col-xs-6&Prime;][vc_single_image image=\u00a0\u00bb826&Prime; img_size=\u00a0\u00bbfull\u00a0\u00bb qode_css_animation=\u00a0\u00bb\u00a0\u00bb][vc_empty_space height=\u00a0\u00bb25&Prime;][vc_column_text]<\/p>\n<h3>Blanc<\/h3>\n<p>[\/vc_column_text][vc_empty_space height=\u00a0\u00bb10px\u00a0\u00bb][vc_column_text]2 CHAMBRES<br \/>\n4 PERSONNES[\/vc_column_text][vc_empty_space height=\u00a0\u00bb20px\u00a0\u00bb]<a  itemprop=\"url\" href=\"\/fr\/maison-de-tourisme-rural-du-mas-el-carrer\/#blanc\" target=\"_self\"  class=\"qbutton  default\" style=\"\">+ INFOS<\/a>[vc_empty_space height=\u00a0\u00bb50px\u00a0\u00bb][\/vc_column_inner][\/vc_row_inner][\/vc_column][\/vc_row][vc_row css_animation=\u00a0\u00bb\u00a0\u00bb row_type=\u00a0\u00bbrow\u00a0\u00bb use_row_as_full_screen_section=\u00a0\u00bbno\u00a0\u00bb type=\u00a0\u00bbfull_width\u00a0\u00bb angled_section=\u00a0\u00bbno\u00a0\u00bb text_align=\u00a0\u00bbleft\u00a0\u00bb background_image_as_pattern=\u00a0\u00bbwithout_pattern\u00a0\u00bb][vc_column][vc_separator type=\u00a0\u00bbnormal\u00a0\u00bb color=\u00a0\u00bb#000000&Prime; thickness=\u00a0\u00bb1&Prime; up=\u00a0\u00bb0&Prime; down=\u00a0\u00bb0&Prime;][\/vc_column][\/vc_row][vc_row css_animation=\u00a0\u00bb\u00a0\u00bb row_type=\u00a0\u00bbrow\u00a0\u00bb use_row_as_full_screen_section=\u00a0\u00bbno\u00a0\u00bb type=\u00a0\u00bbgrid\u00a0\u00bb angled_section=\u00a0\u00bbno\u00a0\u00bb text_align=\u00a0\u00bbleft\u00a0\u00bb background_image_as_pattern=\u00a0\u00bbwithout_pattern\u00a0\u00bb padding_top=\u00a0\u00bb75&Prime; padding_bottom=\u00a0\u00bb0&Prime; z_index=\u00a0\u00bb\u00a0\u00bb css=\u00a0\u00bb.vc_custom_1697109439519{background-position: center !important;background-repeat: no-repeat !important;background-size: contain !important;}\u00a0\u00bb][vc_column width=\u00a0\u00bb1\/3&Prime;][vc_column_text]<\/p>\n<p style=\"text-align: left; font-family: 'Kalam', sans-serif; font-size: 23px; color: #966931; font-weight: 400; line-height: 1;\">Exclusivit\u00e9s et confidentialit\u00e9<\/p>\n<p>[\/vc_column_text][vc_empty_space height=\u00a0\u00bb12px\u00a0\u00bb][vc_column_text]<\/p>\n<h2>S\u00e9journer \u00e0 Planademunt<\/h2>\n<p>[\/vc_column_text][vc_empty_space height=\u00a0\u00bb12px\u00a0\u00bb][vc_column_text]<strong>Maison compl\u00e8tement ind\u00e9pendante<\/strong> r\u00e9cemment r\u00e9nov\u00e9e \u00e0 350 m\u00e8tres de Mas El Carrer, avec <strong>3 chambres<\/strong>, <strong>salle \u00e0 manger<\/strong>, <strong>cuisine<\/strong>, &lt; strong&gt; strong&gt;2 salles de bains et <strong>jardin<\/strong> et <strong>piscine priv\u00e9e<\/strong>.[\/vc_column_text][vc_empty_space height=\u00a0\u00bb75px\u00a0\u00bb][vc_single_image image=\u00a0\u00bb877&Prime; img_size=\u00a0\u00bbfull\u00a0\u00bb qode_css_animation=\u00a0\u00bb\u00a0\u00bb][vc_empty_space height=\u00a0\u00bb25&Prime;][vc_column_text]<\/p>\n<h3>Planademunt<\/h3>\n<p>[\/vc_column_text][vc_empty_space height=\u00a0\u00bb10px\u00a0\u00bb][vc_column_text]3 CHAMBRES + CANAP\u00c9 LIT<br \/>\n6-8 PERSONNES[\/vc_column_text][vc_empty_space height=\u00a0\u00bb20px\u00a0\u00bb]<a  itemprop=\"url\" href=\"\/fr\/maison-de-tourisme-rural-du-planademunt\/\" target=\"_self\"  class=\"qbutton  default\" style=\"\">+ INFOS<\/a>[vc_empty_space height=\u00a0\u00bb75px\u00a0\u00bb][\/vc_column][vc_column width=\u00a0\u00bb2\/3&Prime;][vc_column_text]<\/p>\n<p style=\"text-align: left; font-family: 'Kalam', sans-serif; font-size: 23px; color: #966931; font-weight: 400; line-height: 1;\">Que puis-je faire une fois \u00e0 Mas El Carrer?<\/p>\n<p>[\/vc_column_text][vc_empty_space height=\u00a0\u00bb12px\u00a0\u00bb][vc_column_text]<\/p>\n<h2>D\u00e9couvrir<br \/>\nLa Garrotxa<\/h2>\n<p>[\/vc_column_text][vc_empty_space height=\u00a0\u00bb12px\u00a0\u00bb][vc_column_text]Le <strong>Parc Naturel de la Zone Volcanique de la Garrotxa<\/strong> est le meilleur exemple de paysage volcanique de la p\u00e9ninsule ib\u00e9rique. Il compte une quarantaine de c\u00f4nes volcaniques et plus de 20 coul\u00e9es de lave basaltique. Dans cet environnement vous trouverez de nombreuses activit\u00e9s \u00e0 faire. Du volcan <strong>Santa Margarida<\/strong>, dans la <strong>Hageda de Jord\u00e0<\/strong>, en passant par <strong>Olot<\/strong> et <strong>Besal\u00fa<\/strong>, sans nous quitter, bien s\u00fbr, la ville m\u00e9di\u00e9vale de <strong>Santa Pau<\/strong>.[\/vc_column_text][vc_empty_space height=\u00a0\u00bb75px\u00a0\u00bb][vc_row_inner row_type=\u00a0\u00bbrow\u00a0\u00bb type=\u00a0\u00bbfull_width\u00a0\u00bb text_align=\u00a0\u00bbleft\u00a0\u00bb css_animation=\u00a0\u00bb\u00a0\u00bb][vc_column_inner width=\u00a0\u00bb1\/2&Prime;][vc_single_image image=\u00a0\u00bb872&Prime; img_size=\u00a0\u00bbfull\u00a0\u00bb qode_css_animation=\u00a0\u00bb\u00a0\u00bb][vc_empty_space height=\u00a0\u00bb25&Prime;][vc_column_text]<\/p>\n<h3>Fageda d&rsquo;en Jord\u00e0<\/h3>\n<p>[\/vc_column_text][vc_empty_space height=\u00a0\u00bb10px\u00a0\u00bb][vc_column_text]La Fageda d&rsquo;en Jord\u00e0, l&rsquo;une des 28 r\u00e9serves naturelles du Parc Naturel, se d\u00e9veloppe sur une coul\u00e9e de lave du volcan Croscat qui s&rsquo;\u00e9tend \u00e0 travers les communes de Santa Pau, Olot et Les Preses.[\/vc_column_text][vc_empty_space height=\u00a0\u00bb75&Prime;][\/vc_column_inner][vc_column_inner width=\u00a0\u00bb1\/2&Prime;][vc_single_image image=\u00a0\u00bb882&Prime; img_size=\u00a0\u00bbfull\u00a0\u00bb qode_css_animation=\u00a0\u00bb\u00a0\u00bb][vc_empty_space height=\u00a0\u00bb25&Prime;][vc_column_text]<\/p>\n<h3>Besal\u00fa<\/h3>\n<p>[\/vc_column_text][vc_empty_space height=\u00a0\u00bb10px\u00a0\u00bb][vc_column_text]La ville de Besal\u00fa est situ\u00e9e \u00e0 un carrefour important et traditionnel \u00e0 l&rsquo;est de La Garrotxa. Le majestueux pont roman sur la rivi\u00e8re Fluvi\u00e0 est l&rsquo;une des attractions de cette ville.[\/vc_column_text][vc_empty_space height=\u00a0\u00bb75&Prime;][\/vc_column_inner][\/vc_row_inner]<a  itemprop=\"url\" href=\"\/fr\/que-faire-a-la-garrotxa\/\" target=\"_self\"  class=\"qbutton  default\" style=\"\">+ PLACES \u00c0 VOIR \u00c0 LA GARROTXA<\/a>[vc_empty_space height=\u00a0\u00bb25&Prime;][\/vc_column][\/vc_row][vc_row css_animation=\u00a0\u00bb\u00a0\u00bb row_type=\u00a0\u00bbrow\u00a0\u00bb use_row_as_full_screen_section=\u00a0\u00bbno\u00a0\u00bb type=\u00a0\u00bbfull_width\u00a0\u00bb angled_section=\u00a0\u00bbno\u00a0\u00bb text_align=\u00a0\u00bbleft\u00a0\u00bb background_image_as_pattern=\u00a0\u00bbwithout_pattern\u00a0\u00bb z_index=\u00a0\u00bb\u00a0\u00bb padding_top=\u00a0\u00bb0&Prime; padding_bottom=\u00a0\u00bb0&Prime;][vc_column][vc_single_image image=\u00a0\u00bb903&Prime; img_size=\u00a0\u00bbfull\u00a0\u00bb alignment=\u00a0\u00bbcenter\u00a0\u00bb qode_css_animation=\u00a0\u00bb\u00a0\u00bb][\/vc_column][\/vc_row]<\/p>\n<\/div>","protected":false},"excerpt":{"rendered":"<p>[vc_row css_animation=\u00a0\u00bb\u00a0\u00bb row_type=\u00a0\u00bbrow\u00a0\u00bb use_row_as_full_screen_section=\u00a0\u00bbno\u00a0\u00bb type=\u00a0\u00bbfull_width\u00a0\u00bb angled_section=\u00a0\u00bbno\u00a0\u00bb text_align=\u00a0\u00bbleft\u00a0\u00bb background_image_as_pattern=\u00a0\u00bbwithout_pattern\u00a0\u00bb z_index=\u00a0\u00bb\u00a0\u00bb padding_bottom=\u00a0\u00bb0&Prime;][vc_column][vc_gallery interval=\u00a0\u00bb15&Prime; images=\u00a0\u00bb1911,964&Prime; img_size=\u00a0\u00bbfull\u00a0\u00bb onclick=\u00a0\u00bb\u00a0\u00bb direction_nav=\u00a0\u00bbyes\u00a0\u00bb control_nav=\u00a0\u00bbno\u00a0\u00bb][\/vc_column][\/vc_row][vc_row css_animation=\u00a0\u00bb\u00a0\u00bb row_type=\u00a0\u00bbrow\u00a0\u00bb use_row_as_full_screen_section=\u00a0\u00bbno\u00a0\u00bb type=\u00a0\u00bbgrid\u00a0\u00bb angled_section=\u00a0\u00bbno\u00a0\u00bb text_align=\u00a0\u00bbleft\u00a0\u00bb background_image_as_pattern=\u00a0\u00bbwithout_pattern\u00a0\u00bb z_index=\u00a0\u00bb\u00a0\u00bb el_class=\u00a0\u00bbposicio\u00a0\u00bb padding_top=\u00a0\u00bb0&Prime; padding_bottom=\u00a0\u00bb0&Prime; css=\u00a0\u00bb.vc_custom_1698746685345{margin-top: -25px !important;}\u00a0\u00bb][vc_column offset=\u00a0\u00bbvc_hidden-md vc_hidden-sm vc_hidden-xs\u00a0\u00bb][vc_raw_html]JTNDc2NyaXB0JTIwdHlwZSUzRCUyMnRleHQlMkZqYXZhc2NyaXB0JTIyJTIwc3JjJTNEJTIyaHR0cHMlM0ElMkYlMkZib29rb25saW5lLnBybyUyRndpZGdldHMlMkZzZWFyY2glMkZkaXN0JTJGaW5kZXguanMlMjIlMjBkZWZlciUzRSUzQyUyRnNjcmlwdCUzRSUwQSUyMCUyMCUyMCUyMCUzQ2RpdiUyMGRhdGEtYWNjb21tb2RhdGlvbnMtZmlsdGVyJTNEJTIybm9uZSUyMiUyMGRhdGEtdGFyZ2V0JTNEJTIyX2JsYW5rJTIyJTIwY2xhc3MlM0QlMjJhdmFpYm9vay1zZWFyY2gtd2lkZ2V0JTIyJTIwZGF0YS13aWRnZXQtaWQlM0QlMjIzMjIwMSUyMiUyMGRhdGEtd2lkZ2V0LXRva2VuJTNEJTIyOFlrc3JFc2djQndoWTNsUWVjZDMlMkJ3JTNEJTNEJTIyJTIwZGF0YS1iYWNrZ3JvdW5kLWNvbG9yJTNEJTIyJTIzZmJmYmZiJTIyJTIwZGF0YS1tYWluLWNvbG9yJTNEJTIyJTIzOTY2OTMxJTIyJTIwZGF0YS1ib3JkZXItcmFkaXVzJTNEJTIyMHB4JTIyJTIwZGF0YS1zaGFkb3clM0QlMjIwJTIwMHB4JTIwMHB4JTIwcmdiJTI4MCUyMDAlMjAwJTIwJTJGJTIwMTYlMjUlMjklMjIlMjBkYXRhLXBhZGRpbmclM0QlMjIxcmVtJTIyJTIwZGF0YS1sYW5ndWFnZSUzRCUyMmZyJTIyJTNFJTNDJTJGZGl2JTNF[\/vc_raw_html][\/vc_column][\/vc_row][vc_row css_animation=\u00a0\u00bb\u00a0\u00bb row_type=\u00a0\u00bbrow\u00a0\u00bb use_row_as_full_screen_section=\u00a0\u00bbno\u00a0\u00bb type=\u00a0\u00bbgrid\u00a0\u00bb angled_section=\u00a0\u00bbno\u00a0\u00bb text_align=\u00a0\u00bbleft\u00a0\u00bb background_image_as_pattern=\u00a0\u00bbwithout_pattern\u00a0\u00bb padding_top=\u00a0\u00bb105&Prime; padding_bottom=\u00a0\u00bb25&Prime; z_index=\u00a0\u00bb\u00a0\u00bb anchor=\u00a0\u00bbinici\u00a0\u00bb css=\u00a0\u00bb.vc_custom_1698746751923{margin-top:&hellip; <a class=\"continue\" href=\"https:\/\/www.maselcarrer.com\/fr\/\">CONTINUAR >><span> Accueil<\/span><\/a><\/p>\n","protected":false},"author":1,"featured_media":0,"parent":0,"menu_order":0,"comment_status":"closed","ping_status":"closed","template":"full_width.php","meta":{"_joinchat":[],"footnotes":""},"class_list":["post-1585","page","type-page","status-publish","hentry"],"_links":{"self":[{"href":"https:\/\/www.maselcarrer.com\/fr\/wp-json\/wp\/v2\/pages\/1585","targetHints":{"allow":["GET"]}}],"collection":[{"href":"https:\/\/www.maselcarrer.com\/fr\/wp-json\/wp\/v2\/pages"}],"about":[{"href":"https:\/\/www.maselcarrer.com\/fr\/wp-json\/wp\/v2\/types\/page"}],"author":[{"embeddable":true,"href":"https:\/\/www.maselcarrer.com\/fr\/wp-json\/wp\/v2\/users\/1"}],"replies":[{"embeddable":true,"href":"https:\/\/www.maselcarrer.com\/fr\/wp-json\/wp\/v2\/comments?post=1585"}],"version-history":[{"count":7,"href":"https:\/\/www.maselcarrer.com\/fr\/wp-json\/wp\/v2\/pages\/1585\/revisions"}],"predecessor-version":[{"id":1917,"href":"https:\/\/www.maselcarrer.com\/fr\/wp-json\/wp\/v2\/pages\/1585\/revisions\/1917"}],"wp:attachment":[{"href":"https:\/\/www.maselcarrer.com\/fr\/wp-json\/wp\/v2\/media?parent=1585"}],"curies":[{"name":"wp","href":"https:\/\/api.w.org\/{rel}","templated":true}]}}