{"id":1526,"date":"2023-08-30T13:16:50","date_gmt":"2023-08-30T11:16:50","guid":{"rendered":"https:\/\/webnova.maselcarrer.com\/?page_id=1526"},"modified":"2025-06-05T18:32:21","modified_gmt":"2025-06-05T16:32:21","slug":"terminos-y-condiciones-de-contratacion","status":"publish","type":"page","link":"https:\/\/www.maselcarrer.com\/es\/inicio\/terminos-y-condiciones-de-contratacion\/","title":{"rendered":"T\u00e9rminos y condiciones de contrataci\u00f3n"},"content":{"rendered":"<div class=\"wpb-content-wrapper\"><p>[vc_row css_animation=\u00bb\u00bb row_type=\u00bbrow\u00bb use_row_as_full_screen_section=\u00bbno\u00bb type=\u00bbfull_width\u00bb angled_section=\u00bbno\u00bb text_align=\u00bbleft\u00bb background_image_as_pattern=\u00bbwithout_pattern\u00bb z_index=\u00bb\u00bb][vc_column][vc_single_image image=\u00bb1341&#8243; img_size=\u00bbfull\u00bb alignment=\u00bbcenter\u00bb qode_css_animation=\u00bb\u00bb][\/vc_column][\/vc_row][vc_row css_animation=\u00bb\u00bb row_type=\u00bbrow\u00bb use_row_as_full_screen_section=\u00bbno\u00bb type=\u00bbgrid\u00bb angled_section=\u00bbno\u00bb text_align=\u00bbleft\u00bb background_image_as_pattern=\u00bbwithout_pattern\u00bb z_index=\u00bb\u00bb padding_top=\u00bb30&#8243;][vc_column][vc_column_text]<\/p>\r\n<p style=\"text-align: right;\"><a href=\"\/es\">Inicio<\/a> &gt; T\u00e9rminos y condiciones de contrataci\u00f3n<\/p>\r\n<p>[\/vc_column_text][\/vc_column][\/vc_row][vc_row css_animation=\u00bb\u00bb row_type=\u00bbrow\u00bb use_row_as_full_screen_section=\u00bbno\u00bb type=\u00bbgrid\u00bb angled_section=\u00bbno\u00bb text_align=\u00bbleft\u00bb background_image_as_pattern=\u00bbwithout_pattern\u00bb z_index=\u00bb\u00bb padding_top=\u00bb50&#8243; padding_bottom=\u00bb75&#8243; anchor=\u00bbinici\u00bb][vc_column][vc_column_text css=\u00bb\u00bb]<\/p>\r\n<h1 class=\"wp-block-heading\">T\u00e9rminos y condiciones de contrataci\u00f3n<\/h1>\r\n<p>[vc_empty_space height=\u00bb75px\u00bb]<\/p>\r\n<ul>\r\n<li style=\"list-style-type: none;\">\r\n<ul>\r\n<li style=\"list-style-type: none;\">\r\n<ul>\r\n<li><strong>La tasa tur\u00edstica no est\u00e1 incluida y se har\u00e1 efectiva en el momento de la entrada.<\/strong><\/li>\r\n<li><strong>Entrada de 16:00 ha 22:00 h. Salida hasta las 11:00 h.<\/strong><\/li>\r\n<li><strong>Cualquier cancelaci\u00f3n hecha hasta 10 d\u00edas antes de la fecha de llegada tendr\u00e1 un coste de 1\u20ac m\u00e1s el 4% del importe cobrado y los costes bancarios que se puedan derivar de la cancelaci\u00f3n.<\/strong><\/li>\r\n<li><strong>Cualquier cancelaci\u00f3n realizada durante los \u00faltimos 10 d\u00edas antes de la fecha de llegada supondr\u00e1 la p\u00e9rdida del importe pagado en el momento de realizar la reserva (30 % del total de la estancia). El hecho de no presentarse en el establecimiento el d\u00eda previsto de llegada supondr\u00e1 la p\u00e9rdida del 100% del importe de la estancia.<\/strong><\/li>\r\n<li><strong>Cualquier desperfecto en la casa o en su contenido, ser\u00e1 cargado en la misma tarjeta de cr\u00e9dito con la que se ha realizado el pago de la reserva.<\/strong><\/li>\r\n<\/ul>\r\n<\/li>\r\n<\/ul>\r\n<\/li>\r\n<\/ul>\r\n<p>[vc_empty_space height=\u00bb50px\u00bb]<\/p>\r\n<h2>Condiciones generales de reserva<\/h2>\r\n<p>[vc_separator type=\u00bbsmall\u00bb position=\u00bbleft\u00bb up=\u00bb15&#8243; down=\u00bb40&#8243; color=\u00bb#000000&#8243; transparency=\u00bb1&#8243; thickness=\u00bb2&#8243; width=\u00bb100&#8243;]<\/p>\r\n<ul>\r\n<li style=\"list-style-type: none;\">\r\n<ul>\r\n<li style=\"list-style-type: none;\">\r\n<ul>\r\n<li>Las presentes Condiciones Generales de Reserva (en adelante Condiciones Generales) regular\u00e1n la relaci\u00f3n comercial que surja entre EL CARRER TURISME RURAL SL y el usuario o cliente por la contrataci\u00f3n realizada a trav\u00e9s de los formularios que EL CARRER TURISME RURAL SL pone a su disposici\u00f3n en su web www.maselcarrer.com.<\/li>\r\n<li>La reserva a trav\u00e9s de los sitios web de EL CARRER TURISME RURAL SL supondr\u00e1 la aceptaci\u00f3n expresa, por el cliente o usuario de las p\u00e1ginas, de estas condiciones, as\u00ed como de las condiciones de uso establecidas por la navegaci\u00f3n del usuario por las p\u00e1ginas propiedad de EL CARRER TURISME RURAL SL.<\/li>\r\n<li>Estas condiciones ser\u00e1n de aplicaci\u00f3n sin perjuicio de la aplicaci\u00f3n de las normas legales sobre la materia que sean de aplicaci\u00f3n para cada caso.<\/li>\r\n<li>Las condiciones generales de contrataci\u00f3n regulan la relaci\u00f3n de venta a distancia entre EL CARRER TURISME RURAL SL y el usuario o cliente, de acuerdo con las estipulaciones legales, especialmente, la Ley 7\/1998, de 13 de abril, sobre Condiciones Generales de Contrataci\u00f3n , la Ley 3\/2014, de 27 de marzo por la que se modifica el texto refundido de la Ley General para la Defensa de los consumidores y usuarios, la normativa vigente de Protecci\u00f3n de Datos de Car\u00e1cter Personal, la Ley 7\/1996, de 15 de enero de Ordenaci\u00f3n del Comercio Minorista y la Ley 34\/2002 de 11 de julio, de Servicios de la Sociedad de la Informaci\u00f3n y de Comercio Electr\u00f3nico.<\/li>\r\n<li>EL CARRER TURISME RURAL SL se reserva el derecho a realizar las modificaciones que considere oportunas, sin previo aviso, en las condiciones generales. Estas modificaciones podr\u00e1n realizarse, a trav\u00e9s de sus sitios web, por cualquier forma admisible en derecho y ser\u00e1n de obligado cumplimiento durante el tiempo en que se encuentren publicadas en la web y hasta que no sean modificadas v\u00e1lidamente por otras posteriores. Sin embargo, EL CARRER TURISME RURAL SL se reserva el derecho de aplicar, en determinados casos, unas condiciones particulares de Contrataci\u00f3n con preferencia a las presentes Condiciones Generales cuando lo considerase oportuno, anunciando en tiempo y forma oportunos.<\/li>\r\n<\/ul>\r\n<\/li>\r\n<\/ul>\r\n<\/li>\r\n<\/ul>\r\n<p>[vc_empty_space height=\u00bb50px\u00bb]<\/p>\r\n<h3>Informaci\u00f3n previa de la reserva:<\/h3>\r\n<p>[vc_separator type=\u00bbsmall\u00bb position=\u00bbleft\u00bb up=\u00bb15&#8243; down=\u00bb40&#8243; color=\u00bb#000000&#8243; transparency=\u00bb1&#8243; thickness=\u00bb2&#8243; width=\u00bb25&#8243;]<\/p>\r\n<ul>\r\n<li style=\"list-style-type: none;\">\r\n<ul>\r\n<li style=\"list-style-type: none;\">\r\n<ul>\r\n<li>EL CARRER TURISME RURAL SL le informa que el procedimiento de reserva a trav\u00e9s de sus p\u00e1ginas web viene detallado en el apartado correspondiente para la formalizaci\u00f3n de la reserva.<\/li>\r\n<li>Asimismo, EL CARRER TURISME RURAL SL informa que el usuario puede tener acceso a las condiciones de uso que dispone en la misma web.<\/li>\r\n<li>Por la reserva con EL CARRER TURISME RURAL SLL a trav\u00e9s de su website, el usuario o cliente declara expresamente conocer, entender y aceptar estas condiciones de uso y las condiciones generales. De igual forma el usuario declara ser mayor de edad y tener la capacidad jur\u00eddica y de obrar necesaria para el acceso a los sitios web de EL CARRER TURISME RURAL SL y la contrataci\u00f3n por medio de los mismos. El usuario se hace responsable de tratar confidencial y responsablemente la identidad y contrase\u00f1a obtenidas en el registro como cliente, no pudiendo cederlas a otro.<\/li>\r\n<li>Una vez hecha la reserva el usuario visualizar\u00e1 la confirmaci\u00f3n de la reserva en la pantalla, pudiendo imprimir \u00e9sta como comprobante de la reserva efectuada.<\/li>\r\n<li>La confirmaci\u00f3n de reserva y el comprobante de la reserva (impresi\u00f3n que realiza el usuario) no tendr\u00e1n validez como factura.<\/li>\r\n<\/ul>\r\n<\/li>\r\n<\/ul>\r\n<\/li>\r\n<\/ul>\r\n<p>&nbsp;<\/p>\r\n<p>[vc_empty_space height=\u00bb50px\u00bb]<\/p>\r\n<h2>Funcionamiento de la reserva<\/h2>\r\n<p>[vc_separator type=\u00bbsmall\u00bb position=\u00bbleft\u00bb up=\u00bb15&#8243; down=\u00bb40&#8243; color=\u00bb#000000&#8243; transparency=\u00bb1&#8243; thickness=\u00bb2&#8243; width=\u00bb100&#8243;]<\/p>\r\n<p>[vc_empty_space height=\u00bb50px\u00bb]<\/p>\r\n<h3>Abierta de reservas y referencia de precios:<\/h3>\r\n<p>[vc_separator type=\u00bbsmall\u00bb position=\u00bbleft\u00bb up=\u00bb15&#8243; down=\u00bb40&#8243; color=\u00bb#000000&#8243; transparency=\u00bb1&#8243; thickness=\u00bb2&#8243; width=\u00bb25&#8243;]<\/p>\r\n<p>En cumplimiento de la normativa vigente y, especialmente de la Ley 34\/2002 de servicios de la sociedad de la informaci\u00f3n y del comercio electr\u00f3nico, EL CARRER TURISME RURAL SL ofrece en el apartado correspondiente para la formalizaci\u00f3n de la reserva informaci\u00f3n sobre todas las posibles reservas , sus caracter\u00edsticas y precios. Sin embargo, EL CARRER TURISME RURAL SL se reserva el derecho a retirar, reponer o cambiar las ofertas que se ofrecen a sus clientes a trav\u00e9s de su p\u00e1gina web, mediante el simple cambio en el contenido de las mismas. De esta forma, los productos y\/o servicios ofrecidos en cada momento por la website de EL CARRER TURISME RURAL SL se regir\u00e1n por las condiciones generales vigentes en cada caso. Asimismo, la empresa tendr\u00e1 la facultad de dejar de ofrecer, sin previo aviso y en cualquier momento, el acceso a dichos productos y\/o servicios.<\/p>\r\n<p>&nbsp;<\/p>\r\n<p>[vc_empty_space height=\u00bb50px\u00bb]<\/p>\r\n<h3>Indicaci\u00f3n de los precios:<\/h3>\r\n<p>[vc_separator type=\u00bbsmall\u00bb position=\u00bbleft\u00bb up=\u00bb15&#8243; down=\u00bb40&#8243; color=\u00bb#000000&#8243; transparency=\u00bb1&#8243; thickness=\u00bb2&#8243; width=\u00bb25&#8243;]<\/p>\r\n<ul>\r\n<li style=\"list-style-type: none;\">\r\n<ul>\r\n<li style=\"list-style-type: none;\">\r\n<ul>\r\n<li>Cada posible reserva ofertada tendr\u00e1 indicado su precio y si tiene incorporado el IVA o cualquier otro impuesto que, en su caso, sea de aplicaci\u00f3n. Los precios indicados en pantalla son los vigentes en cada momento salvo error tipogr\u00e1fico. Cuando el precio sea distinto por el motivo anteriormente expuesto, EL CARRER TURISME RURAL SL lo comunicar\u00e1 al cliente, v\u00eda e-mail, antes de proceder al cobro de la reserva.<\/li>\r\n<li>La tasa tur\u00edstica no est\u00e1 incluida en el precio de la reserva y se har\u00e1 efectiva en el momento de la entrada.<\/li>\r\n<li>Ser\u00e1 necesario, en caso de no haber realizado la reserva en tarjeta de cr\u00e9dito, de dejar el n\u00famero de una tarjeta de cr\u00e9dito para cubrir posibles desperfectos en la casa y en su contenido o cualquier tipo de sustracci\u00f3n.<\/li>\r\n<li>Para que la reserva pueda ser confirmada, \u00e9sta deber\u00e1 estar garantizada a trav\u00e9s de una tarjeta de cr\u00e9dito v\u00e1lida y emitida por una entidad bancaria conocida (se aceptan tarjetas de cr\u00e9dito Visa, Mastercard y American Express).<\/li>\r\n<\/ul>\r\n<\/li>\r\n<\/ul>\r\n<\/li>\r\n<\/ul>\r\n<p>&nbsp;<\/p>\r\n<p>[vc_empty_space height=\u00bb50px\u00bb]<\/p>\r\n<h3>Disponibilidad:<\/h3>\r\n<p>[vc_separator type=\u00bbsmall\u00bb position=\u00bbleft\u00bb up=\u00bb15&#8243; down=\u00bb40&#8243; color=\u00bb#000000&#8243; transparency=\u00bb1&#8243; thickness=\u00bb2&#8243; width=\u00bb25&#8243;]<\/p>\r\n<p>La disponibilidad de las ofertas por EL CARRER TURISME RURAL SL a trav\u00e9s de su p\u00e1gina web puede variar en funci\u00f3n de la demanda de los clientes. Aunque EL CARRER TURISME RURAL SLL actualiza la base de datos peri\u00f3dicamente, la reserva solicitada por el cliente podr\u00eda estar completa en ese momento. En este caso, EL CARRER TURISME RURAL SL remitir\u00e1 un e-mail al cliente inform\u00e1ndole de la imposibilidad de la disponibilidad de la oferta.<\/p>\r\n<p>&nbsp;<\/p>\r\n<p>[vc_empty_space height=\u00bb50px\u00bb]<\/p>\r\n<h3>Formas de pago:<\/h3>\r\n<p>[vc_separator type=\u00bbsmall\u00bb position=\u00bbleft\u00bb up=\u00bb15&#8243; down=\u00bb40&#8243; color=\u00bb#000000&#8243; transparency=\u00bb1&#8243; thickness=\u00bb2&#8243; width=\u00bb25&#8243;]<\/p>\r\n<p>EL CARRER TURISME RURAL SL solicita en las reservas a trav\u00e9s de su p\u00e1gina web los datos de una tarjeta de cr\u00e9dito, titular de reserva, para garantizar la efectividad de la misma. El establecimiento efectuar\u00e1 un cargo del 30% del valor de la reserva en la tarjeta de cr\u00e9dito al realizar la reserva. La factura correspondiente a la reserva, se saldar\u00e1 directamente al establecimiento, ya sea en met\u00e1lico, con tarjeta de cr\u00e9dito o de cualquier otra forma aceptada por el establecimiento.<\/p>\r\n<p>&nbsp;<\/p>\r\n<p>[vc_empty_space height=\u00bb50px\u00bb]<\/p>\r\n<h3>Cancelaci\u00f3n de la reserva:<\/h3>\r\n<p>[vc_separator type=\u00bbsmall\u00bb position=\u00bbleft\u00bb up=\u00bb15&#8243; down=\u00bb40&#8243; color=\u00bb#000000&#8243; transparency=\u00bb1&#8243; thickness=\u00bb2&#8243; width=\u00bb25&#8243;]<\/p>\r\n<ul>\r\n<li style=\"list-style-type: none;\">\r\n<ul>\r\n<li style=\"list-style-type: none;\">\r\n<ul>\r\n<li>Cualquier cancelaci\u00f3n hecha hasta 10 d\u00edas antes de la fecha de llegada tendr\u00e1 un coste de 1\u20ac m\u00e1s el 4% del importe cobrado y los costes bancarios que puedan derivarse de la cancelaci\u00f3n.<\/li>\r\n<li>Cualquier cancelaci\u00f3n realizada durante los 10 \u00faltimos d\u00edas antes de la fecha de llegada supondr\u00e1 la p\u00e9rdida del importe pagado en el momento de realizar la reserva (30% del total de la estancia). El hecho de no presentarse en el establecimiento el d\u00eda previsto de llegada supondr\u00e1 la p\u00e9rdida del 100% del importe de la estancia.<\/li>\r\n<li>Si el usuario abandona la estancia antes de la fecha hasta la que la ten\u00eda reservada, el establecimiento podr\u00e1 cobrar el precio total de los servicios que queden por utilizar.<\/li>\r\n<\/ul>\r\n<\/li>\r\n<\/ul>\r\n<\/li>\r\n<\/ul>\r\n<p>&nbsp;<\/p>\r\n<p>[vc_empty_space height=\u00bb50px\u00bb]<\/p>\r\n<h3>Cambio de fechas:<\/h3>\r\n<p>[vc_separator type=\u00bbsmall\u00bb position=\u00bbleft\u00bb up=\u00bb15&#8243; down=\u00bb40&#8243; color=\u00bb#000000&#8243; transparency=\u00bb1&#8243; thickness=\u00bb2&#8243; width=\u00bb25&#8243;]<\/p>\r\n<p>No habr\u00e1 penalizaci\u00f3n siempre que se avise con una antelaci\u00f3n de 10 d\u00edas anteriores a la fecha de llegada. De lo contrario, se aplicar\u00eda lo convenido en la pol\u00edtica de cancelaci\u00f3n.<\/p>\r\n<p>&nbsp;<\/p>\r\n<p>[vc_empty_space height=\u00bb50px\u00bb]<\/p>\r\n<h3>Desistimiento:<\/h3>\r\n<p>[vc_separator type=\u00bbsmall\u00bb position=\u00bbleft\u00bb up=\u00bb15&#8243; down=\u00bb40&#8243; color=\u00bb#000000&#8243; transparency=\u00bb1&#8243; thickness=\u00bb2&#8243; width=\u00bb25&#8243;]<\/p>\r\n<p>Seg\u00fan lo que establece el art\u00edculo 103 de la Ley 3\/2014, de 27 de marzo por la que se modifica el texto refundido de la Ley General para la Defensa de los consumidores y usuarios, los suministros de servicios o bienes confeccionado conforme a las especificaciones del consumidor o claramente personalizados, o que, por su naturaleza, no puedan ser devueltos o puedan deteriorarse o caducar con rapidez, est\u00e1n exentos de desistimiento.<\/p>\r\n<p>&nbsp;<\/p>\r\n<p>[vc_empty_space height=\u00bb50px\u00bb]<\/p>\r\n<h3>N\u00famero e identidad de los clientes:<\/h3>\r\n<p>[vc_separator type=\u00bbsmall\u00bb position=\u00bbleft\u00bb up=\u00bb15&#8243; down=\u00bb40&#8243; color=\u00bb#000000&#8243; transparency=\u00bb1&#8243; thickness=\u00bb2&#8243; width=\u00bb25&#8243;]<\/p>\r\n<p>Los clientes deben facilitar el n\u00famero e identidad de aquellos que vayan a ocupar el apartamento.<\/p>\r\n<p>&nbsp;<\/p>\r\n<p>El n\u00famero de personas no podr\u00e1 superar, en ning\u00fan caso, a los comunicados en el momento de la reserva. No se aceptar\u00e1n modificaciones en ese n\u00famero a posterioridad. El n\u00famero de personas nunca podr\u00e1 superar el aforo m\u00e1ximo de la casa. Las visitas durante el d\u00eda, deber\u00e1n comunicarse y autorizarse previamente, nunca superando el aforo total.<\/p>\r\n<p>&nbsp;<\/p>\r\n<p>Se informa al cliente que los datos que nos facilite a trav\u00e9s del formulario de contacto ser\u00e1n utilizados para contestar a sus peticiones de informaci\u00f3n y servicio<\/p>\r\n<p>&nbsp;<\/p>\r\n<p>[vc_empty_space height=\u00bb50px\u00bb]<\/p>\r\n<h3>Llegadas y salidas:<\/h3>\r\n<p>[vc_separator type=\u00bbsmall\u00bb position=\u00bbleft\u00bb up=\u00bb15&#8243; down=\u00bb40&#8243; color=\u00bb#000000&#8243; transparency=\u00bb1&#8243; thickness=\u00bb2&#8243; width=\u00bb25&#8243;]<\/p>\r\n<ul>\r\n<li style=\"list-style-type: none;\">\r\n<ul>\r\n<li style=\"list-style-type: none;\">\r\n<ul>\r\n<li>El horario de check in es de lunes a domingo, de 16 a 22 horas. Fuera de este horario se deber\u00e1 avisar al establecimiento con tiempo suficiente para una buena organizaci\u00f3n.<\/li>\r\n<li>El horario de salida de los apartamentos debe realizarse antes de las 11 horas. Se deber\u00e1 avisar con antelaci\u00f3n de la hora prevista de salida para revisar el apartamento y, en su caso, se proceder\u00e1 a la devoluci\u00f3n de la fianza.<\/li>\r\n<\/ul>\r\n<\/li>\r\n<\/ul>\r\n<\/li>\r\n<\/ul>\r\n<p>&nbsp;<\/p>\r\n<p>[vc_empty_space height=\u00bb50px\u00bb]<\/p>\r\n<h3>Suministros y equipamiento:<\/h3>\r\n<p>[vc_separator type=\u00bbsmall\u00bb position=\u00bbleft\u00bb up=\u00bb15&#8243; down=\u00bb40&#8243; color=\u00bb#000000&#8243; transparency=\u00bb1&#8243; thickness=\u00bb2&#8243; width=\u00bb25&#8243;]<\/p>\r\n<ul>\r\n<li style=\"list-style-type: none;\">\r\n<ul>\r\n<li style=\"list-style-type: none;\">\r\n<ul>\r\n<li>Las s\u00e1banas y toallas correspondientes al n\u00famero de ocupantes del apartamento se incluyen en el inventario inicial.<\/li>\r\n<li>La cocina est\u00e1 equipada con utensilios habituales para cocinar.<\/li>\r\n<li>El suministro de agua y electricidad est\u00e1 incluido en el precio.<\/li>\r\n<li>WI-FI gratuito <strong>(IMPORTANTE: la wifi nos llega v\u00eda sat\u00e9lite y se reparte entre todos los clientes de los apartamentos. No siempre podemos garantizar una conexi\u00f3n estable).<\/strong><\/li>\r\n<\/ul>\r\n<\/li>\r\n<\/ul>\r\n<\/li>\r\n<\/ul>\r\n<p>&nbsp;<\/p>\r\n<p>[vc_empty_space height=\u00bb50px\u00bb]<\/p>\r\n<h3>Servicio de lavander\u00eda:<\/h3>\r\n<p>[vc_separator type=\u00bbsmall\u00bb position=\u00bbleft\u00bb up=\u00bb15&#8243; down=\u00bb40&#8243; color=\u00bb#000000&#8243; transparency=\u00bb1&#8243; thickness=\u00bb2&#8243; width=\u00bb25&#8243;]<\/p>\r\n<p>Los apartamentos disponen de un servicio de lavander\u00eda comunitaria (lavadora y secadora).<\/p>\r\n<p>&nbsp;<\/p>\r\n<p>[vc_empty_space height=\u00bb50px\u00bb]<\/p>\r\n<h3>Limpieza:<\/h3>\r\n<p>[vc_separator type=\u00bbsmall\u00bb position=\u00bbleft\u00bb up=\u00bb15&#8243; down=\u00bb40&#8243; color=\u00bb#000000&#8243; transparency=\u00bb1&#8243; thickness=\u00bb2&#8243; width=\u00bb25&#8243;]<\/p>\r\n<ul>\r\n<li style=\"list-style-type: none;\">\r\n<ul>\r\n<li style=\"list-style-type: none;\">\r\n<ul>\r\n<li>Los apartamentos se entregan limpios.<\/li>\r\n<li>La limpieza diaria de mantenimiento es responsabilidad del inquilino.<\/li>\r\n<li>Si el d\u00eda de salida el apartamento no se encontrara en las debidas condiciones, en lo que se refiere a la limpieza, se descontar\u00e1 el importe de la limpieza de la fianza.<\/li>\r\n<\/ul>\r\n<\/li>\r\n<\/ul>\r\n<\/li>\r\n<\/ul>\r\n<p>&nbsp;<\/p>\r\n<p>[vc_empty_space height=\u00bb50px\u00bb]<\/p>\r\n<h3>Responsabilidades:<\/h3>\r\n<p>[vc_separator type=\u00bbsmall\u00bb position=\u00bbleft\u00bb up=\u00bb15&#8243; down=\u00bb40&#8243; color=\u00bb#000000&#8243; transparency=\u00bb1&#8243; thickness=\u00bb2&#8243; width=\u00bb25&#8243;]<\/p>\r\n<ul>\r\n<li style=\"list-style-type: none;\">\r\n<ul>\r\n<li style=\"list-style-type: none;\">\r\n<ul>\r\n<li>El establecimiento no se hace responsable de los da\u00f1os y perjuicios que puedan producirse como consecuencia de su estancia en el apartamento, incluidos el robo o el incendio.<\/li>\r\n<li>El establecimiento tampoco se hace responsable de los objetos personales y de valor que los clientes guarden en los apartamentos, ni de los da\u00f1os o robos en los veh\u00edculos que se encuentren en el parking, si procede.<\/li>\r\n<li>El establecimiento tampoco se responsabiliza de los objetos perdidos u olvidados una vez el cliente ha realizado el check out, pero se intentar\u00e1 facilitar su recuperaci\u00f3n y localizaci\u00f3n.<\/li>\r\n<\/ul>\r\n<\/li>\r\n<\/ul>\r\n<\/li>\r\n<\/ul>\r\n<p>&nbsp;<\/p>\r\n<p>[vc_empty_space height=\u00bb50px\u00bb]<\/p>\r\n<h3>Comportamiento:<\/h3>\r\n<p>[vc_separator type=\u00bbsmall\u00bb position=\u00bbleft\u00bb up=\u00bb15&#8243; down=\u00bb40&#8243; color=\u00bb#000000&#8243; transparency=\u00bb1&#8243; thickness=\u00bb2&#8243; width=\u00bb25&#8243;]<\/p>\r\n<ul>\r\n<li style=\"list-style-type: none;\">\r\n<ul>\r\n<li style=\"list-style-type: none;\">\r\n<ul>\r\n<li>El cliente ser\u00e1 responsable de su propio comportamiento y el de aquellos que le acompa\u00f1an.<\/li>\r\n<li>Si su comportamiento no estuviera de acuerdo con unos est\u00e1ndares m\u00ednimos de convivencia, el establecimiento podr\u00e1 exigir el abandono del apartamento sin derecho a devoluci\u00f3n total o parcial de los d\u00edas restantes, ni de indemnizaci\u00f3n alguna.<\/li>\r\n<\/ul>\r\n<\/li>\r\n<\/ul>\r\n<\/li>\r\n<\/ul>\r\n<p>&nbsp;<\/p>\r\n<p>[vc_empty_space height=\u00bb50px\u00bb]<\/p>\r\n<h3>Suplemento por persona:<\/h3>\r\n<p>[vc_separator type=\u00bbsmall\u00bb position=\u00bbleft\u00bb up=\u00bb15&#8243; down=\u00bb40&#8243; color=\u00bb#000000&#8243; transparency=\u00bb1&#8243; thickness=\u00bb2&#8243; width=\u00bb25&#8243;]<\/p>\r\n<ul>\r\n<li style=\"list-style-type: none;\">\r\n<ul>\r\n<li style=\"list-style-type: none;\">\r\n<ul>\r\n<li>No se permitir\u00e1 mayor ocupaci\u00f3n que la de las plazas asignadas para cada apartamento que son: apartamento de 2 habitaciones (1 suplementaria en habitaci\u00f3n doble) y apartamento de 3 habitaciones (1 suplementaria en habitaci\u00f3n doble).<\/li>\r\n<li>Cada persona suplementaria tiene un coste adicional de 24 euros por persona y noche. S\u00f3lo un ni\u00f1o menor de 3 a\u00f1os est\u00e1 exento de suplemento.<\/li>\r\n<\/ul>\r\n<\/li>\r\n<\/ul>\r\n<\/li>\r\n<\/ul>\r\n<p>[vc_empty_space height=\u00bb50px\u00bb]<\/p>\r\n<h3>Mascotas:<\/h3>\r\n<p>[vc_separator type=\u00bbsmall\u00bb position=\u00bbleft\u00bb up=\u00bb15&#8243; down=\u00bb40&#8243; color=\u00bb#000000&#8243; transparency=\u00bb1&#8243; thickness=\u00bb2&#8243; width=\u00bb25&#8243;]<\/p>\r\n<p>Las mascotas est\u00e1n permitidas. En este caso se cobrar\u00e1 un suplemento de 10\u20ac\/mascota\/noche para la primera mascota y de 5\u20ac\/mascota\/noche para la segunda mascota. <strong>No se admiten m\u00e1s de 2 animales por apartamento.<\/strong><\/p>\r\n<p>&nbsp;<\/p>\r\n<p>[vc_empty_space height=\u00bb50px\u00bb]<\/p>\r\n<h3>Ruido y m\u00fasica:<\/h3>\r\n<p>[vc_separator type=\u00bbsmall\u00bb position=\u00bbleft\u00bb up=\u00bb15&#8243; down=\u00bb40&#8243; color=\u00bb#000000&#8243; transparency=\u00bb1&#8243; thickness=\u00bb2&#8243; width=\u00bb25&#8243;]<\/p>\r\n<p>Dado que la casa est\u00e1 en pleno Parque Natural de la Zona Volc\u00e1nica de La Garrotxa, debe procurarse no hacer ruido. La m\u00fasica s\u00f3lo est\u00e1 permitida dentro de la sala com\u00fan y con un volumen moderado. A partir de las 10 de la tarde y hasta las 9 de la ma\u00f1ana, debe procurarse hacer silencio por el descanso de todos.<\/p>\r\n<p>&nbsp;<\/p>\r\n<p>[vc_empty_space height=\u00bb50px\u00bb]<\/p>\r\n<h3>Descanso:<\/h3>\r\n<p>[vc_separator type=\u00bbsmall\u00bb position=\u00bbleft\u00bb up=\u00bb15&#8243; down=\u00bb40&#8243; color=\u00bb#000000&#8243; transparency=\u00bb1&#8243; thickness=\u00bb2&#8243; width=\u00bb25&#8243;]<\/p>\r\n<p>Mas El Carrer y Planademunt est\u00e1n en medio del Parque Natural de la Zona Volc\u00e1nica de La Garrotxa. Adem\u00e1s, existen casas vecinas relativamente cerca. A\u00f1adimos que Mas El Carrer es una casa compartida entre 6 alojamientos. Por todo ello, no se pueden montar fiestas particulares ni tener m\u00fasica alta (ni dentro de los alojamientos ni en la zona exterior). A partir de las 10 de la noche y hasta las 9 de la ma\u00f1ana se ha de silenciar y respetar el descanso del resto de gente alojada.<\/p>\r\n<p>&nbsp;<\/p>\r\n<p>[vc_empty_space height=\u00bb50px\u00bb]<\/p>\r\n<h3>Petardos y pirotecnia:<\/h3>\r\n<p>[vc_separator type=\u00bbsmall\u00bb position=\u00bbleft\u00bb up=\u00bb15&#8243; down=\u00bb40&#8243; color=\u00bb#000000&#8243; transparency=\u00bb1&#8243; thickness=\u00bb2&#8243; width=\u00bb25&#8243;]<\/p>\r\n<p>Los petardos y cualquier tipo de pirotecnia est\u00e1n completamente prohibidas durante todo el a\u00f1o. La casa est\u00e1 ubicada en una zona boscosa y en medio del Parque Natural de la Zona Volc\u00e1nica de La Garrotxa. En este sentido, no habr\u00e1 ninguna excepci\u00f3n por ning\u00fan motivo.<\/p>\r\n<p>&nbsp;<\/p>\r\n<p>[vc_empty_space height=\u00bb50px\u00bb]<\/p>\r\n<h3>Eventos y celebraciones:<\/h3>\r\n<p>[vc_separator type=\u00bbsmall\u00bb position=\u00bbleft\u00bb up=\u00bb15&#8243; down=\u00bb40&#8243; color=\u00bb#000000&#8243; transparency=\u00bb1&#8243; thickness=\u00bb2&#8243; width=\u00bb25&#8243;]<\/p>\r\n<p>Los eventos\/celebraciones no podr\u00e1n superar nunca el aforo m\u00e1ximo de la casa y deber\u00e1 informarse a Mas El Carrer de la identidad de todos los participantes (registro de viajeros). El incumplimiento de esta cl\u00e1usula puede comportar la anulaci\u00f3n del contrato de forma unilateral por parte de Mas El Carrer en cualquier momento de la estancia.<\/p>\r\n<p>&nbsp;<\/p>\r\n<p>Si se necesita llevar material para la celebraci\u00f3n con antelaci\u00f3n a Mas El Carrer, deber\u00e1 comunicarlo con al menos 15 d\u00edas de margen. El alquiler de la sala, en estos casos, es de 100\u20ac\/noche por noche extra de ocupaci\u00f3n. El horario ser\u00e1 pactado con Mas El Carrer dentro de esta franja horaria: 8:00 hasta las 16:00 h.<\/p>\r\n<p>&nbsp;<\/p>\r\n<p>[vc_empty_space height=\u00bb50px\u00bb]<\/p>\r\n<h3>Elementos desmontables:<\/h3>\r\n<p>[vc_separator type=\u00bbsmall\u00bb position=\u00bbleft\u00bb up=\u00bb15&#8243; down=\u00bb40&#8243; color=\u00bb#000000&#8243; transparency=\u00bb1&#8243; thickness=\u00bb2&#8243; width=\u00bb25&#8243;]<\/p>\r\n<p>En ning\u00fan caso, tanto si se ha alquilado s\u00f3lo un apartamento o se ha alquilado todo el complejo, se podr\u00e1n instalar elementos desmontables como carpas, tiendas, garlandas, luces&#8230; En este sentido, no est\u00e1n permitidas celebraciones que no se hayan comunicado en el momento de la reserva y se hayan autorizado expl\u00edcitamente.<\/p>\r\n<p>&nbsp;<\/p>\r\n<p>[vc_empty_space height=\u00bb50px\u00bb]<\/p>\r\n<h3>Carteles en el camino:<\/h3>\r\n<p>[vc_separator type=\u00bbsmall\u00bb position=\u00bbleft\u00bb up=\u00bb15&#8243; down=\u00bb40&#8243; color=\u00bb#000000&#8243; transparency=\u00bb1&#8243; thickness=\u00bb2&#8243; width=\u00bb25&#8243;]<\/p>\r\n<p>El camino que llega hasta Mas La Carrer no es propiedad nuestra, con lo que queda totalmente prohibido colgar carteles indicativos para ayudar a la gente a llegar a las casas. La casa est\u00e1 localizada en Google Maps y podr\u00e1 llegar perfectamente utilizando esta aplicaci\u00f3n.<\/p>\r\n<p>&nbsp;<\/p>\r\n<p>[vc_empty_space height=\u00bb50px\u00bb]<\/p>\r\n<h2>Protecci\u00f3n de datos<\/h2>\r\n<p>[vc_separator type=\u00bbsmall\u00bb position=\u00bbleft\u00bb up=\u00bb15&#8243; down=\u00bb40&#8243; color=\u00bb#000000&#8243; transparency=\u00bb1&#8243; thickness=\u00bb2&#8243; width=\u00bb100&#8243;]<\/p>\r\n<p>De conformidad con la normativa vigente y aplicable en protecci\u00f3n de datos de car\u00e1cter personal, le informamos que sus datos ser\u00e1n incorporados al sistema de tratamiento titularidad de EL CARRER TURISME RURAL SL con CIF B75355255 y domicilio social situado en C\/ SANT JOSEP ORIOL,7 \u2013 LA FLORESTA \u2013 08198 SANT CUGAT DEL VALL\u00c8S (BARCELONA), y que a continuaci\u00f3n se relacionan sus respectivas finalidades, plazos de conservaci\u00f3n y bases legitimadoras. Para aquellos tratamientos que lo requieran, se informa tambi\u00e9n de la posible elaboraci\u00f3n de perfiles y decisiones automatizadas, as\u00ed como las posibles cesiones y transferencias internacionales que EL CARRER TURISME RURAL S tiene previsto realizar:<\/p>\r\n<p>&nbsp;<\/p>\r\n<ul>\r\n<li style=\"list-style-type: none;\">\r\n<ul>\r\n<li style=\"list-style-type: none;\">\r\n<ul>\r\n<li><strong>Finalidad:<\/strong> Atender sus consultas y\/o solicitudes e instalaci\u00f3n de galletas.<\/li>\r\n<li><strong>Plazo de conservaci\u00f3n:<\/strong> mientras se mantenga el consentimiento prestado.<\/li>\r\n<li><strong>Base leg\u00edtima:<\/strong>\u00a0El consentimiento del interesado.<\/li>\r\n<\/ul>\r\n<\/li>\r\n<\/ul>\r\n<\/li>\r\n<\/ul>\r\n<p>&nbsp;<\/p>\r\n<p>De acuerdo con los derechos que le confiere la normativa vigente y aplicable en protecci\u00f3n de datos podr\u00e1 ejercer los derechos de acceso, rectificaci\u00f3n, limitaci\u00f3n de tratamiento, supresi\u00f3n (\u201cderecho al olvido\u201d), portabilidad y oposici\u00f3n al tratamiento de sus datos de car\u00e1cter personal as\u00ed como la revocaci\u00f3n del consentimiento prestado para el tratamiento de los mismos, dirigiendo su petici\u00f3n a la direcci\u00f3n postal C\/ SANT JOSEP ORIOL,7 \u2013 LA FLORESTA \u2013 08198 SANT CUGAT DEL VALL\u00c8S (BARCELONA) o al correo electr\u00f3nico INFORMACI\u00d3@MARMUNTANYA.COM. Podr\u00e1 dirigirse a la Autoridad de Control competente para presentar la reclamaci\u00f3n que considere oportuna.<\/p>\r\n<p>&nbsp;<\/p>\r\n<p>Los datos identificados con una marca (*) se entienden como campos obligatorios y requeridos, en consecuencia se entender\u00e1n como necesarios para acometer las finalidades mencionadas anteriormente.<\/p>\r\n<p>&nbsp;<\/p>\r\n<p>Podr\u00e1 dirigirse a la Autoridad de Control competente para presentar la reclamaci\u00f3n que considere oportuna.<\/p>\r\n<p>&nbsp;<\/p>\r\n<p>[vc_empty_space height=\u00bb50px\u00bb]<\/p>\r\n<h2>Legislaci\u00f3n y jurisdicci\u00f3n aplicable<\/h2>\r\n<p>[vc_separator type=\u00bbsmall\u00bb position=\u00bbleft\u00bb up=\u00bb15&#8243; down=\u00bb40&#8243; color=\u00bb#000000&#8243; transparency=\u00bb1&#8243; thickness=\u00bb2&#8243; width=\u00bb100&#8243;]<\/p>\r\n<p>Normas actualizadas a 1 de enero de 2025. Cualquier incumplimiento de las normas de convivencia puede comportar la cancelaci\u00f3n del contrato de forma unilateral por parte de EL CARRER TURISME RURAL SL. Igualmente, cualquier infracci\u00f3n grave de la convivencia, o el destrozo de cualquier elemento de las casas o zonas comunes, puede acarrear tambi\u00e9n la cancelaci\u00f3n del contrato, el cobro de los desperfectos y, en su caso, la correspondiente denuncia ante las autoridades competentes.<\/p>\r\n<p>&nbsp;<\/p>\r\n<p>La relaci\u00f3n entre el usuario y el prestamista se regir\u00e1 por la normativa vigente y de aplicaci\u00f3n en territorio espa\u00f1ol. De surgir cualquier controversia las partes podr\u00e1n someter sus conflictos a arbitraje o acudir a la jurisdicci\u00f3n ordinaria cumpliendo con las normas sobre jurisdicci\u00f3n y competencia al respecto. EL CARRER TURISME RURAL SL tiene su domicilio en SANT CUGAT DEL VALL\u00c8S, Espa\u00f1a.<\/p>\r\n<p>[\/vc_column_text][\/vc_column][\/vc_row]<\/p><\/div>","protected":false},"excerpt":{"rendered":"<p>[vc_row css_animation=\u00bb\u00bb row_type=\u00bbrow\u00bb use_row_as_full_screen_section=\u00bbno\u00bb type=\u00bbfull_width\u00bb angled_section=\u00bbno\u00bb text_align=\u00bbleft\u00bb background_image_as_pattern=\u00bbwithout_pattern\u00bb z_index=\u00bb\u00bb][vc_column][vc_single_image image=\u00bb1341&#8243; img_size=\u00bbfull\u00bb alignment=\u00bbcenter\u00bb qode_css_animation=\u00bb\u00bb][\/vc_column][\/vc_row][vc_row css_animation=\u00bb\u00bb row_type=\u00bbrow\u00bb use_row_as_full_screen_section=\u00bbno\u00bb type=\u00bbgrid\u00bb angled_section=\u00bbno\u00bb text_align=\u00bbleft\u00bb background_image_as_pattern=\u00bbwithout_pattern\u00bb z_index=\u00bb\u00bb padding_top=\u00bb30&#8243;][vc_column][vc_column_text] Inicio &gt; T\u00e9rminos y condiciones de contrataci\u00f3n [\/vc_column_text][\/vc_column][\/vc_row][vc_row css_animation=\u00bb\u00bb row_type=\u00bbrow\u00bb use_row_as_full_screen_section=\u00bbno\u00bb type=\u00bbgrid\u00bb angled_section=\u00bbno\u00bb text_align=\u00bbleft\u00bb background_image_as_pattern=\u00bbwithout_pattern\u00bb z_index=\u00bb\u00bb padding_top=\u00bb50&#8243; padding_bottom=\u00bb75&#8243; anchor=\u00bbinici\u00bb][vc_column][vc_column_text css=\u00bb\u00bb] T\u00e9rminos y condiciones&hellip; <a class=\"continue\" href=\"https:\/\/www.maselcarrer.com\/es\/inicio\/terminos-y-condiciones-de-contratacion\/\">CONTINUAR >><span> T\u00e9rminos y condiciones de contrataci\u00f3n<\/span><\/a><\/p>\n","protected":false},"author":1,"featured_media":0,"parent":1480,"menu_order":0,"comment_status":"closed","ping_status":"open","template":"full_width.php","meta":{"_joinchat":[],"footnotes":""},"class_list":["post-1526","page","type-page","status-publish","hentry"],"_links":{"self":[{"href":"https:\/\/www.maselcarrer.com\/es\/wp-json\/wp\/v2\/pages\/1526","targetHints":{"allow":["GET"]}}],"collection":[{"href":"https:\/\/www.maselcarrer.com\/es\/wp-json\/wp\/v2\/pages"}],"about":[{"href":"https:\/\/www.maselcarrer.com\/es\/wp-json\/wp\/v2\/types\/page"}],"author":[{"embeddable":true,"href":"https:\/\/www.maselcarrer.com\/es\/wp-json\/wp\/v2\/users\/1"}],"replies":[{"embeddable":true,"href":"https:\/\/www.maselcarrer.com\/es\/wp-json\/wp\/v2\/comments?post=1526"}],"version-history":[{"count":5,"href":"https:\/\/www.maselcarrer.com\/es\/wp-json\/wp\/v2\/pages\/1526\/revisions"}],"predecessor-version":[{"id":2292,"href":"https:\/\/www.maselcarrer.com\/es\/wp-json\/wp\/v2\/pages\/1526\/revisions\/2292"}],"up":[{"embeddable":true,"href":"https:\/\/www.maselcarrer.com\/es\/wp-json\/wp\/v2\/pages\/1480"}],"wp:attachment":[{"href":"https:\/\/www.maselcarrer.com\/es\/wp-json\/wp\/v2\/media?parent=1526"}],"curies":[{"name":"wp","href":"https:\/\/api.w.org\/{rel}","templated":true}]}}