{"id":1486,"date":"2023-09-26T11:55:39","date_gmt":"2023-09-26T09:55:39","guid":{"rendered":"https:\/\/webnova.maselcarrer.com\/?page_id=1486"},"modified":"2024-12-13T14:08:59","modified_gmt":"2024-12-13T12:08:59","slug":"casa-de-turismo-rural-mas-el-carrer","status":"publish","type":"page","link":"https:\/\/www.maselcarrer.com\/es\/casa-de-turismo-rural-mas-el-carrer\/","title":{"rendered":"Mas El Carrer"},"content":{"rendered":"<div class=\"wpb-content-wrapper\"><p>[vc_row css_animation=\u00bb\u00bb row_type=\u00bbrow\u00bb use_row_as_full_screen_section=\u00bbno\u00bb type=\u00bbfull_width\u00bb angled_section=\u00bbno\u00bb text_align=\u00bbleft\u00bb background_image_as_pattern=\u00bbwithout_pattern\u00bb z_index=\u00bb\u00bb][vc_column][vc_single_image image=\u00bb502&#8243; img_size=\u00bbfull\u00bb alignment=\u00bbcenter\u00bb qode_css_animation=\u00bb\u00bb][\/vc_column][\/vc_row][vc_row css_animation=\u00bb\u00bb row_type=\u00bbrow\u00bb use_row_as_full_screen_section=\u00bbno\u00bb type=\u00bbgrid\u00bb angled_section=\u00bbno\u00bb text_align=\u00bbleft\u00bb background_image_as_pattern=\u00bbwithout_pattern\u00bb z_index=\u00bb\u00bb padding_top=\u00bb30&#8243;][vc_column][vc_column_text]<\/p>\n<p style=\"text-align: right;\"><a href=\"\/es\">Inicio<\/a> &gt;&gt; Mas El Carrer<\/p>\n<p>[\/vc_column_text][\/vc_column][\/vc_row][vc_row css_animation=\u00bb\u00bb row_type=\u00bbrow\u00bb use_row_as_full_screen_section=\u00bbno\u00bb type=\u00bbgrid\u00bb angled_section=\u00bbno\u00bb text_align=\u00bbleft\u00bb background_image_as_pattern=\u00bbwithout_pattern\u00bb padding_top=\u00bb50&#8243; padding_bottom=\u00bb50&#8243; z_index=\u00bb\u00bb anchor=\u00bbinici\u00bb][vc_column width=\u00bb1\/3&#8243;][vc_column_text]<\/p>\n<p style=\"text-align: left; font-family: 'Kalam', sans-serif; font-size: 23px; color: #966931; font-weight: 400; line-height: 1;\">La tranquilidad que buscas en pleno Parque Natural de la Zona Volc\u00e1nica de La Garrotxa<\/p>\n<p>[\/vc_column_text][vc_empty_space height=\u00bb12px\u00bb][vc_column_text]<\/p>\n<h1>Casa de turismo rural Mas El Carrer<\/h1>\n<p>[\/vc_column_text][vc_empty_space height=\u00bb35px\u00bb][vc_column_text]Ven a nuestra <strong>casa de turismo rural<\/strong> con familia o amigos y disfruta de la tranquilidad que encontrar\u00e1s en nuestros parajes, <strong>acompa\u00f1ados de tus mascotas<\/strong>. Un entorno para realizar turismo rural lleno de posibilidades: <strong>excursiones a pie<\/strong>, <strong>a caballo<\/strong>, <strong>en bicicleta<\/strong> y otros.[\/vc_column_text][vc_empty_space height=\u00bb30px\u00bb]<a  itemprop=\"url\" href=\"\/es\/reservas\/\" target=\"_self\"  class=\"qbutton  default\" style=\"\">RESERVA AHORA<\/a>[vc_empty_space height=\u00bb30px\u00bb][\/vc_column][vc_column width=\u00bb2\/3&#8243;][vc_gallery type=\u00bbflexslider_slide\u00bb interval=\u00bb10&#8243; images=\u00bb1921,1925,1929,1933,1937,1941,1945,1949,1953,1957,1961,1965,1969,1973,1977,1981,1985,1989,1993,1997,2001,2005,2009,2013,2017,2021,2025,2029,2033,2037&#8243; img_size=\u00bbfull\u00bb direction_nav=\u00bbyes\u00bb control_nav=\u00bbyes\u00bb][vc_empty_space height=\u00bb25px\u00bb][vc_column_text css=\u00bb.vc_custom_1698750847395{margin-top: -50px !important;}\u00bb]<\/p>\n<p style=\"texto-align: right;\"><strong>Mas El Carrer<\/strong> es una mas\u00eda del siglo XVI situada en medio del valle de los Arcos, bajo la sierra de Finestres, en el <strong>Parque Natural de la Zona Volc\u00e1nica de La Garrotxa<\/strong>. La mas\u00eda, perfectamente restaurada y equipada, ideal para realizar <strong>turismo rural<\/strong>, ha sido rehabilitada en <strong>apartamentos de 2 y 3 habitaciones<\/strong>. Disponemos de una casa independiente, \u00abLa Cabana\u00bb, un antiguo pajar reformado y rehabilitado con todas las comodidades. Contamos con un <strong>apartamento adaptado<\/strong> a las necesidades de personas con movilidad reducida.<\/p>\n<p>[\/vc_column_text][\/vc_column][\/vc_row][vc_row css_animation=\u00bb\u00bb row_type=\u00bbrow\u00bb use_row_as_full_screen_section=\u00bbno\u00bb type=\u00bbfull_width\u00bb angled_section=\u00bbno\u00bb text_align=\u00bbleft\u00bb background_image_as_pattern=\u00bbwithout_pattern\u00bb][vc_column][vc_separator type=\u00bbnormal\u00bb color=\u00bb#000000&#8243; thickness=\u00bb1&#8243; up=\u00bb0&#8243; down=\u00bb0&#8243;][\/vc_column][\/vc_row][vc_row css_animation=\u00bb\u00bb row_type=\u00bbrow\u00bb use_row_as_full_screen_section=\u00bbno\u00bb type=\u00bbgrid\u00bb angled_section=\u00bbno\u00bb text_align=\u00bbleft\u00bb background_image_as_pattern=\u00bbwithout_pattern\u00bb padding_top=\u00bb75&#8243; padding_bottom=\u00bb75&#8243; z_index=\u00bb\u00bb][vc_column][vc_column_text]<\/p>\n<p style=\"text-align: left; font-family: 'Kalam', sans-serif; font-size: 23px; color: #966931; font-weight: 400; line-height: 1;\">Casa de turismo rural por venir con amigos, familia y tus mascotas!<\/p>\n<p>[\/vc_column_text][vc_empty_space height=\u00bb12px\u00bb][vc_column_text]<\/p>\n<h2>Alojamientos de Mas El Carrer<\/h2>\n<p>[\/vc_column_text][vc_empty_space height=\u00bb12px\u00bb][vc_column_text]La <strong>casa de turismo rural<\/strong> de <strong>Mas El Carrer<\/strong> consta de <strong>6 alojamientos<\/strong>. En la casa de la izquierda encontramos <strong>La Cabana<\/strong>, con capacidad para 6 personas, un alojamiento completamente independiente. En la casa de la derecha encontramos 5 alojamientos m\u00e1s: los <strong>Baixos<\/strong> (para 6-7 personas) y el <strong>Verd<\/strong>, <strong>Groc<\/strong>, <strong>Blau<\/strong> y <strong>Blanc<\/strong>\u00a0(para 4-5 personas). Todos ellos completamente equipados con cocina-comedor, ba\u00f1o y habitaciones correspondientes, para disfrutar completamente de la intimidad.[\/vc_column_text][\/vc_column][\/vc_row][vc_row css_animation=\u00bb\u00bb row_type=\u00bbrow\u00bb use_row_as_full_screen_section=\u00bbno\u00bb type=\u00bbgrid\u00bb angled_section=\u00bbno\u00bb text_align=\u00bbleft\u00bb background_image_as_pattern=\u00bbwithout_pattern\u00bb padding_top=\u00bb0&#8243; padding_bottom=\u00bb50&#8243; z_index=\u00bb\u00bb anchor=\u00bbla-cabana\u00bb][vc_column][vc_column_text]<\/p>\n<h2 style=\"text-align: left;\">La Cabana<\/h2>\n<p>[\/vc_column_text][vc_empty_space height=\u00bb10&#8243;][vc_column_text]<\/p>\n<p style=\"text-align: left;\"><b>CASA INDEPENDIENTE DE 3 HABITACIONES<br \/>\n6-7 PERSONAS<\/b><\/p>\n<p>[\/vc_column_text][vc_empty_space height=\u00bb25&#8243;][vc_row_inner row_type=\u00bbrow\u00bb type=\u00bbfull_width\u00bb text_align=\u00bbleft\u00bb css_animation=\u00bb\u00bb][vc_column_inner width=\u00bb1\/2&#8243;][vc_gallery type=\u00bbflexslider_slide\u00bb interval=\u00bb0&#8243; images=\u00bb2128,2136,2132,2140,2144,655,659,663,667,671,675,679,683,1704,691,1692,1696,1700,695,1688&#8243; img_size=\u00bbfull\u00bb direction_nav=\u00bbyes\u00bb control_nav=\u00bbyes\u00bb][\/vc_column_inner][vc_column_inner width=\u00bb1\/2&#8243;][vc_separator type=\u00bbnormal\u00bb color=\u00bb#000000&#8243; thickness=\u00bb1&#8243; up=\u00bb0&#8243; down=\u00bb25&#8243;][vc_column_text]Ideal para personas que buscan mayor privacidad. Antiguo pajar reformado en forma de alojamiento de 2 plantas y rehabilitado con todas las comodidades.[\/vc_column_text][vc_empty_space height=\u00bb50&#8243;][vc_column_text]<\/p>\n<p style=\"text-align: left; font-family: 'Kalam', sans-serif; font-size: 23px; color: #966931; font-weight: 400; line-height: 1;\">Caracter\u00edsticas:<\/p>\n<p>&nbsp;<\/p>\n<ul>\n<li style=\"list-style-type: none;\">\n<ul>\n<li style=\"list-style-type: none;\">\n<ul>\n<li>Casa independiente (sin vecinos).<\/li>\n<li>Alojamiento en dos plantas (hay escaleras).<\/li>\n<li>Comedor con mesa, sof\u00e1, televisi\u00f3n y chimenea.<\/li>\n<li>Cocina completamente equipada.<\/li>\n<li>Lavavajillas.<\/li>\n<li>2 ba\u00f1os (1 de ellos con ba\u00f1era).<\/li>\n<li><strong>Habitaci\u00f3n 1:<\/strong> cama doble.<\/li>\n<li><strong>Habitaci\u00f3n 2:<\/strong> dos camas individuales.<\/li>\n<li><strong>Habitaci\u00f3n 3:<\/strong> una litera con dos camas.<\/li>\n<\/ul>\n<\/li>\n<\/ul>\n<\/li>\n<\/ul>\n<p>[\/vc_column_text][vc_separator type=\u00bbnormal\u00bb color=\u00bb#000000&#8243; thickness=\u00bb1&#8243; up=\u00bb25&#8243; down=\u00bb25&#8243;]<a  itemprop=\"url\" href=\"\/es\/reservas\/\" target=\"_self\"  class=\"qbutton  default\" style=\"\">RESERVA AHORA<\/a>[\/vc_column_inner][\/vc_row_inner][\/vc_column][\/vc_row][vc_row css_animation=\u00bb\u00bb row_type=\u00bbrow\u00bb use_row_as_full_screen_section=\u00bbno\u00bb type=\u00bbfull_width\u00bb angled_section=\u00bbno\u00bb text_align=\u00bbleft\u00bb background_image_as_pattern=\u00bbwithout_pattern\u00bb][vc_column][vc_separator type=\u00bbnormal\u00bb color=\u00bb#000000&#8243; thickness=\u00bb1&#8243; up=\u00bb0&#8243; down=\u00bb0&#8243;][\/vc_column][\/vc_row][vc_row css_animation=\u00bb\u00bb row_type=\u00bbrow\u00bb use_row_as_full_screen_section=\u00bbno\u00bb type=\u00bbgrid\u00bb angled_section=\u00bbno\u00bb text_align=\u00bbleft\u00bb background_image_as_pattern=\u00bbwithout_pattern\u00bb padding_top=\u00bb50&#8243; padding_bottom=\u00bb50&#8243; z_index=\u00bb\u00bb css=\u00bb.vc_custom_1696960369665{background-color: #f9f9f9 !important;}\u00bb anchor=\u00bbbaixos\u00bb][vc_column][vc_column_text]<\/p>\n<h2 style=\"text-align: left;\">Baixos<\/h2>\n<p>[\/vc_column_text][vc_empty_space height=\u00bb10&#8243;][vc_column_text]<\/p>\n<p style=\"text-align: left;\"><strong>ALOJAMIENTO ADAPTADO A PIE DE JARD\u00cdN DE 3 HABITACIONES<\/strong><br \/>\n<strong>6-7 PERSONAS<\/strong><\/p>\n<p>[\/vc_column_text][vc_empty_space height=\u00bb25&#8243;][vc_row_inner row_type=\u00bbrow\u00bb type=\u00bbfull_width\u00bb text_align=\u00bbleft\u00bb css_animation=\u00bb\u00bb][vc_column_inner width=\u00bb1\/2&#8243;][vc_gallery type=\u00bbflexslider_slide\u00bb interval=\u00bb0&#8243; images=\u00bb788,792,732,736,740,744,748,752,756,760,764,768,772,776,780,784&#8243; img_size=\u00bbfull\u00bb direction_nav=\u00bbyes\u00bb control_nav=\u00bbyes\u00bb][\/vc_column_inner][vc_column_inner width=\u00bb1\/2&#8243;][vc_separator type=\u00bbnormal\u00bb color=\u00bb#000000&#8243; thickness=\u00bb1&#8243; up=\u00bb0&#8243; down=\u00bb25&#8243;][vc_column_text]Ideal para familias y personas con movilidad reducida. Alojamiento a pie de jard\u00edn todo en una sola planta.[\/vc_column_text][vc_empty_space height=\u00bb50&#8243;][vc_column_text]<\/p>\n<p style=\"text-align: left; font-family: 'Kalam', sans-serif; font-size: 23px; color: #966931; font-weight: 400; line-height: 1;\">Caracter\u00edsticas:<\/p>\n<p>&nbsp;<\/p>\n<ul>\n<li style=\"list-style-type: none;\">\n<ul>\n<li style=\"list-style-type: none;\">\n<ul>\n<li>Alojamiento a pie de jard\u00edn (sin escaleras).<\/li>\n<li>Adaptado por personas con movilidad reducida.<\/li>\n<li>Comedor con mesa, sof\u00e1, televisi\u00f3n y chimenea.<\/li>\n<li>Cocina completamente equipada.<\/li>\n<li>Lavavajillas.<\/li>\n<li>Ba\u00f1o adaptado con plato de ducha.<\/li>\n<li><strong>Habitaci\u00f3n 1:<\/strong> cama doble.<\/li>\n<li><strong>Habitaci\u00f3n 2:<\/strong> dos camas individuales.<\/li>\n<li><strong>Habitaci\u00f3n 3:<\/strong> dos camas individuales.<\/li>\n<\/ul>\n<\/li>\n<\/ul>\n<\/li>\n<\/ul>\n<p>[\/vc_column_text][vc_separator type=\u00bbnormal\u00bb color=\u00bb#000000&#8243; thickness=\u00bb1&#8243; up=\u00bb25&#8243; down=\u00bb25&#8243;]<a  itemprop=\"url\" href=\"\/es\/reservas\/\" target=\"_self\"  class=\"qbutton  default\" style=\"\">RESERVA AHORA<\/a>[\/vc_column_inner][\/vc_row_inner][\/vc_column][\/vc_row][vc_row css_animation=\u00bb\u00bb row_type=\u00bbrow\u00bb use_row_as_full_screen_section=\u00bbno\u00bb type=\u00bbfull_width\u00bb angled_section=\u00bbno\u00bb text_align=\u00bbleft\u00bb background_image_as_pattern=\u00bbwithout_pattern\u00bb][vc_column][vc_separator type=\u00bbnormal\u00bb color=\u00bb#000000&#8243; thickness=\u00bb1&#8243; up=\u00bb0&#8243; down=\u00bb0&#8243;][\/vc_column][\/vc_row][vc_row css_animation=\u00bb\u00bb row_type=\u00bbrow\u00bb use_row_as_full_screen_section=\u00bbno\u00bb type=\u00bbgrid\u00bb angled_section=\u00bbno\u00bb text_align=\u00bbleft\u00bb background_image_as_pattern=\u00bbwithout_pattern\u00bb padding_top=\u00bb50&#8243; padding_bottom=\u00bb50&#8243; z_index=\u00bb\u00bb anchor=\u00bbverd\u00bb][vc_column][vc_column_text]<\/p>\n<h2 style=\"text-align: left;\">Verd<\/h2>\n<p>[\/vc_column_text][vc_empty_space height=\u00bb10&#8243;][vc_column_text]<\/p>\n<p style=\"text-align: left;\"><strong>ALOJAMIENTO DE 2 HABITACIONES<\/strong><br \/>\n<strong>4-5 PERSONAS<\/strong><\/p>\n<p>[\/vc_column_text][vc_empty_space height=\u00bb25&#8243;][vc_row_inner row_type=\u00bbrow\u00bb type=\u00bbfull_width\u00bb text_align=\u00bbleft\u00bb css_animation=\u00bb\u00bb][vc_column_inner width=\u00bb1\/2&#8243;][vc_gallery type=\u00bbflexslider_slide\u00bb interval=\u00bb0&#8243; images=\u00bb979,983,987,991,995,999,1003&#8243; img_size=\u00bbfull\u00bb direction_nav=\u00bbyes\u00bb control_nav=\u00bbyes\u00bb][\/vc_column_inner][vc_column_inner width=\u00bb1\/2&#8243;][vc_separator type=\u00bbnormal\u00bb color=\u00bb#000000&#8243; thickness=\u00bb1&#8243; up=\u00bb0&#8243; down=\u00bb25&#8243;][vc_column_text]Ideal para ir en familia o con los amigos. En la primera planta de Mas El Carrer con vistas al jard\u00edn y la piscina.[\/vc_column_text][vc_empty_space height=\u00bb50&#8243;][vc_column_text]<\/p>\n<p style=\"text-align: left; font-family: 'Kalam', sans-serif; font-size: 23px; color: #966931; font-weight: 400; line-height: 1;\">Caracter\u00edsticas:<\/p>\n<p>&nbsp;<\/p>\n<ul>\n<li style=\"list-style-type: none;\">\n<ul>\n<li style=\"list-style-type: none;\">\n<ul>\n<li>Alojamiento en la primera planta (hay escaleras).<\/li>\n<li>Comedor con mesa, sof\u00e1, televisi\u00f3n y chimenea.<\/li>\n<li>Cocina completamente equipada.<\/li>\n<li>Ba\u00f1o con ba\u00f1era.<\/li>\n<li><strong>Habitaci\u00f3n 1:<\/strong> cama doble.<\/li>\n<li><strong>Habitaci\u00f3n 2:<\/strong> dos camas individuales.<\/li>\n<\/ul>\n<\/li>\n<\/ul>\n<\/li>\n<\/ul>\n<p>[\/vc_column_text][vc_separator type=\u00bbnormal\u00bb color=\u00bb#000000&#8243; thickness=\u00bb1&#8243; up=\u00bb25&#8243; down=\u00bb25&#8243;]<a  itemprop=\"url\" href=\"\/es\/reservas\/\" target=\"_self\"  class=\"qbutton  default\" style=\"\">RESERVA AHORA<\/a>[\/vc_column_inner][\/vc_row_inner][\/vc_column][\/vc_row][vc_row css_animation=\u00bb\u00bb row_type=\u00bbrow\u00bb use_row_as_full_screen_section=\u00bbno\u00bb type=\u00bbfull_width\u00bb angled_section=\u00bbno\u00bb text_align=\u00bbleft\u00bb background_image_as_pattern=\u00bbwithout_pattern\u00bb][vc_column][vc_separator type=\u00bbnormal\u00bb color=\u00bb#000000&#8243; thickness=\u00bb1&#8243; up=\u00bb0&#8243; down=\u00bb0&#8243;][\/vc_column][\/vc_row][vc_row css_animation=\u00bb\u00bb row_type=\u00bbrow\u00bb use_row_as_full_screen_section=\u00bbno\u00bb type=\u00bbgrid\u00bb angled_section=\u00bbno\u00bb text_align=\u00bbleft\u00bb background_image_as_pattern=\u00bbwithout_pattern\u00bb padding_top=\u00bb50&#8243; padding_bottom=\u00bb50&#8243; z_index=\u00bb\u00bb anchor=\u00bbgroc\u00bb css=\u00bb.vc_custom_1697474911620{background-color: #f9f9f9 !important;}\u00bb][vc_column][vc_column_text]<\/p>\n<h2 style=\"text-align: left;\">Groc<\/h2>\n<p>[\/vc_column_text][vc_empty_space height=\u00bb10&#8243;][vc_column_text]<\/p>\n<p style=\"text-align: left;\"><strong>ALOJAMIENTO DE 2 HABITACIONES<\/strong><br \/>\n<strong>4 PERSONAS<\/strong><\/p>\n<p>[\/vc_column_text][vc_empty_space height=\u00bb25&#8243;][vc_row_inner row_type=\u00bbrow\u00bb type=\u00bbfull_width\u00bb text_align=\u00bbleft\u00bb css_animation=\u00bb\u00bb][vc_column_inner width=\u00bb1\/2&#8243;][vc_gallery type=\u00bbflexslider_slide\u00bb interval=\u00bb0&#8243; images=\u00bb2107,2111,2115,2119&#8243; img_size=\u00bbfull\u00bb direction_nav=\u00bbyes\u00bb control_nav=\u00bbyes\u00bb][\/vc_column_inner][vc_column_inner width=\u00bb1\/2&#8243;][vc_separator type=\u00bbnormal\u00bb color=\u00bb#000000&#8243; thickness=\u00bb1&#8243; up=\u00bb0&#8243; down=\u00bb25&#8243;][vc_column_text]Alojamiento acogedor, en la primera planta de Mas El Carrer.[\/vc_column_text][vc_empty_space height=\u00bb50&#8243;][vc_column_text]<\/p>\n<p style=\"text-align: left; font-family: 'Kalam', sans-serif; font-size: 23px; color: #966931; font-weight: 400; line-height: 1;\">Caracter\u00edsticas:<\/p>\n<p>&nbsp;<\/p>\n<ul>\n<li style=\"list-style-type: none;\">\n<ul>\n<li style=\"list-style-type: none;\">\n<ul>\n<li>Alojamiento en la primera planta (hay escaleras).<\/li>\n<li>Comedor con mesa, sof\u00e1, televisi\u00f3n y chimenea.<\/li>\n<li>Cocina completamente equipada.<\/li>\n<li>Ba\u00f1o con ba\u00f1era.<\/li>\n<li><strong>Habitaci\u00f3n 1:<\/strong> cama doble.<\/li>\n<li><strong>Habitaci\u00f3n 2:<\/strong> dos camas individuales.<\/li>\n<\/ul>\n<\/li>\n<\/ul>\n<\/li>\n<\/ul>\n<p>[\/vc_column_text][vc_separator type=\u00bbnormal\u00bb color=\u00bb#000000&#8243; thickness=\u00bb1&#8243; up=\u00bb25&#8243; down=\u00bb25&#8243;]<a  itemprop=\"url\" href=\"\/es\/reservas\/\" target=\"_self\"  class=\"qbutton  default\" style=\"\">RESERVA AHORA<\/a>[\/vc_column_inner][\/vc_row_inner][\/vc_column][\/vc_row][vc_row css_animation=\u00bb\u00bb row_type=\u00bbrow\u00bb use_row_as_full_screen_section=\u00bbno\u00bb type=\u00bbfull_width\u00bb angled_section=\u00bbno\u00bb text_align=\u00bbleft\u00bb background_image_as_pattern=\u00bbwithout_pattern\u00bb][vc_column][vc_separator type=\u00bbnormal\u00bb color=\u00bb#000000&#8243; thickness=\u00bb1&#8243; up=\u00bb0&#8243; down=\u00bb0&#8243;][\/vc_column][\/vc_row][vc_row css_animation=\u00bb\u00bb row_type=\u00bbrow\u00bb use_row_as_full_screen_section=\u00bbno\u00bb type=\u00bbgrid\u00bb angled_section=\u00bbno\u00bb text_align=\u00bbleft\u00bb background_image_as_pattern=\u00bbwithout_pattern\u00bb padding_top=\u00bb50&#8243; padding_bottom=\u00bb50&#8243; z_index=\u00bb\u00bb anchor=\u00bbblau\u00bb][vc_column][vc_column_text]<\/p>\n<h2 style=\"text-align: left;\">Blau<\/h2>\n<p>[\/vc_column_text][vc_empty_space height=\u00bb10&#8243;][vc_column_text]<\/p>\n<p style=\"text-align: left;\"><strong>ALOJAMIENTO DE 2 HABITACIONES<\/strong><br \/>\n<strong>4-5 PERSONAS<\/strong><\/p>\n<p>[\/vc_column_text][vc_empty_space height=\u00bb25&#8243;][vc_row_inner row_type=\u00bbrow\u00bb type=\u00bbfull_width\u00bb text_align=\u00bbleft\u00bb css_animation=\u00bb\u00bb][vc_column_inner width=\u00bb1\/2&#8243;][vc_gallery type=\u00bbflexslider_slide\u00bb interval=\u00bb0&#8243; images=\u00bb1035,1031,1039,1043,1047,1051,1055,1714&#8243; img_size=\u00bbfull\u00bb direction_nav=\u00bbyes\u00bb control_nav=\u00bbyes\u00bb][\/vc_column_inner][vc_column_inner width=\u00bb1\/2&#8243;][vc_separator type=\u00bbnormal\u00bb color=\u00bb#000000&#8243; thickness=\u00bb1&#8243; up=\u00bb0&#8243; down=\u00bb25&#8243;][vc_column_text]Ideal para ir en familia o con los amigos. En la segunda planta de Mas El Carrer con vistas al jard\u00edn y la piscina.[\/vc_column_text][vc_empty_space height=\u00bb50&#8243;][vc_column_text]<\/p>\n<p style=\"text-align: left; font-family: 'Kalam', sans-serif; font-size: 23px; color: #966931; font-weight: 400; line-height: 1;\">Caracter\u00edsticas:<\/p>\n<p>&nbsp;<\/p>\n<ul>\n<li style=\"list-style-type: none;\">\n<ul>\n<li style=\"list-style-type: none;\">\n<ul>\n<li>Alojamiento en la segunda planta (hay escaleras).<\/li>\n<li>Comedor con mesa, sof\u00e1, televisi\u00f3n y chimenea.<\/li>\n<li>Cocina completamente equipada.<\/li>\n<li>Ba\u00f1o con ba\u00f1era.<\/li>\n<li><strong>Habitaci\u00f3n 1:<\/strong> cama doble.<\/li>\n<li><strong>Habitaci\u00f3n 2:<\/strong> dos camas individuales.<\/li>\n<\/ul>\n<\/li>\n<\/ul>\n<\/li>\n<\/ul>\n<p>[\/vc_column_text][vc_separator type=\u00bbnormal\u00bb color=\u00bb#000000&#8243; thickness=\u00bb1&#8243; up=\u00bb25&#8243; down=\u00bb25&#8243;]<a  itemprop=\"url\" href=\"\/es\/reservas\/\" target=\"_self\"  class=\"qbutton  default\" style=\"\">RESERVA AHORA<\/a>[\/vc_column_inner][\/vc_row_inner][\/vc_column][\/vc_row][vc_row css_animation=\u00bb\u00bb row_type=\u00bbrow\u00bb use_row_as_full_screen_section=\u00bbno\u00bb type=\u00bbfull_width\u00bb angled_section=\u00bbno\u00bb text_align=\u00bbleft\u00bb background_image_as_pattern=\u00bbwithout_pattern\u00bb][vc_column][vc_separator type=\u00bbnormal\u00bb color=\u00bb#000000&#8243; thickness=\u00bb1&#8243; up=\u00bb0&#8243; down=\u00bb0&#8243;][\/vc_column][\/vc_row][vc_row css_animation=\u00bb\u00bb row_type=\u00bbrow\u00bb use_row_as_full_screen_section=\u00bbno\u00bb type=\u00bbgrid\u00bb angled_section=\u00bbno\u00bb text_align=\u00bbleft\u00bb background_image_as_pattern=\u00bbwithout_pattern\u00bb padding_top=\u00bb50&#8243; padding_bottom=\u00bb50&#8243; z_index=\u00bb\u00bb anchor=\u00bbblanc\u00bb css=\u00bb.vc_custom_1697474929184{background-color: #f9f9f9 !important;}\u00bb][vc_column][vc_column_text]<\/p>\n<h2 style=\"text-align: left;\">Blanc<\/h2>\n<p>[\/vc_column_text][vc_empty_space height=\u00bb10&#8243;][vc_column_text]<\/p>\n<p style=\"text-align: left;\"><strong>ALOJAMIENTO DE 2 HABITACIONES<\/strong><br \/>\n<strong>4 PERSONAS<\/strong><\/p>\n<p>[\/vc_column_text][vc_empty_space height=\u00bb25&#8243;][vc_row_inner row_type=\u00bbrow\u00bb type=\u00bbfull_width\u00bb text_align=\u00bbleft\u00bb css_animation=\u00bb\u00bb][vc_column_inner width=\u00bb1\/2&#8243;][vc_gallery type=\u00bbflexslider_slide\u00bb interval=\u00bb0&#8243; images=\u00bb1066,1070,1074,1078,1082,1086&#8243; img_size=\u00bbfull\u00bb direction_nav=\u00bbyes\u00bb control_nav=\u00bbyes\u00bb][\/vc_column_inner][vc_column_inner width=\u00bb1\/2&#8243;][vc_separator type=\u00bbnormal\u00bb color=\u00bb#000000&#8243; thickness=\u00bb1&#8243; up=\u00bb0&#8243; down=\u00bb25&#8243;][vc_column_text]Alojamiento acogedor, en la segunda planta de Mas El Carrer.[\/vc_column_text][vc_empty_space height=\u00bb50&#8243;][vc_column_text]<\/p>\n<p style=\"text-align: left; font-family: 'Kalam', sans-serif; font-size: 23px; color: #966931; font-weight: 400; line-height: 1;\">Caracter\u00edsticas:<\/p>\n<p>&nbsp;<\/p>\n<ul>\n<li style=\"list-style-type: none;\">\n<ul>\n<li style=\"list-style-type: none;\">\n<ul>\n<li>Alojamiento en la segunda planta (hay escaleras).<\/li>\n<li>Comedor con mesa, sof\u00e1, televisi\u00f3n y chimenea.<\/li>\n<li>Cocina completamente equipada.<\/li>\n<li>Ba\u00f1o con ba\u00f1era.<\/li>\n<li><strong>Habitaci\u00f3n 1:<\/strong> cama doble.<\/li>\n<li><strong>Habitaci\u00f3n 2:<\/strong> dos camas individuales.<\/li>\n<\/ul>\n<\/li>\n<\/ul>\n<\/li>\n<\/ul>\n<p>[\/vc_column_text][vc_separator type=\u00bbnormal\u00bb color=\u00bb#000000&#8243; thickness=\u00bb1&#8243; up=\u00bb25&#8243; down=\u00bb25&#8243;]<a  itemprop=\"url\" href=\"\/es\/reservas\/\" target=\"_self\"  class=\"qbutton  default\" style=\"\">RESERVA AHORA<\/a>[\/vc_column_inner][\/vc_row_inner][\/vc_column][\/vc_row][vc_row css_animation=\u00bb\u00bb row_type=\u00bbrow\u00bb use_row_as_full_screen_section=\u00bbno\u00bb type=\u00bbfull_width\u00bb angled_section=\u00bbno\u00bb text_align=\u00bbleft\u00bb background_image_as_pattern=\u00bbwithout_pattern\u00bb z_index=\u00bb\u00bb anchor=\u00bbsala\u00bb][vc_column][vc_separator type=\u00bbnormal\u00bb color=\u00bb#000000&#8243; thickness=\u00bb1&#8243; up=\u00bb0&#8243; down=\u00bb0&#8243;][\/vc_column][\/vc_row][vc_row css_animation=\u00bb\u00bb row_type=\u00bbrow\u00bb use_row_as_full_screen_section=\u00bbno\u00bb type=\u00bbgrid\u00bb angled_section=\u00bbno\u00bb text_align=\u00bbleft\u00bb background_image_as_pattern=\u00bbwithout_pattern\u00bb padding_top=\u00bb50&#8243; padding_bottom=\u00bb50&#8243; z_index=\u00bb\u00bb anchor=\u00bbsala\u00bb][vc_column][vc_column_text]<\/p>\n<h2 style=\"text-align: left;\">Sala<\/h2>\n<p>[\/vc_column_text][vc_empty_space height=\u00bb10&#8243;][vc_column_text]<\/p>\n<p style=\"text-align: left;\"><b>PARA ALQUILAR CONJUNTAMENTE<br \/>\nCON LOS APARTAMENTOS<\/b><\/p>\n<p>[\/vc_column_text][vc_empty_space height=\u00bb25&#8243;][vc_row_inner row_type=\u00bbrow\u00bb type=\u00bbfull_width\u00bb text_align=\u00bbleft\u00bb css_animation=\u00bb\u00bb][vc_column_inner width=\u00bb1\/2&#8243;][vc_gallery type=\u00bbflexslider_slide\u00bb interval=\u00bb0&#8243; images=\u00bb2045,2049,2053,2057,2061,2065,2069,2073,2077&#8243; img_size=\u00bbfull\u00bb direction_nav=\u00bbyes\u00bb control_nav=\u00bbyes\u00bb][\/vc_column_inner][vc_column_inner width=\u00bb1\/2&#8243;][vc_separator type=\u00bbnormal\u00bb color=\u00bb#000000&#8243; thickness=\u00bb1&#8243; up=\u00bb0&#8243; down=\u00bb25&#8243;][vc_column_text]Ideal para grupos que alquilan varios apartamentos y quieren un lugar para encontrarse y hacer vida.[\/vc_column_text][vc_empty_space height=\u00bb50&#8243;][vc_column_text]<\/p>\n<p style=\"text-align: left; font-family: 'Kalam', sans-serif; font-size: 23px; color: #966931; font-weight: 400; line-height: 1;\">Caracter\u00edsticas:<\/p>\n<p>&nbsp;<\/p>\n<ul>\n<li style=\"list-style-type: none;\">\n<ul>\n<li style=\"list-style-type: none;\">\n<ul>\n<li>Estufa de le\u00f1a.<\/li>\n<li>Mesas.<\/li>\n<li>Sillas\/bancos.<\/li>\n<li>Barra.<\/li>\n<li>Lavavajillas.<\/li>\n<li>Refrigerador.<\/li>\n<li>Pica.<\/li>\n<li>Platos, vasos y cubiertos.<\/li>\n<li>Ba\u00f1o privado.<\/li>\n<\/ul>\n<\/li>\n<\/ul>\n<\/li>\n<\/ul>\n<p>[\/vc_column_text][vc_separator type=\u00bbnormal\u00bb color=\u00bb#000000&#8243; thickness=\u00bb1&#8243; up=\u00bb25&#8243; down=\u00bb25&#8243;]<a  itemprop=\"url\" href=\"\/es\/contacto\/\" target=\"_self\"  class=\"qbutton  default\" style=\"\">CONSULTA LOS PRECIOS<\/a>[\/vc_column_inner][\/vc_row_inner][\/vc_column][\/vc_row][vc_row css_animation=\u00bb\u00bb row_type=\u00bbrow\u00bb use_row_as_full_screen_section=\u00bbno\u00bb type=\u00bbfull_width\u00bb angled_section=\u00bbno\u00bb text_align=\u00bbleft\u00bb background_image_as_pattern=\u00bbwithout_pattern\u00bb z_index=\u00bb\u00bb][vc_column][vc_separator type=\u00bbnormal\u00bb color=\u00bb#000000&#8243; thickness=\u00bb1&#8243; up=\u00bb0&#8243; down=\u00bb0&#8243;][\/vc_column][\/vc_row][vc_row css_animation=\u00bb\u00bb row_type=\u00bbrow\u00bb use_row_as_full_screen_section=\u00bbno\u00bb type=\u00bbgrid\u00bb angled_section=\u00bbno\u00bb text_align=\u00bbleft\u00bb background_image_as_pattern=\u00bbwithout_pattern\u00bb padding_top=\u00bb75&#8243; padding_bottom=\u00bb0&#8243; z_index=\u00bb\u00bb][vc_column offset=\u00bbvc_col-md-5&#8243; css=\u00bb.vc_custom_1697111553899{padding-right: 10% !important;}\u00bb][vc_column_text]<\/p>\n<p style=\"text-align: left; font-family: 'Kalam', sans-serif; font-size: 23px; color: #966931; font-weight: 400; line-height: 1;\">Caracter\u00edsticas comunes<\/p>\n<p>[\/vc_column_text][vc_empty_space height=\u00bb12px\u00bb][vc_column_text]<\/p>\n<h2>Alojamientos completamente equipados<\/h2>\n<p>[\/vc_column_text][vc_empty_space height=\u00bb33px\u00bb][vc_column_text]En cada alojamiento de Mas El Carrer encontrar\u00e1s todo lo necesario para hacer que tu estancia sea muy agradable: <strong>sala-comedor con chimenea<\/strong>, <strong>calefacci\u00f3n<\/strong>, <strong>TV de pantalla plana<\/strong> y <strong>cocina equipada<\/strong>. La mas\u00eda dispone de <strong>piscina<\/strong>, <strong>barbacoas exteriores<\/strong>, <strong>parquing<\/strong> y <strong>Wi-Fi gratuito<\/strong> (IMPORTANTE: la wifi nos llega v\u00eda sat\u00e9lite y se reparte entre todos los clientes de los apartamentos. No siempre podemos garantizar una conexi\u00f3n estable), as\u00ed como una amplia zona de juegos para peque\u00f1os y grandes. \u00a1Te ofrecemos la <strong>le\u00f1a gratis<\/strong>! Comprometidos con nuestro entorno, la finca de Mas El Carrer est\u00e1 adherida a diferentes proyectos de mantenimiento de bosques y recuperaci\u00f3n de pastos. Como resultado de estas tareas, extraemos la le\u00f1a que puedes utilizar en las barbacoas y en las chimeneas.[\/vc_column_text][vc_empty_space height=\u00bb33px\u00bb]<a  itemprop=\"url\" href=\"\/es\/reservas\/\" target=\"_self\"  class=\"qbutton  default\" style=\"\">RESERVA AHORA<\/a>[vc_empty_space height=\u00bb30px\u00bb][\/vc_column][vc_column offset=\u00bbvc_col-md-7&#8243;][vc_row_inner row_type=\u00bbrow\u00bb type=\u00bbfull_width\u00bb text_align=\u00bbcenter\u00bb css_animation=\u00bb\u00bb padding_bottom=\u00bb25&#8243;][vc_column_inner width=\u00bb1\/4&#8243; offset=\u00bbvc_col-md-3 vc_col-xs-6&#8243;][vc_single_image image=\u00bb919&#8243; img_size=\u00bbfull\u00bb alignment=\u00bbcenter\u00bb qode_css_animation=\u00bb\u00bb][vc_empty_space height=\u00bb47px\u00bb][vc_column_text]<\/p>\n<h3>Chimenea<\/h3>\n<p>[\/vc_column_text][vc_empty_space height=\u00bb19px\u00bb][vc_column_text]Chimenea o estufa de le\u00f1a en cada alojamiento.[\/vc_column_text][vc_empty_space height=\u00bb30px\u00bb][\/vc_column_inner][vc_column_inner width=\u00bb1\/4&#8243; offset=\u00bbvc_col-md-3 vc_col-xs-6&#8243;][vc_single_image image=\u00bb928&#8243; img_size=\u00bbfull\u00bb alignment=\u00bbcenter\u00bb qode_css_animation=\u00bb\u00bb][vc_empty_space height=\u00bb47px\u00bb][vc_column_text]<\/p>\n<h3>Calefacci\u00f3n<\/h3>\n<p>[\/vc_column_text][vc_empty_space height=\u00bb19px\u00bb][vc_column_text]Calefacci\u00f3n de alojamientos para disfrutar todo el a\u00f1o.[\/vc_column_text][vc_empty_space height=\u00bb30px\u00bb][\/vc_column_inner][vc_column_inner width=\u00bb1\/4&#8243; offset=\u00bbvc_col-md-3 vc_col-xs-6&#8243;][vc_single_image image=\u00bb932&#8243; img_size=\u00bbfull\u00bb alignment=\u00bbcenter\u00bb qode_css_animation=\u00bb\u00bb][vc_empty_space height=\u00bb47px\u00bb][vc_column_text]<\/p>\n<h3>Cocina<\/h3>\n<p>[\/vc_column_text][vc_empty_space height=\u00bb19px\u00bb][vc_column_text]Cocina equipada con todo lo necesario para la estancia.[\/vc_column_text][vc_empty_space height=\u00bb30px\u00bb][\/vc_column_inner][vc_column_inner width=\u00bb1\/4&#8243; offset=\u00bbvc_col-md-3 vc_col-xs-6&#8243;][vc_single_image image=\u00bb952&#8243; img_size=\u00bbfull\u00bb alignment=\u00bbcenter\u00bb qode_css_animation=\u00bb\u00bb][vc_empty_space height=\u00bb47px\u00bb][vc_column_text]<\/p>\n<h3>WI-FI<\/h3>\n<p>[\/vc_column_text][vc_empty_space height=\u00bb19px\u00bb][vc_column_text]WI-FI gratuita pero con ancho de banda limitada.[\/vc_column_text][vc_empty_space height=\u00bb30px\u00bb][\/vc_column_inner][\/vc_row_inner][vc_row_inner row_type=\u00bbrow\u00bb type=\u00bbfull_width\u00bb text_align=\u00bbcenter\u00bb css_animation=\u00bb\u00bb padding_bottom=\u00bb25&#8243;][vc_column_inner width=\u00bb1\/4&#8243; offset=\u00bbvc_col-md-3 vc_col-xs-6&#8243;][vc_single_image image=\u00bb948&#8243; img_size=\u00bbfull\u00bb alignment=\u00bbcenter\u00bb qode_css_animation=\u00bb\u00bb][vc_empty_space height=\u00bb47px\u00bb][vc_column_text]<\/p>\n<h3>Ropa<\/h3>\n<p>[\/vc_column_text][vc_empty_space height=\u00bb19px\u00bb][vc_column_text]S\u00e1banas y toallas incluidas en todos los alojamientos.[\/vc_column_text][vc_empty_space height=\u00bb30px\u00bb][\/vc_column_inner][vc_column_inner width=\u00bb1\/4&#8243; offset=\u00bbvc_col-md-3 vc_col-xs-6&#8243;][vc_single_image image=\u00bb940&#8243; img_size=\u00bbfull\u00bb alignment=\u00bbcenter\u00bb qode_css_animation=\u00bb\u00bb][vc_empty_space height=\u00bb47px\u00bb][vc_column_text]<\/p>\n<h3>Mascotas<\/h3>\n<p>[\/vc_column_text][vc_empty_space height=\u00bb19px\u00bb][vc_column_text]Se permiten un m\u00e1ximo de 2 mascotas por alojamiento.[\/vc_column_text][vc_empty_space height=\u00bb30px\u00bb][\/vc_column_inner][vc_column_inner width=\u00bb1\/4&#8243; offset=\u00bbvc_col-md-3 vc_col-xs-6&#8243;][vc_single_image image=\u00bb924&#8243; img_size=\u00bbfull\u00bb alignment=\u00bbcenter\u00bb qode_css_animation=\u00bb\u00bb][vc_empty_space height=\u00bb47px\u00bb][vc_column_text]<\/p>\n<h3>Cafetera<\/h3>\n<p>[\/vc_column_text][vc_empty_space height=\u00bb19px\u00bb][vc_column_text]Puede elegir seg\u00fan el gusto: Nespresso o italiana.[\/vc_column_text][vc_empty_space height=\u00bb30px\u00bb][\/vc_column_inner][vc_column_inner width=\u00bb1\/4&#8243; offset=\u00bbvc_col-md-3 vc_col-xs-6&#8243;][vc_single_image image=\u00bb936&#8243; img_size=\u00bbfull\u00bb alignment=\u00bbcenter\u00bb qode_css_animation=\u00bb\u00bb][vc_empty_space height=\u00bb47px\u00bb][vc_column_text]<\/p>\n<h3>Le\u00f1a<\/h3>\n<p>[\/vc_column_text][vc_empty_space height=\u00bb19px\u00bb][vc_column_text]De nuestros bosques gratuita para barbacoas y chimeneas.[\/vc_column_text][vc_empty_space height=\u00bb30px\u00bb][\/vc_column_inner][\/vc_row_inner][vc_row_inner row_type=\u00bbrow\u00bb type=\u00bbfull_width\u00bb text_align=\u00bbcenter\u00bb css_animation=\u00bb\u00bb padding_bottom=\u00bb25&#8243;][vc_column_inner width=\u00bb1\/4&#8243; offset=\u00bbvc_col-md-3 vc_col-xs-6&#8243;][vc_single_image image=\u00bb1252&#8243; img_size=\u00bbfull\u00bb alignment=\u00bbcenter\u00bb qode_css_animation=\u00bb\u00bb][vc_empty_space height=\u00bb47px\u00bb][vc_column_text]<\/p>\n<h3>Piscina<\/h3>\n<p>[\/vc_column_text][vc_empty_space height=\u00bb19px\u00bb][vc_column_text]Piscina compartida con todos los alojamientos.[\/vc_column_text][vc_empty_space height=\u00bb30px\u00bb][\/vc_column_inner][vc_column_inner width=\u00bb1\/4&#8243; offset=\u00bbvc_col-md-3 vc_col-xs-6&#8243;][vc_single_image image=\u00bb944&#8243; img_size=\u00bbfull\u00bb alignment=\u00bbcenter\u00bb qode_css_animation=\u00bb\u00bb][vc_empty_space height=\u00bb47px\u00bb][vc_column_text]<\/p>\n<h3>Lavadora<\/h3>\n<p>[\/vc_column_text][vc_empty_space height=\u00bb19px\u00bb][vc_column_text]Lavadora comunitaria disponible en la zona com\u00fan.[\/vc_column_text][vc_empty_space height=\u00bb30px\u00bb][\/vc_column_inner][vc_column_inner width=\u00bb1\/4&#8243; offset=\u00bbvc_col-md-3 vc_col-xs-6&#8243;][vc_single_image image=\u00bb1260&#8243; img_size=\u00bbfull\u00bb alignment=\u00bbcenter\u00bb qode_css_animation=\u00bb\u00bb][vc_empty_space height=\u00bb47px\u00bb][vc_column_text]<\/p>\n<h3>Zona juegos<\/h3>\n<p>[\/vc_column_text][vc_empty_space height=\u00bb19px\u00bb][vc_column_text]Zona de juegos infantil compartida en el jard\u00edn.[\/vc_column_text][vc_empty_space height=\u00bb30px\u00bb][\/vc_column_inner][vc_column_inner width=\u00bb1\/4&#8243; offset=\u00bbvc_col-md-3 vc_col-xs-6&#8243;][vc_single_image image=\u00bb1256&#8243; img_size=\u00bbfull\u00bb alignment=\u00bbcenter\u00bb qode_css_animation=\u00bb\u00bb][vc_empty_space height=\u00bb47px\u00bb][vc_column_text]<\/p>\n<h3>Barbacoas<\/h3>\n<p>[\/vc_column_text][vc_empty_space height=\u00bb19px\u00bb][vc_column_text]2 barbacoas compartidas con todos los alojamientos.[\/vc_column_text][vc_empty_space height=\u00bb30px\u00bb][\/vc_column_inner][\/vc_row_inner][\/vc_column][\/vc_row][vc_row css_animation=\u00bb\u00bb row_type=\u00bbrow\u00bb use_row_as_full_screen_section=\u00bbno\u00bb type=\u00bbfull_width\u00bb angled_section=\u00bbno\u00bb text_align=\u00bbleft\u00bb background_image_as_pattern=\u00bbwithout_pattern\u00bb][vc_column][vc_separator type=\u00bbnormal\u00bb color=\u00bb#000000&#8243; thickness=\u00bb1&#8243; up=\u00bb0&#8243; down=\u00bb0&#8243;][\/vc_column][\/vc_row][vc_row css_animation=\u00bb\u00bb row_type=\u00bbrow\u00bb use_row_as_full_screen_section=\u00bbno\u00bb type=\u00bbgrid\u00bb angled_section=\u00bbno\u00bb text_align=\u00bbleft\u00bb background_image_as_pattern=\u00bbwithout_pattern\u00bb z_index=\u00bb\u00bb el_class=\u00bbposicio\u00bb padding_top=\u00bb50&#8243;][vc_column][vc_column_text]<\/p>\n<h2 style=\"text-align: center;\">Reserva ahora tu estancia en Mas El Carrer<\/h2>\n<p>[\/vc_column_text][vc_empty_space height=\u00bb50px\u00bb][vc_raw_html]JTNDc2NyaXB0JTIwdHlwZSUzRCUyMnRleHQlMkZqYXZhc2NyaXB0JTIyJTIwc3JjJTNEJTIyaHR0cHMlM0ElMkYlMkZib29rb25saW5lLnBybyUyRndpZGdldHMlMkZzZWFyY2glMkZkaXN0JTJGaW5kZXguanMlMjIlMjBkZWZlciUzRSUzQyUyRnNjcmlwdCUzRSUwQSUyMCUyMCUyMCUyMCUzQ2RpdiUyMGRhdGEtYWNjb21tb2RhdGlvbnMtZmlsdGVyJTNEJTIybm9uZSUyMiUyMGRhdGEtdGFyZ2V0JTNEJTIyX2JsYW5rJTIyJTIwY2xhc3MlM0QlMjJhdmFpYm9vay1zZWFyY2gtd2lkZ2V0JTIyJTIwZGF0YS13aWRnZXQtaWQlM0QlMjIzMjIwMSUyMiUyMGRhdGEtd2lkZ2V0LXRva2VuJTNEJTIyOFlrc3JFc2djQndoWTNsUWVjZDMlMkJ3JTNEJTNEJTIyJTIwZGF0YS1iYWNrZ3JvdW5kLWNvbG9yJTNEJTIyJTIzRkZGRkZGJTIyJTIwZGF0YS1tYWluLWNvbG9yJTNEJTIyJTIzOTY2OTMxJTIyJTIwZGF0YS1ib3JkZXItcmFkaXVzJTNEJTIyMHB4JTIyJTIwZGF0YS1zaGFkb3clM0QlMjIwJTIwMnB4JTIwMTBweCUyMHJnYiUyODAlMjAwJTIwMCUyMCUyRiUyMDE2JTI1JTI5JTIyJTIwZGF0YS1wYWRkaW5nJTNEJTIyMXJlbSUyMiUyMGRhdGEtbGFuZ3VhZ2UlM0QlMjJlcyUyMiUzRSUzQyUyRmRpdiUzRQ==[\/vc_raw_html][vc_empty_space height=\u00bb25px\u00bb][\/vc_column][\/vc_row][vc_row css_animation=\u00bb\u00bb row_type=\u00bbrow\u00bb use_row_as_full_screen_section=\u00bbno\u00bb type=\u00bbfull_width\u00bb angled_section=\u00bbno\u00bb text_align=\u00bbleft\u00bb background_image_as_pattern=\u00bbwithout_pattern\u00bb][vc_column][vc_single_image image=\u00bb903&#8243; img_size=\u00bbfull\u00bb qode_css_animation=\u00bb\u00bb][\/vc_column][\/vc_row]<\/p>\n<\/div>","protected":false},"excerpt":{"rendered":"<p>[vc_row css_animation=\u00bb\u00bb row_type=\u00bbrow\u00bb use_row_as_full_screen_section=\u00bbno\u00bb type=\u00bbfull_width\u00bb angled_section=\u00bbno\u00bb text_align=\u00bbleft\u00bb background_image_as_pattern=\u00bbwithout_pattern\u00bb z_index=\u00bb\u00bb][vc_column][vc_single_image image=\u00bb502&#8243; img_size=\u00bbfull\u00bb alignment=\u00bbcenter\u00bb qode_css_animation=\u00bb\u00bb][\/vc_column][\/vc_row][vc_row css_animation=\u00bb\u00bb row_type=\u00bbrow\u00bb use_row_as_full_screen_section=\u00bbno\u00bb type=\u00bbgrid\u00bb angled_section=\u00bbno\u00bb text_align=\u00bbleft\u00bb background_image_as_pattern=\u00bbwithout_pattern\u00bb z_index=\u00bb\u00bb padding_top=\u00bb30&#8243;][vc_column][vc_column_text] Inicio &gt;&gt; Mas El Carrer [\/vc_column_text][\/vc_column][\/vc_row][vc_row css_animation=\u00bb\u00bb row_type=\u00bbrow\u00bb use_row_as_full_screen_section=\u00bbno\u00bb type=\u00bbgrid\u00bb angled_section=\u00bbno\u00bb text_align=\u00bbleft\u00bb background_image_as_pattern=\u00bbwithout_pattern\u00bb padding_top=\u00bb50&#8243; padding_bottom=\u00bb50&#8243; z_index=\u00bb\u00bb anchor=\u00bbinici\u00bb][vc_column width=\u00bb1\/3&#8243;][vc_column_text] La tranquilidad que buscas en&hellip; <a class=\"continue\" href=\"https:\/\/www.maselcarrer.com\/es\/casa-de-turismo-rural-mas-el-carrer\/\">CONTINUAR >><span> Mas El Carrer<\/span><\/a><\/p>\n","protected":false},"author":1,"featured_media":0,"parent":0,"menu_order":0,"comment_status":"closed","ping_status":"closed","template":"full_width.php","meta":{"_joinchat":[],"footnotes":""},"class_list":["post-1486","page","type-page","status-publish","hentry"],"_links":{"self":[{"href":"https:\/\/www.maselcarrer.com\/es\/wp-json\/wp\/v2\/pages\/1486","targetHints":{"allow":["GET"]}}],"collection":[{"href":"https:\/\/www.maselcarrer.com\/es\/wp-json\/wp\/v2\/pages"}],"about":[{"href":"https:\/\/www.maselcarrer.com\/es\/wp-json\/wp\/v2\/types\/page"}],"author":[{"embeddable":true,"href":"https:\/\/www.maselcarrer.com\/es\/wp-json\/wp\/v2\/users\/1"}],"replies":[{"embeddable":true,"href":"https:\/\/www.maselcarrer.com\/es\/wp-json\/wp\/v2\/comments?post=1486"}],"version-history":[{"count":22,"href":"https:\/\/www.maselcarrer.com\/es\/wp-json\/wp\/v2\/pages\/1486\/revisions"}],"predecessor-version":[{"id":2151,"href":"https:\/\/www.maselcarrer.com\/es\/wp-json\/wp\/v2\/pages\/1486\/revisions\/2151"}],"wp:attachment":[{"href":"https:\/\/www.maselcarrer.com\/es\/wp-json\/wp\/v2\/media?parent=1486"}],"curies":[{"name":"wp","href":"https:\/\/api.w.org\/{rel}","templated":true}]}}